{"id":524,"date":"2024-07-30T11:52:52","date_gmt":"2024-07-30T11:52:52","guid":{"rendered":"https:\/\/catedravargasllosa.org\/inicio\/?page_id=524"},"modified":"2025-11-03T11:31:20","modified_gmt":"2025-11-03T11:31:20","slug":"premio-de-relato-historico","status":"publish","type":"page","link":"https:\/\/catedravargasllosa.org\/inicio\/index.php\/todos-los-premios\/premio-de-relato-historico\/","title":{"rendered":"Premio de Relato Hist\u00f3rico \u00abEmilia Pardo Baz\u00e1n\u00bb"},"content":{"rendered":"\t\t<div data-elementor-type=\"wp-page\" data-elementor-id=\"524\" class=\"elementor elementor-524\" data-elementor-post-type=\"page\">\n\t\t\t\t<div class=\"elementor-element elementor-element-2a78634 e-flex e-con-boxed e-con e-parent\" data-id=\"2a78634\" data-element_type=\"container\">\n\t\t\t\t\t<div class=\"e-con-inner\">\n\t\t<div class=\"elementor-element elementor-element-79e1fa9 e-con-full e-flex e-con e-child\" data-id=\"79e1fa9\" data-element_type=\"container\">\n\t\t\t\t<div class=\"elementor-element elementor-element-c1e7472 animated-slow elementor-invisible elementor-widget elementor-widget-heading\" data-id=\"c1e7472\" data-element_type=\"widget\" data-settings=\"{&quot;_animation&quot;:&quot;fadeIn&quot;,&quot;_animation_delay&quot;:200}\" data-widget_type=\"heading.default\">\n\t\t\t\t\t<h1 class=\"elementor-heading-title elementor-size-default\">Premio de <span style=\"color:#628EAA;\">Relato Hist\u00f3rico<\/span> \u00abEmilia Pardo Baz\u00e1n\u00bb<\/h1>\t\t\t\t<\/div>\n\t\t<div class=\"elementor-element elementor-element-98a6664 e-flex e-con-boxed e-con e-child\" data-id=\"98a6664\" data-element_type=\"container\">\n\t\t\t\t\t<div class=\"e-con-inner\">\n\t\t\t\t<div class=\"elementor-element elementor-element-76c67a6 animated-slow elementor-invisible elementor-widget elementor-widget-text-editor\" data-id=\"76c67a6\" data-element_type=\"widget\" data-settings=\"{&quot;_animation&quot;:&quot;fadeIn&quot;}\" data-widget_type=\"text-editor.default\">\n\t\t\t\t\t\t\t\t\t<p class=\"cvGsUA direction-ltr align-justify para-style-body\"><span class=\"a_GcMg font-feature-liga-off font-feature-clig-off font-feature-calt-off text-decoration-none text-strikethrough-none\"><strong><em>Madera de cedro<\/em><\/strong>, de la escritora espa\u00f1ola <strong>Beatriz Olivenza<\/strong>, fue <strong>elegido por unanimidad como el relato ganador del III Premio de Relato Hist\u00f3rico \u00abEmilia Pardo Baz\u00e1n\u00bb<\/strong>, convocado por la Real Asociaci\u00f3n de Hidalgos de Espa\u00f1a y la C\u00e1tedra Vargas Llosa. El jurado destac\u00f3 que la obra \u201chumaniza una \u00e9poca y dignifica la figura de una artista que tall\u00f3 su lugar en la historia, sin caer en la cr\u00f3nica ni en lo erudito\u201d. Ambientado en el reinado de Carlos II, el relato combina una profunda carga emotiva con gran fuerza literaria. <strong>Elegido entre m\u00e1s de 800 textos de m\u00e1s de 20 pa\u00edses, el premio concede a la autora 10.000 euros y una figura de Emilia Pardo Baz\u00e1n<\/strong>, similar a la del monumento ubicado en los jardines de M\u00e9ndez N\u00fa\u00f1ez, en La Coru\u00f1a.<\/span><\/p><p class=\"cvGsUA direction-ltr align-justify para-style-body\">\u00a0<\/p><p class=\"cvGsUA direction-ltr align-justify para-style-body\"><span class=\"a_GcMg font-feature-liga-off font-feature-clig-off font-feature-calt-off text-decoration-none text-strikethrough-none\">El alto n\u00famero y la calidad de las obras presentadas confirman el \u00e9xito del certamen, consolidando su papel como espacio de est\u00edmulo y difusi\u00f3n de la creaci\u00f3n literaria. El jurado, integrado por destacadas figuras del \u00e1mbito acad\u00e9mico y literario \u2014Evangelina Soltero, Laura Mart\u00ednez-Belli, Carmen McEvoy, Mario Jaramillo y Ra\u00fal Tola\u2014, reafirma con su participaci\u00f3n el compromiso de las instituciones organizadoras por promover la literatura y el pensamiento en los \u00e1mbitos culturales y sociales. La ceremonia de entrega tendr\u00e1 lugar en noviembre, en un acto especial organizado por la Real Asociaci\u00f3n de Hidalgos de Espa\u00f1a y la C\u00e1tedra Vargas Llosa.<\/span><\/p>\t\t\t\t\t\t\t\t<\/div>\n\t\t\t\t\t<\/div>\n\t\t\t\t<\/div>\n\t\t\t\t<\/div>\n\t\t<div class=\"elementor-element elementor-element-8da3a84 e-con-full e-flex e-con e-child\" data-id=\"8da3a84\" data-element_type=\"container\">\n\t\t\t\t<div class=\"elementor-element elementor-element-5de8cd4 animated-slow elementor-invisible elementor-widget elementor-widget-image\" data-id=\"5de8cd4\" data-element_type=\"widget\" data-settings=\"{&quot;_animation&quot;:&quot;fadeIn&quot;,&quot;_animation_delay&quot;:200}\" data-widget_type=\"image.default\">\n\t\t\t\t\t\t\t\t\t\t\t\t\t\t\t<img fetchpriority=\"high\" decoding=\"async\" width=\"912\" height=\"654\" src=\"https:\/\/catedravargasllosa.org\/inicio\/wp-content\/uploads\/2024\/07\/hero-novela-inedita.webp\" class=\"attachment-full size-full wp-image-526\" alt=\"hero-novela-inedita\" srcset=\"https:\/\/catedravargasllosa.org\/inicio\/wp-content\/uploads\/2024\/07\/hero-novela-inedita.webp 912w, https:\/\/catedravargasllosa.org\/inicio\/wp-content\/uploads\/2024\/07\/hero-novela-inedita-300x215.webp 300w, https:\/\/catedravargasllosa.org\/inicio\/wp-content\/uploads\/2024\/07\/hero-novela-inedita-768x551.webp 768w\" sizes=\"(max-width: 912px) 100vw, 912px\" \/>\t\t\t\t\t\t\t\t\t\t\t\t\t\t\t<\/div>\n\t\t\t\t<\/div>\n\t\t\t\t\t<\/div>\n\t\t\t\t<\/div>\n\t\t<div class=\"elementor-element elementor-element-f062f9c e-flex e-con-boxed e-con e-parent\" data-id=\"f062f9c\" data-element_type=\"container\" data-settings=\"{&quot;background_background&quot;:&quot;classic&quot;}\">\n\t\t\t\t\t<div class=\"e-con-inner\">\n\t\t<div class=\"elementor-element elementor-element-cb42c99 e-flex e-con-boxed elementor-invisible e-con e-child\" data-id=\"cb42c99\" data-element_type=\"container\" data-settings=\"{&quot;animation&quot;:&quot;fadeIn&quot;}\">\n\t\t\t\t\t<div class=\"e-con-inner\">\n\t\t\t\t<div class=\"elementor-element elementor-element-6c5540a elementor-view-default elementor-widget elementor-widget-icon\" data-id=\"6c5540a\" data-element_type=\"widget\" data-widget_type=\"icon.default\">\n\t\t\t\t\t\t\t<div class=\"elementor-icon-wrapper\">\n\t\t\t<div class=\"elementor-icon\">\n\t\t\t<svg aria-hidden=\"true\" class=\"e-font-icon-svg e-far-circle\" viewBox=\"0 0 512 512\" xmlns=\"http:\/\/www.w3.org\/2000\/svg\"><path d=\"M256 8C119 8 8 119 8 256s111 248 248 248 248-111 248-248S393 8 256 8zm0 448c-110.5 0-200-89.5-200-200S145.5 56 256 56s200 89.5 200 200-89.5 200-200 200z\"><\/path><\/svg>\t\t\t<\/div>\n\t\t<\/div>\n\t\t\t\t\t\t<\/div>\n\t\t\t\t<div class=\"elementor-element elementor-element-8f46185 elementor-widget elementor-widget-heading\" data-id=\"8f46185\" data-element_type=\"widget\" data-widget_type=\"heading.default\">\n\t\t\t\t\t<h2 class=\"elementor-heading-title elementor-size-default\">CONVOCATORIA CERRADA<\/h2>\t\t\t\t<\/div>\n\t\t\t\t\t<\/div>\n\t\t\t\t<\/div>\n\t\t\t\t<div class=\"elementor-element elementor-element-9fd510f elementor-invisible elementor-widget elementor-widget-heading\" data-id=\"9fd510f\" data-element_type=\"widget\" data-settings=\"{&quot;_animation&quot;:&quot;fadeIn&quot;}\" data-widget_type=\"heading.default\">\n\t\t\t\t\t<h3 class=\"elementor-heading-title elementor-size-default\"> <span style=\"color:#628EAA;\">Bases e informaci\u00f3n<\/span> sobre el premio<\/h3>\t\t\t\t<\/div>\n\t\t<div class=\"elementor-element elementor-element-3fa3285 e-grid e-con-boxed e-con e-child\" data-id=\"3fa3285\" data-element_type=\"container\">\n\t\t\t\t\t<div class=\"e-con-inner\">\n\t\t<div class=\"elementor-element elementor-element-9041786 e-flex e-con-boxed e-con e-child\" data-id=\"9041786\" data-element_type=\"container\">\n\t\t\t\t\t<div class=\"e-con-inner\">\n\t\t\t\t<div class=\"elementor-element elementor-element-8ae36a4 elementor-widget elementor-widget-n-accordion\" data-id=\"8ae36a4\" data-element_type=\"widget\" data-settings=\"{&quot;default_state&quot;:&quot;all_collapsed&quot;,&quot;n_accordion_animation_duration&quot;:{&quot;unit&quot;:&quot;ms&quot;,&quot;size&quot;:100,&quot;sizes&quot;:[]},&quot;max_items_expended&quot;:&quot;one&quot;}\" data-widget_type=\"nested-accordion.default\">\n\t\t\t\t\t\t\t<div class=\"e-n-accordion\" aria-label=\"Accordion. Open links with Enter or Space, close with Escape, and navigate with Arrow Keys\">\n\t\t\t\t\t\t<details id=\"e-n-accordion-item-1450\" class=\"e-n-accordion-item\" >\n\t\t\t\t<summary class=\"e-n-accordion-item-title\" data-accordion-index=\"1\" tabindex=\"0\" aria-expanded=\"false\" aria-controls=\"e-n-accordion-item-1450\" >\n\t\t\t\t\t<span class='e-n-accordion-item-title-header'><div class=\"e-n-accordion-item-title-text\"> BASES DEL PREMIO <\/div><\/span>\n\t\t\t\t\t\t\t<span class='e-n-accordion-item-title-icon'>\n\t\t\t<span class='e-opened' ><svg aria-hidden=\"true\" class=\"e-font-icon-svg e-fas-minus\" viewBox=\"0 0 448 512\" xmlns=\"http:\/\/www.w3.org\/2000\/svg\"><path d=\"M416 208H32c-17.67 0-32 14.33-32 32v32c0 17.67 14.33 32 32 32h384c17.67 0 32-14.33 32-32v-32c0-17.67-14.33-32-32-32z\"><\/path><\/svg><\/span>\n\t\t\t<span class='e-closed'><svg aria-hidden=\"true\" class=\"e-font-icon-svg e-fas-plus\" viewBox=\"0 0 448 512\" xmlns=\"http:\/\/www.w3.org\/2000\/svg\"><path d=\"M416 208H272V64c0-17.67-14.33-32-32-32h-32c-17.67 0-32 14.33-32 32v144H32c-17.67 0-32 14.33-32 32v32c0 17.67 14.33 32 32 32h144v144c0 17.67 14.33 32 32 32h32c17.67 0 32-14.33 32-32V304h144c17.67 0 32-14.33 32-32v-32c0-17.67-14.33-32-32-32z\"><\/path><\/svg><\/span>\n\t\t<\/span>\n\n\t\t\t\t\t\t<\/summary>\n\t\t\t\t<div role=\"region\" aria-labelledby=\"e-n-accordion-item-1450\" class=\"elementor-element elementor-element-80be993 e-con-full e-flex e-con e-child\" data-id=\"80be993\" data-element_type=\"container\">\n\t\t\t\t<div class=\"elementor-element elementor-element-5afe12a elementor-invisible elementor-widget elementor-widget-text-editor\" data-id=\"5afe12a\" data-element_type=\"widget\" data-settings=\"{&quot;_animation&quot;:&quot;fadeIn&quot;}\" data-widget_type=\"text-editor.default\">\n\t\t\t\t\t\t\t\t\t<p class=\"p1\"><strong>1.<\/strong><\/p><p class=\"p1\">La Real Asociacio\u0301n de Hidalgos de Espan\u0303a y La Ca\u0301tedra Vargas Llosa lanzan la convocatoria para el III Premio de Relato Histo\u0301rico \u00abEmilia Pardo Baza\u0301n\u00bb.<\/p><p class=\"p1\"><strong>2.<\/strong><\/p><p class=\"p1\">La tema\u0301tica del III Premio de Relato Histo\u0301rico \u00abEmilia Pardo Baz\u00e1n\u00bb es libre, pero debera\u0301 ajustarse a un contexto histo\u0301rico que forme parte relevante de su trama y sea presentado del modo ma\u0301s veros\u00edmil posible. El premio sera\u0301 otorgado a la mejor obra recibida.<\/p><p class=\"p1\"><strong>3.<\/strong><\/p><p class=\"p1\">Podra\u0301n participar del III Premio de Relato Histo\u0301rico \u00abEmilia Pardo Baza\u0301n\u00bb escritores de cualquier origen, con el nu\u0301mero de obras que estimen conveniente.<\/p><p class=\"p1\"><strong>4.<\/strong><\/p><p class=\"p1\">Los relatos enviados debera\u0301n ser originales ine\u0301ditos, no publicados (ni en forma f\u00edsica ni digital) y escritos en castellano. La convocatoria esta\u0301 abierta a los relatos histo\u0301ricos en prosa, quedando excluidos los trabajos eminentemente acade\u0301micos y las obras de ensayo, cr\u00edtica, la novela gr\u00e1fica, el co\u0301mic, la poes\u00eda y la dramaturgia.<\/p><p class=\"p1\"><strong>5.<\/strong><\/p><p class=\"p1\">Los trabajos tendra\u0301n una extensio\u0301n ma\u0301xima de 15 folios A4, escritos a doble espacio, a una sola cara, con interlineado doble y un taman\u0303o m\u00ednimo de fuente de 12 puntos. Se debera\u0301n adjuntar los archivos PDF con los textos de los relatos presentados al Premio y otro archivo PDF con los datos personales del autor\/a (nombre, nacionalidad, tele\u0301fono de contacto, correo electro\u0301nico y direccio\u0301n postal).<\/p><p class=\"p1\"><strong>6.<\/strong><\/p><p class=\"p1\">El plazo de recepci\u00f3n de los relatos concluye el 31 de mayo de 2025.<\/p><p class=\"p1\"><strong>7.<\/strong><\/p><p class=\"p1\">El III Premio de Relato Histo\u0301rico \u00abEmilia Pardo Baza\u0301n\u00bb esta\u0301 dotado con 10.000 euros, a los que se aplicara\u0301 la retencio\u0301n del IRPF seg\u00fan la normativa vigente. Sera\u0301 entregado personalmente a su autor en un acto que celebrara\u0301 la Real Asociacio\u0301n de Hidalgos de Espan\u0303a.<\/p><p class=\"p1\"><strong>8.<\/strong><\/p><p class=\"p1\">El ganador se compromete a participar de la ceremonia de premiacio\u0301n de manera presencial o virtual, as\u00ed como a intervenir en las conferencias, dia\u0301logos y entrevistas en torno a su obra premiada. Asimismo, autoriza la publicacio\u0301n del relato ganador en los medios f\u00edsicos y digitales que se estime para su amplia difusio\u0301n.<\/p><p class=\"p1\"><strong>9.<\/strong><\/p><p class=\"p1\">El Comite\u0301 Organizador de este Concurso y su Jurado no mantendra\u0301n comunicacio\u0301n alguna con los participantes respecto a las obras en concurso.<\/p><p class=\"p1\"><strong>10.<\/strong><\/p><p class=\"p1\">No podra\u0301n participar en este Concurso personas pertenecientes a las directivas de la Real Asociacio\u0301n de Hidalgos de Espan\u0303a, de la Ca\u0301tedra Vargas Llosa ni familiares directos de las mismas, como tampoco los miembros del jurado y sus familiares.<\/p><p class=\"p1\"><strong>11.<\/strong><\/p><p class=\"p1\">De conformidad con lo establecido en la Ley Orga\u0301nica 15\/1999 de Proteccio\u0301n de Datos de Cara\u0301cter Personal, los participantes quedan informados y manifiestan su consentimiento expreso e inequ\u00edvoco para la incorporacio\u0301n a los ficheros responsabilidad de la Fundacio\u0301n Internacional de la Libertad y la Real Asociacio\u0301n de Hidalgos de Espan\u0303a de los datos personales facilitados, as\u00ed como para, en el caso de ser premiados, su publicacio\u0301n, incluida su imagen, en las p\u00e1ginas web de las instituciones convocantes y en todos los medios y formatos que estas estimen oportuno para la difusio\u0301n del Premio.<\/p><p class=\"p1\"><strong>12.<\/strong><\/p><p class=\"p1\">Para cualquier duda, discrepancia, reclamacio\u0301n o cuestio\u0301n que pueda suscitarse sobre la interpretacio\u0301n y ejecucio\u0301n de las presentes bases, las partes renuncian al fuero propio que pudiera corresponderles y se someten expresamente a la jurisdiccio\u0301n de los Juzgados y Tribunales de Madrid Capital, Espan\u0303a.<\/p><p class=\"p1\"><strong>13.<\/strong><\/p><p class=\"p1\">La participacio\u0301n en el concurso y la obtencio\u0301n definitiva del premio implican la aceptacio\u0301n de todas y cada una de las bases de esta convocatoria, entendiendo que el incumplimiento deja fuera de concurso a la obra presentada.<\/p>\t\t\t\t\t\t\t\t<\/div>\n\t\t\t\t<\/div>\n\t\t\t\t\t<\/details>\n\t\t\t\t\t\t<details id=\"e-n-accordion-item-1451\" class=\"e-n-accordion-item\" >\n\t\t\t\t<summary class=\"e-n-accordion-item-title\" data-accordion-index=\"2\" tabindex=\"-1\" aria-expanded=\"false\" aria-controls=\"e-n-accordion-item-1451\" >\n\t\t\t\t\t<span class='e-n-accordion-item-title-header'><div class=\"e-n-accordion-item-title-text\"> PREMIO <\/div><\/span>\n\t\t\t\t\t\t\t<span class='e-n-accordion-item-title-icon'>\n\t\t\t<span class='e-opened' ><svg aria-hidden=\"true\" class=\"e-font-icon-svg e-fas-minus\" viewBox=\"0 0 448 512\" xmlns=\"http:\/\/www.w3.org\/2000\/svg\"><path d=\"M416 208H32c-17.67 0-32 14.33-32 32v32c0 17.67 14.33 32 32 32h384c17.67 0 32-14.33 32-32v-32c0-17.67-14.33-32-32-32z\"><\/path><\/svg><\/span>\n\t\t\t<span class='e-closed'><svg aria-hidden=\"true\" class=\"e-font-icon-svg e-fas-plus\" viewBox=\"0 0 448 512\" xmlns=\"http:\/\/www.w3.org\/2000\/svg\"><path d=\"M416 208H272V64c0-17.67-14.33-32-32-32h-32c-17.67 0-32 14.33-32 32v144H32c-17.67 0-32 14.33-32 32v32c0 17.67 14.33 32 32 32h144v144c0 17.67 14.33 32 32 32h32c17.67 0 32-14.33 32-32V304h144c17.67 0 32-14.33 32-32v-32c0-17.67-14.33-32-32-32z\"><\/path><\/svg><\/span>\n\t\t<\/span>\n\n\t\t\t\t\t\t<\/summary>\n\t\t\t\t<div role=\"region\" aria-labelledby=\"e-n-accordion-item-1451\" class=\"elementor-element elementor-element-89eaaea e-con-full e-flex e-con e-child\" data-id=\"89eaaea\" data-element_type=\"container\">\n\t\t\t\t<div class=\"elementor-element elementor-element-298b53e elementor-invisible elementor-widget elementor-widget-text-editor\" data-id=\"298b53e\" data-element_type=\"widget\" data-settings=\"{&quot;_animation&quot;:&quot;fadeIn&quot;}\" data-widget_type=\"text-editor.default\">\n\t\t\t\t\t\t\t\t\t<p>El III Premio de Relato Hist\u00f3rico \u00abEmilia Pardo Baz\u00e1n\u00bb est\u00e1 dotado con 10.000 euros, a los que se aplicar\u00e1 la retenci\u00f3n del IRPF seg\u00fan la normativa vigente. La entrega se realizar\u00e1 personalmente al autor en un acto que celebrar\u00e1 la Real Asociaci\u00f3n de Hidalgos de Espa\u00f1a.<\/p>\t\t\t\t\t\t\t\t<\/div>\n\t\t\t\t<\/div>\n\t\t\t\t\t<\/details>\n\t\t\t\t\t\t<details id=\"e-n-accordion-item-1452\" class=\"e-n-accordion-item\" >\n\t\t\t\t<summary class=\"e-n-accordion-item-title\" data-accordion-index=\"3\" tabindex=\"-1\" aria-expanded=\"false\" aria-controls=\"e-n-accordion-item-1452\" >\n\t\t\t\t\t<span class='e-n-accordion-item-title-header'><div class=\"e-n-accordion-item-title-text\"> SOBRE LA REAL ASOCIACI\u00d3N DE HIDALGOS DE ESPA\u00d1A <\/div><\/span>\n\t\t\t\t\t\t\t<span class='e-n-accordion-item-title-icon'>\n\t\t\t<span class='e-opened' ><svg aria-hidden=\"true\" class=\"e-font-icon-svg e-fas-minus\" viewBox=\"0 0 448 512\" xmlns=\"http:\/\/www.w3.org\/2000\/svg\"><path d=\"M416 208H32c-17.67 0-32 14.33-32 32v32c0 17.67 14.33 32 32 32h384c17.67 0 32-14.33 32-32v-32c0-17.67-14.33-32-32-32z\"><\/path><\/svg><\/span>\n\t\t\t<span class='e-closed'><svg aria-hidden=\"true\" class=\"e-font-icon-svg e-fas-plus\" viewBox=\"0 0 448 512\" xmlns=\"http:\/\/www.w3.org\/2000\/svg\"><path d=\"M416 208H272V64c0-17.67-14.33-32-32-32h-32c-17.67 0-32 14.33-32 32v144H32c-17.67 0-32 14.33-32 32v32c0 17.67 14.33 32 32 32h144v144c0 17.67 14.33 32 32 32h32c17.67 0 32-14.33 32-32V304h144c17.67 0 32-14.33 32-32v-32c0-17.67-14.33-32-32-32z\"><\/path><\/svg><\/span>\n\t\t<\/span>\n\n\t\t\t\t\t\t<\/summary>\n\t\t\t\t<div role=\"region\" aria-labelledby=\"e-n-accordion-item-1452\" class=\"elementor-element elementor-element-13cb752 e-con-full e-flex e-con e-child\" data-id=\"13cb752\" data-element_type=\"container\">\n\t\t\t\t<div class=\"elementor-element elementor-element-f4e6899 elementor-invisible elementor-widget elementor-widget-text-editor\" data-id=\"f4e6899\" data-element_type=\"widget\" data-settings=\"{&quot;_animation&quot;:&quot;fadeIn&quot;}\" data-widget_type=\"text-editor.default\">\n\t\t\t\t\t\t\t\t\t<p class=\"p1\">La Real Asociaci\u00f3n de Hidalgos de Espa\u00f1a (<strong><a href=\"https:\/\/www.hidalgosdeespana.es\/\"><span class=\"s1\">http:\/\/www.hidalgosespa\u00f1a.org<\/span><\/a><\/strong>) es una asociaci\u00f3n espa\u00f1ola apol\u00edtica y sin \u00e1nimo de lucro que agrupa a los nobles de Espa\u00f1a en una unidad nobiliaria de car\u00e1cter nacional.<\/p>\t\t\t\t\t\t\t\t<\/div>\n\t\t\t\t<\/div>\n\t\t\t\t\t<\/details>\n\t\t\t\t\t<\/div>\n\t\t\t\t\t\t<\/div>\n\t\t\t\t\t<\/div>\n\t\t\t\t<\/div>\n\t\t<div class=\"elementor-element elementor-element-941d06e e-flex e-con-boxed e-con e-child\" data-id=\"941d06e\" data-element_type=\"container\">\n\t\t\t\t\t<div class=\"e-con-inner\">\n\t\t\t\t<div class=\"elementor-element elementor-element-21ed2c8 elementor-widget elementor-widget-n-accordion\" data-id=\"21ed2c8\" data-element_type=\"widget\" data-settings=\"{&quot;default_state&quot;:&quot;all_collapsed&quot;,&quot;n_accordion_animation_duration&quot;:{&quot;unit&quot;:&quot;ms&quot;,&quot;size&quot;:100,&quot;sizes&quot;:[]},&quot;max_items_expended&quot;:&quot;one&quot;}\" data-widget_type=\"nested-accordion.default\">\n\t\t\t\t\t\t\t<div class=\"e-n-accordion\" aria-label=\"Accordion. Open links with Enter or Space, close with Escape, and navigate with Arrow Keys\">\n\t\t\t\t\t\t<details id=\"e-n-accordion-item-3550\" class=\"e-n-accordion-item\" >\n\t\t\t\t<summary class=\"e-n-accordion-item-title\" data-accordion-index=\"1\" tabindex=\"0\" aria-expanded=\"false\" aria-controls=\"e-n-accordion-item-3550\" >\n\t\t\t\t\t<span class='e-n-accordion-item-title-header'><div class=\"e-n-accordion-item-title-text\"> INSCRIPCIONES CERRADAS <\/div><\/span>\n\t\t\t\t\t\t\t<span class='e-n-accordion-item-title-icon'>\n\t\t\t<span class='e-opened' ><svg aria-hidden=\"true\" class=\"e-font-icon-svg e-fas-minus\" viewBox=\"0 0 448 512\" xmlns=\"http:\/\/www.w3.org\/2000\/svg\"><path d=\"M416 208H32c-17.67 0-32 14.33-32 32v32c0 17.67 14.33 32 32 32h384c17.67 0 32-14.33 32-32v-32c0-17.67-14.33-32-32-32z\"><\/path><\/svg><\/span>\n\t\t\t<span class='e-closed'><svg aria-hidden=\"true\" class=\"e-font-icon-svg e-fas-plus\" viewBox=\"0 0 448 512\" xmlns=\"http:\/\/www.w3.org\/2000\/svg\"><path d=\"M416 208H272V64c0-17.67-14.33-32-32-32h-32c-17.67 0-32 14.33-32 32v144H32c-17.67 0-32 14.33-32 32v32c0 17.67 14.33 32 32 32h144v144c0 17.67 14.33 32 32 32h32c17.67 0 32-14.33 32-32V304h144c17.67 0 32-14.33 32-32v-32c0-17.67-14.33-32-32-32z\"><\/path><\/svg><\/span>\n\t\t<\/span>\n\n\t\t\t\t\t\t<\/summary>\n\t\t\t\t<div role=\"region\" aria-labelledby=\"e-n-accordion-item-3550\" class=\"elementor-element elementor-element-98f0ea5 e-con-full e-flex e-con e-child\" data-id=\"98f0ea5\" data-element_type=\"container\">\n\t\t\t\t<div class=\"elementor-element elementor-element-889ad26 elementor-invisible elementor-widget elementor-widget-text-editor\" data-id=\"889ad26\" data-element_type=\"widget\" data-settings=\"{&quot;_animation&quot;:&quot;fadeIn&quot;}\" data-widget_type=\"text-editor.default\">\n\t\t\t\t\t\t\t\t\t<p>Actualmente la convocatoria se encuentra cerrada.<\/p>\t\t\t\t\t\t\t\t<\/div>\n\t\t\t\t<\/div>\n\t\t\t\t\t<\/details>\n\t\t\t\t\t\t<details id=\"e-n-accordion-item-3551\" class=\"e-n-accordion-item\" >\n\t\t\t\t<summary class=\"e-n-accordion-item-title\" data-accordion-index=\"2\" tabindex=\"-1\" aria-expanded=\"false\" aria-controls=\"e-n-accordion-item-3551\" >\n\t\t\t\t\t<span class='e-n-accordion-item-title-header'><div class=\"e-n-accordion-item-title-text\"> HISTORIA DEL PREMIO <\/div><\/span>\n\t\t\t\t\t\t\t<span class='e-n-accordion-item-title-icon'>\n\t\t\t<span class='e-opened' ><svg aria-hidden=\"true\" class=\"e-font-icon-svg e-fas-minus\" viewBox=\"0 0 448 512\" xmlns=\"http:\/\/www.w3.org\/2000\/svg\"><path d=\"M416 208H32c-17.67 0-32 14.33-32 32v32c0 17.67 14.33 32 32 32h384c17.67 0 32-14.33 32-32v-32c0-17.67-14.33-32-32-32z\"><\/path><\/svg><\/span>\n\t\t\t<span class='e-closed'><svg aria-hidden=\"true\" class=\"e-font-icon-svg e-fas-plus\" viewBox=\"0 0 448 512\" xmlns=\"http:\/\/www.w3.org\/2000\/svg\"><path d=\"M416 208H272V64c0-17.67-14.33-32-32-32h-32c-17.67 0-32 14.33-32 32v144H32c-17.67 0-32 14.33-32 32v32c0 17.67 14.33 32 32 32h144v144c0 17.67 14.33 32 32 32h32c17.67 0 32-14.33 32-32V304h144c17.67 0 32-14.33 32-32v-32c0-17.67-14.33-32-32-32z\"><\/path><\/svg><\/span>\n\t\t<\/span>\n\n\t\t\t\t\t\t<\/summary>\n\t\t\t\t<div role=\"region\" aria-labelledby=\"e-n-accordion-item-3551\" class=\"elementor-element elementor-element-898c733 e-con-full e-flex e-con e-child\" data-id=\"898c733\" data-element_type=\"container\">\n\t\t\t\t<div class=\"elementor-element elementor-element-77fb5ae elementor-invisible elementor-widget elementor-widget-text-editor\" data-id=\"77fb5ae\" data-element_type=\"widget\" data-settings=\"{&quot;_animation&quot;:&quot;fadeIn&quot;}\" data-widget_type=\"text-editor.default\">\n\t\t\t\t\t\t\t\t\t<p>La C\u00e1tedra Vargas Llosa organiza el Premio de Relato Hist\u00f3rico \u00abEmilia Pardo Baz\u00e1n\u00bb junto con la Real Asociaci\u00f3n de Hidalgos de Espa\u00f1a. El premio busca destacar los valores de la Real Asociaci\u00f3n de Hidalgos: honor, patriotismo, generosidad, honradez, templanza, liderazgo, valor, lealtad y vocaci\u00f3n de servicio. La convocatoria es amplia y est\u00e1 abierta a obras de relato hist\u00f3rico en el sentido m\u00e1s extenso de la palabra \u2014quedan excluidos los ensayos, las memorias y los textos cr\u00edticos\u2014, originales e in\u00e9ditos, escritos en espa\u00f1ol, que no hubieran sido premiados en ning\u00fan otro concurso y con una extensi\u00f3n m\u00e1xima de diez mil palabras.<\/p><p>El premio est\u00e1 dotado con 10.000 euros y una figura de Emilia Pardo Baz\u00e1n que se asemeja a la estatua ubicada en los jardines de M\u00e9ndez N\u00fa\u00f1ez, en A Coru\u00f1a.<\/p>\t\t\t\t\t\t\t\t<\/div>\n\t\t\t\t<\/div>\n\t\t\t\t\t<\/details>\n\t\t\t\t\t\t<details id=\"e-n-accordion-item-3552\" class=\"e-n-accordion-item\" >\n\t\t\t\t<summary class=\"e-n-accordion-item-title\" data-accordion-index=\"3\" tabindex=\"-1\" aria-expanded=\"false\" aria-controls=\"e-n-accordion-item-3552\" >\n\t\t\t\t\t<span class='e-n-accordion-item-title-header'><div class=\"e-n-accordion-item-title-text\"> SOBRE LA C\u00c1TEDRA VARGAS LLOSA <\/div><\/span>\n\t\t\t\t\t\t\t<span class='e-n-accordion-item-title-icon'>\n\t\t\t<span class='e-opened' ><svg aria-hidden=\"true\" class=\"e-font-icon-svg e-fas-minus\" viewBox=\"0 0 448 512\" xmlns=\"http:\/\/www.w3.org\/2000\/svg\"><path d=\"M416 208H32c-17.67 0-32 14.33-32 32v32c0 17.67 14.33 32 32 32h384c17.67 0 32-14.33 32-32v-32c0-17.67-14.33-32-32-32z\"><\/path><\/svg><\/span>\n\t\t\t<span class='e-closed'><svg aria-hidden=\"true\" class=\"e-font-icon-svg e-fas-plus\" viewBox=\"0 0 448 512\" xmlns=\"http:\/\/www.w3.org\/2000\/svg\"><path d=\"M416 208H272V64c0-17.67-14.33-32-32-32h-32c-17.67 0-32 14.33-32 32v144H32c-17.67 0-32 14.33-32 32v32c0 17.67 14.33 32 32 32h144v144c0 17.67 14.33 32 32 32h32c17.67 0 32-14.33 32-32V304h144c17.67 0 32-14.33 32-32v-32c0-17.67-14.33-32-32-32z\"><\/path><\/svg><\/span>\n\t\t<\/span>\n\n\t\t\t\t\t\t<\/summary>\n\t\t\t\t<div role=\"region\" aria-labelledby=\"e-n-accordion-item-3552\" class=\"elementor-element elementor-element-203b3bb e-con-full e-flex e-con e-child\" data-id=\"203b3bb\" data-element_type=\"container\">\n\t\t\t\t<div class=\"elementor-element elementor-element-b5d255c elementor-invisible elementor-widget elementor-widget-text-editor\" data-id=\"b5d255c\" data-element_type=\"widget\" data-settings=\"{&quot;_animation&quot;:&quot;fadeIn&quot;}\" data-widget_type=\"text-editor.default\">\n\t\t\t\t\t\t\t\t\t<p>La C\u00e1tedra Vargas Llosa se cre\u00f3 en 2011 con el prop\u00f3sito de fomentar el estudio de la literatura contempor\u00e1nea, potenciar el inter\u00e9s por la lectura y la escritura, apoyar la nueva creaci\u00f3n literaria iberoamericana, analizar las ideas de nuestro tiempo y desarrollar modelos de innovaci\u00f3n tecnol\u00f3gica para la educaci\u00f3n, la investigaci\u00f3n y la difusi\u00f3n cient\u00edfica y cultural, as\u00ed como para difundir la obra de Mario Vargas Llosa, Premio Nobel de Literatura en 2010.<\/p>\t\t\t\t\t\t\t\t<\/div>\n\t\t\t\t<\/div>\n\t\t\t\t\t<\/details>\n\t\t\t\t\t<\/div>\n\t\t\t\t\t\t<\/div>\n\t\t\t\t\t<\/div>\n\t\t\t\t<\/div>\n\t\t\t\t\t<\/div>\n\t\t\t\t<\/div>\n\t\t<div class=\"elementor-element elementor-element-ae89347 e-flex e-con-boxed elementor-invisible e-con e-child\" data-id=\"ae89347\" data-element_type=\"container\" data-settings=\"{&quot;animation&quot;:&quot;fadeIn&quot;}\">\n\t\t\t\t\t<div class=\"e-con-inner\">\n\t\t\t\t<div class=\"elementor-element elementor-element-0d2d082 elementor-widget elementor-widget-button\" data-id=\"0d2d082\" data-element_type=\"widget\" data-widget_type=\"button.default\">\n\t\t\t\t\t\t\t\t\t\t<a class=\"elementor-button elementor-size-sm\" role=\"button\">\n\t\t\t\t\t\t<span class=\"elementor-button-content-wrapper\">\n\t\t\t\t\t\t\t\t\t<span class=\"elementor-button-text\">CONVOCATORIA CERRADA<\/span>\n\t\t\t\t\t<\/span>\n\t\t\t\t\t<\/a>\n\t\t\t\t\t\t\t\t<\/div>\n\t\t\t\t\t<\/div>\n\t\t\t\t<\/div>\n\t\t\t\t\t<\/div>\n\t\t\t\t<\/div>\n\t\t<div class=\"elementor-element elementor-element-1b4e343 e-flex e-con-boxed e-con e-parent\" data-id=\"1b4e343\" data-element_type=\"container\" data-settings=\"{&quot;background_background&quot;:&quot;classic&quot;}\">\n\t\t\t\t\t<div class=\"e-con-inner\">\n\t\t<div class=\"elementor-element elementor-element-54240ee e-con-full e-flex e-con e-child\" data-id=\"54240ee\" data-element_type=\"container\">\n\t\t<div class=\"elementor-element elementor-element-e3021b5 animated-slow e-flex e-con-boxed elementor-invisible e-con e-child\" data-id=\"e3021b5\" data-element_type=\"container\" data-settings=\"{&quot;animation&quot;:&quot;fadeIn&quot;}\">\n\t\t\t\t\t<div class=\"e-con-inner\">\n\t\t\t\t<div class=\"elementor-element elementor-element-a1ce742 elementor-view-default elementor-widget elementor-widget-icon\" data-id=\"a1ce742\" data-element_type=\"widget\" data-widget_type=\"icon.default\">\n\t\t\t\t\t\t\t<div class=\"elementor-icon-wrapper\">\n\t\t\t<div class=\"elementor-icon\">\n\t\t\t<svg aria-hidden=\"true\" class=\"e-font-icon-svg e-far-circle\" viewBox=\"0 0 512 512\" xmlns=\"http:\/\/www.w3.org\/2000\/svg\"><path d=\"M256 8C119 8 8 119 8 256s111 248 248 248 248-111 248-248S393 8 256 8zm0 448c-110.5 0-200-89.5-200-200S145.5 56 256 56s200 89.5 200 200-89.5 200-200 200z\"><\/path><\/svg>\t\t\t<\/div>\n\t\t<\/div>\n\t\t\t\t\t\t<\/div>\n\t\t\t\t<div class=\"elementor-element elementor-element-7a3c327 elementor-widget elementor-widget-heading\" data-id=\"7a3c327\" data-element_type=\"widget\" data-widget_type=\"heading.default\">\n\t\t\t\t\t<h2 class=\"elementor-heading-title elementor-size-default\">EDICIONES PASADAS<\/h2>\t\t\t\t<\/div>\n\t\t\t\t\t<\/div>\n\t\t\t\t<\/div>\n\t\t\t\t<div class=\"elementor-element elementor-element-6841c56 animated-slow elementor-invisible elementor-widget elementor-widget-heading\" data-id=\"6841c56\" data-element_type=\"widget\" data-settings=\"{&quot;_animation&quot;:&quot;fadeIn&quot;}\" data-widget_type=\"heading.default\">\n\t\t\t\t\t<h3 class=\"elementor-heading-title elementor-size-default\">CONOCE A LAS <span style=\"color:#628EAA;\">\u00daLTIMAS EDICIONES GANADORAS<\/span><\/h3>\t\t\t\t<\/div>\n\t\t\t\t<div class=\"elementor-element elementor-element-5b0ad89 animated-slow elementor-invisible elementor-widget elementor-widget-image\" data-id=\"5b0ad89\" data-element_type=\"widget\" data-settings=\"{&quot;_animation&quot;:&quot;fadeIn&quot;}\" data-widget_type=\"image.default\">\n\t\t\t\t\t\t\t\t\t\t\t\t\t\t\t\t<a href=\"https:\/\/www.youtube.com\/watch?v=OA6U0gYSefU\" target=\"_blank\">\n\t\t\t\t\t\t\t<img decoding=\"async\" width=\"708\" height=\"504\" src=\"https:\/\/catedravargasllosa.org\/inicio\/wp-content\/uploads\/2024\/07\/autor-novela-inedita_1.webp\" class=\"attachment-full size-full wp-image-527\" alt=\"autor-novela-inedita_1\" srcset=\"https:\/\/catedravargasllosa.org\/inicio\/wp-content\/uploads\/2024\/07\/autor-novela-inedita_1.webp 708w, https:\/\/catedravargasllosa.org\/inicio\/wp-content\/uploads\/2024\/07\/autor-novela-inedita_1-300x214.webp 300w\" sizes=\"(max-width: 708px) 100vw, 708px\" \/>\t\t\t\t\t\t\t\t<\/a>\n\t\t\t\t\t\t\t\t\t\t\t\t\t\t\t<\/div>\n\t\t\t\t<\/div>\n\t\t<div class=\"elementor-element elementor-element-28640c1 e-con-full e-flex e-con e-child\" data-id=\"28640c1\" data-element_type=\"container\">\n\t\t\t\t<div class=\"elementor-element elementor-element-54bad6a animated-slow elementor-invisible elementor-widget elementor-widget-heading\" data-id=\"54bad6a\" data-element_type=\"widget\" data-settings=\"{&quot;_animation&quot;:&quot;fadeIn&quot;}\" data-widget_type=\"heading.default\">\n\t\t\t\t\t<p class=\"elementor-heading-title elementor-size-default\">II PREMIO DE RELATO HIST\u00d3RICO \u00abEMILIA PARDO BAZ\u00c1N\u00bb<\/p>\t\t\t\t<\/div>\n\t\t\t\t<div class=\"elementor-element elementor-element-29adccf animated-slow elementor-invisible elementor-widget elementor-widget-text-editor\" data-id=\"29adccf\" data-element_type=\"widget\" data-settings=\"{&quot;_animation&quot;:&quot;fadeIn&quot;}\" data-widget_type=\"text-editor.default\">\n\t\t\t\t\t\t\t\t\t<p>El escritor cubano Roberto Lastre ha sido el ganador del II Premio de Relato Hist\u00f3rico\u00a0<em>Emilia Pardo Baz\u00e1n<\/em>, convocado por la Real Asociaci\u00f3n de Hidalgos de Espa\u00f1a y la C\u00e1tedra Vargas Llosa. Por decisi\u00f3n un\u00e1nime del jurado se concedi\u00f3 el premio al relato <em>La casa amputada<\/em>.\u00a0<\/p><p><br \/>El relato premiado ser\u00e1 publicado en la revista Letras Libres, prestigiosa publicaci\u00f3n internacional dedicada a la literatura. Al conceder el premio, el jurado se\u00f1al\u00f3: \u201cEl personaje del relato vive las contradicciones del poder desde las mayores cumbres hasta los abismos m\u00e1s profundos. Crea una atm\u00f3sfera de tensi\u00f3n en torno a la intimidad de un conocido tirano, cuyas reverberaciones llegan hasta nuestro tiempo. Es la alegor\u00eda de una tragedia a\u00fan vigente en muchos pa\u00edses del mundo. Destaca en este relato la escritura y elegancia literaria frente al horror de la tiran\u00eda\u201d. El relato ganador se enmarca en el episodio hist\u00f3rico de la guerra de los gorriones, desarrollada en China a partir de 1958, cuando Mao Tse Tung embarc\u00f3 a su pa\u00eds en una guerra contra los gorriones, que, seg\u00fan el dictador, diezmaban las cosechas.\u00a0<\/p><p>El ganador, Roberto Lastre, naci\u00f3 en Camaguey, Cuba, en octubre de 1958. Exiliado en Espa\u00f1a desde 1998, es autor de las novelas\u00a0<em>El tiempo de la vida<\/em>\u00a0y\u00a0<em>Muerto vivace<\/em>,\u00a0y del poemario\u00a0<em>Vapor del vac\u00edo<\/em>. Es licenciado en Derecho por la Universidad de La Habana.<\/p><p>El jurado del premio estuvo conformado por un destacado conjunto de figuras vinculadas a la literatura: la escritora mexicana Carmen Boullosa, ganadora de varios premios, entre ellos el Anna Sehgers y el Rosal\u00eda de Castro; autora de dieciocho novelas; profesora distinguida por las universidades de Georgetown y Columbia; y profesora de CUNY en Nueva York. La escritora y acad\u00e9mica Mar\u00eda Saavedra, profesora de Historia de Am\u00e9rica de la Universidad San Pablo CEU; y autora de la novela hist\u00f3rica <em>El capit\u00e1n de la Victoria<\/em>. Letras desde la mar de Juan Sebasti\u00e1n Elcano. El escritor peruano Renato Cisneros, premio de la revista cultural Transfugue \u201ca la mejor novela hispanoamericana 2017\u201d; finalista en la II Bienal de Novela Mario Vargas Llosa y en el Premio M\u00e9dicis; sus novelas han sido traducidas a varios idiomas.\u00a0 El tambi\u00e9n escritor peruano y director de la C\u00e1tedra Vargas Llosa, Ra\u00fal Tola, autor de varias novelas, entre ellas <em>Flores amarillas<\/em> y <em>La noche sin ventanas<\/em>, adem\u00e1s de reconocido periodista; y el escritor Mario Jaramillo, miembro de la junta directiva de la Real Asociaci\u00f3n de Hidalgos de Espa\u00f1a y autor de varias novelas, cuentos y relatos; su m\u00e1s reciente obra <em>El mar de Camus<\/em>, publicada en Espa\u00f1a, ha sido traducida y publicada en Francia.\u00a0\u00a0<\/p><p><br \/>El premio se entreg\u00f3 al ganador en el mes de noviembre en un acto especial organizado por la Real Asociaci\u00f3n de Hidalgos de Espa\u00f1a y la C\u00e1tedra Vargas Llosa.<\/p>\t\t\t\t\t\t\t\t<\/div>\n\t\t\t\t<\/div>\n\t\t\t\t\t<\/div>\n\t\t\t\t<\/div>\n\t\t<div class=\"elementor-element elementor-element-d9a82ef e-flex e-con-boxed e-con e-parent\" data-id=\"d9a82ef\" data-element_type=\"container\">\n\t\t\t\t\t<div class=\"e-con-inner\">\n\t\t\t\t<div class=\"elementor-element elementor-element-5b59921 elementor-widget-divider--view-line elementor-widget elementor-widget-divider\" data-id=\"5b59921\" data-element_type=\"widget\" data-widget_type=\"divider.default\">\n\t\t\t\t\t\t\t<div class=\"elementor-divider\">\n\t\t\t<span class=\"elementor-divider-separator\">\n\t\t\t\t\t\t<\/span>\n\t\t<\/div>\n\t\t\t\t\t\t<\/div>\n\t\t\t\t\t<\/div>\n\t\t\t\t<\/div>\n\t\t<div class=\"elementor-element elementor-element-267bcb2 e-flex e-con-boxed e-con e-parent\" data-id=\"267bcb2\" data-element_type=\"container\" data-settings=\"{&quot;background_background&quot;:&quot;classic&quot;}\">\n\t\t\t\t\t<div class=\"e-con-inner\">\n\t\t<div class=\"elementor-element elementor-element-adf98f8 e-con-full e-flex e-con e-child\" data-id=\"adf98f8\" data-element_type=\"container\">\n\t\t\t\t<div class=\"elementor-element elementor-element-7d40514 animated-slow elementor-invisible elementor-widget elementor-widget-image\" data-id=\"7d40514\" data-element_type=\"widget\" data-settings=\"{&quot;_animation&quot;:&quot;fadeIn&quot;}\" data-widget_type=\"image.default\">\n\t\t\t\t\t\t\t\t\t\t\t\t\t\t\t\t<a href=\"https:\/\/www.youtube.com\/watch?v=OA6U0gYSefU\" target=\"_blank\">\n\t\t\t\t\t\t\t<img decoding=\"async\" width=\"708\" height=\"456\" src=\"https:\/\/catedravargasllosa.org\/inicio\/wp-content\/uploads\/2024\/07\/autor-novela-inedita_2.webp\" class=\"attachment-full size-full wp-image-531\" alt=\"autor-novela-inedita_2\" srcset=\"https:\/\/catedravargasllosa.org\/inicio\/wp-content\/uploads\/2024\/07\/autor-novela-inedita_2.webp 708w, https:\/\/catedravargasllosa.org\/inicio\/wp-content\/uploads\/2024\/07\/autor-novela-inedita_2-300x193.webp 300w\" sizes=\"(max-width: 708px) 100vw, 708px\" \/>\t\t\t\t\t\t\t\t<\/a>\n\t\t\t\t\t\t\t\t\t\t\t\t\t\t\t<\/div>\n\t\t\t\t<\/div>\n\t\t<div class=\"elementor-element elementor-element-261d7f2 e-con-full e-flex e-con e-child\" data-id=\"261d7f2\" data-element_type=\"container\">\n\t\t\t\t<div class=\"elementor-element elementor-element-c4c8e93 animated-slow elementor-invisible elementor-widget elementor-widget-heading\" data-id=\"c4c8e93\" data-element_type=\"widget\" data-settings=\"{&quot;_animation&quot;:&quot;fadeIn&quot;}\" data-widget_type=\"heading.default\">\n\t\t\t\t\t<p class=\"elementor-heading-title elementor-size-default\">I PREMIO DE RELATO HIST\u00d3RICO \u00abEMILIA PARDO BAZ\u00c1N\u00bb<\/p>\t\t\t\t<\/div>\n\t\t\t\t<div class=\"elementor-element elementor-element-b08578a animated-slow elementor-invisible elementor-widget elementor-widget-text-editor\" data-id=\"b08578a\" data-element_type=\"widget\" data-settings=\"{&quot;_animation&quot;:&quot;fadeIn&quot;}\" data-widget_type=\"text-editor.default\">\n\t\t\t\t\t\t\t\t\t<p>Dotado con 10.000 euros y una figura de Emilia Pardo Baz\u00e1n que se asemeja a la estatua ubicada en los jardines de M\u00e9ndez N\u00fa\u00f1ez en A Coru\u00f1a, el premio fue concedido al relato\u00a0\u00abEl batall\u00f3n\u00bb, del escritor Alfredo Conde. La historia relata los avatares de un grupo de estudiantes de la Universidad de Santiago que reclut\u00f3 batallones literarios para hacer frente a las tropas napole\u00f3nicas en 1808 y a las de Narv\u00e1ez en 1845. Es contada desde la mirada de un estudiante de medicina de 15 a\u00f1os, hijo de un cirujano forense, que form\u00f3 parte de un grupo de m\u00e1s de 2.000 alumnos compostelanos que resultaron asesinados. El jurado valor\u00f3 la contribuci\u00f3n del relato en los siguientes t\u00e9rminos: \u00abLa historia puede mostrarnos conductas ejemplares del pasado como la de este joven m\u00e9dico que se pondr\u00e1 al servicio de sus semejantes en el campo de batalla, conductas que adquieren hoy una acuciante actualidad\u00bb.<\/p>\t\t\t\t\t\t\t\t<\/div>\n\t\t\t\t<\/div>\n\t\t\t\t\t<\/div>\n\t\t\t\t<\/div>\n\t\t\t\t<\/div>\n\t\t","protected":false},"excerpt":{"rendered":"<p>Premio de Relato Hist\u00f3rico \u00abEmilia Pardo Baz\u00e1n\u00bb Madera de cedro, de la escritora espa\u00f1ola Beatriz Olivenza, fue elegido por unanimidad como el relato ganador del III Premio de Relato Hist\u00f3rico \u00abEmilia Pardo Baz\u00e1n\u00bb, convocado por la Real Asociaci\u00f3n de Hidalgos de Espa\u00f1a y la C\u00e1tedra Vargas Llosa. El jurado destac\u00f3 que la obra \u201chumaniza una [&hellip;]<\/p>\n","protected":false},"author":1,"featured_media":0,"parent":419,"menu_order":0,"comment_status":"closed","ping_status":"closed","template":"elementor_header_footer","meta":{"_acf_changed":false,"footnotes":""},"class_list":["post-524","page","type-page","status-publish","hentry"],"acf":[],"yoast_head":"<!-- This site is optimized with the Yoast SEO plugin v25.0 - https:\/\/yoast.com\/wordpress\/plugins\/seo\/ -->\n<title>Premio de Relato Hist\u00f3rico \u00abEmilia Pardo Baz\u00e1n\u00bb - C\u00e1tedra Vargas Llosa<\/title>\n<meta name=\"robots\" content=\"index, follow, max-snippet:-1, max-image-preview:large, max-video-preview:-1\" \/>\n<link rel=\"canonical\" href=\"https:\/\/catedravargasllosa.org\/inicio\/index.php\/todos-los-premios\/premio-de-relato-historico\/\" \/>\n<meta property=\"og:locale\" content=\"es_ES\" \/>\n<meta property=\"og:type\" content=\"article\" \/>\n<meta property=\"og:title\" content=\"Premio de Relato Hist\u00f3rico \u00abEmilia Pardo Baz\u00e1n\u00bb - C\u00e1tedra Vargas Llosa\" \/>\n<meta property=\"og:description\" content=\"Premio de Relato Hist\u00f3rico \u00abEmilia Pardo Baz\u00e1n\u00bb Madera de cedro, de la escritora espa\u00f1ola Beatriz Olivenza, fue elegido por unanimidad como el relato ganador del III Premio de Relato Hist\u00f3rico \u00abEmilia Pardo Baz\u00e1n\u00bb, convocado por la Real Asociaci\u00f3n de Hidalgos de Espa\u00f1a y la C\u00e1tedra Vargas Llosa. El jurado destac\u00f3 que la obra \u201chumaniza una [&hellip;]\" \/>\n<meta property=\"og:url\" content=\"https:\/\/catedravargasllosa.org\/inicio\/index.php\/todos-los-premios\/premio-de-relato-historico\/\" \/>\n<meta property=\"og:site_name\" content=\"C\u00e1tedra Vargas Llosa\" \/>\n<meta property=\"article:modified_time\" content=\"2025-11-03T11:31:20+00:00\" \/>\n<meta property=\"og:image\" content=\"https:\/\/catedravargasllosa.org\/inicio\/wp-content\/uploads\/2024\/07\/hero-novela-inedita.webp\" \/>\n\t<meta property=\"og:image:width\" content=\"912\" \/>\n\t<meta property=\"og:image:height\" content=\"654\" \/>\n\t<meta property=\"og:image:type\" content=\"image\/webp\" \/>\n<meta name=\"twitter:card\" content=\"summary_large_image\" \/>\n<meta name=\"twitter:label1\" content=\"Tiempo de lectura\" \/>\n\t<meta name=\"twitter:data1\" content=\"13 minutos\" \/>\n<script type=\"application\/ld+json\" class=\"yoast-schema-graph\">{\"@context\":\"https:\/\/schema.org\",\"@graph\":[{\"@type\":\"WebPage\",\"@id\":\"https:\/\/catedravargasllosa.org\/inicio\/index.php\/todos-los-premios\/premio-de-relato-historico\/\",\"url\":\"https:\/\/catedravargasllosa.org\/inicio\/index.php\/todos-los-premios\/premio-de-relato-historico\/\",\"name\":\"Premio de Relato Hist\u00f3rico \u00abEmilia Pardo Baz\u00e1n\u00bb - C\u00e1tedra Vargas Llosa\",\"isPartOf\":{\"@id\":\"https:\/\/catedravargasllosa.org\/inicio\/#website\"},\"primaryImageOfPage\":{\"@id\":\"https:\/\/catedravargasllosa.org\/inicio\/index.php\/todos-los-premios\/premio-de-relato-historico\/#primaryimage\"},\"image\":{\"@id\":\"https:\/\/catedravargasllosa.org\/inicio\/index.php\/todos-los-premios\/premio-de-relato-historico\/#primaryimage\"},\"thumbnailUrl\":\"https:\/\/catedravargasllosa.org\/inicio\/wp-content\/uploads\/2024\/07\/hero-novela-inedita.webp\",\"datePublished\":\"2024-07-30T11:52:52+00:00\",\"dateModified\":\"2025-11-03T11:31:20+00:00\",\"breadcrumb\":{\"@id\":\"https:\/\/catedravargasllosa.org\/inicio\/index.php\/todos-los-premios\/premio-de-relato-historico\/#breadcrumb\"},\"inLanguage\":\"es\",\"potentialAction\":[{\"@type\":\"ReadAction\",\"target\":[\"https:\/\/catedravargasllosa.org\/inicio\/index.php\/todos-los-premios\/premio-de-relato-historico\/\"]}]},{\"@type\":\"ImageObject\",\"inLanguage\":\"es\",\"@id\":\"https:\/\/catedravargasllosa.org\/inicio\/index.php\/todos-los-premios\/premio-de-relato-historico\/#primaryimage\",\"url\":\"https:\/\/catedravargasllosa.org\/inicio\/wp-content\/uploads\/2024\/07\/hero-novela-inedita.webp\",\"contentUrl\":\"https:\/\/catedravargasllosa.org\/inicio\/wp-content\/uploads\/2024\/07\/hero-novela-inedita.webp\",\"width\":912,\"height\":654,\"caption\":\"hero-novela-inedita\"},{\"@type\":\"BreadcrumbList\",\"@id\":\"https:\/\/catedravargasllosa.org\/inicio\/index.php\/todos-los-premios\/premio-de-relato-historico\/#breadcrumb\",\"itemListElement\":[{\"@type\":\"ListItem\",\"position\":1,\"name\":\"Portada\",\"item\":\"https:\/\/catedravargasllosa.org\/inicio\/\"},{\"@type\":\"ListItem\",\"position\":2,\"name\":\"Todos los premios\",\"item\":\"https:\/\/catedravargasllosa.org\/inicio\/index.php\/todos-los-premios\/\"},{\"@type\":\"ListItem\",\"position\":3,\"name\":\"Premio de Relato Hist\u00f3rico \u00abEmilia Pardo Baz\u00e1n\u00bb\"}]},{\"@type\":\"WebSite\",\"@id\":\"https:\/\/catedravargasllosa.org\/inicio\/#website\",\"url\":\"https:\/\/catedravargasllosa.org\/inicio\/\",\"name\":\"C\u00e1tedra Vargas Llosa\",\"description\":\"Nuestro prop&oacute;sito es fomentar el estudio de la literatura contempor&aacute;nea\",\"publisher\":{\"@id\":\"https:\/\/catedravargasllosa.org\/inicio\/#organization\"},\"potentialAction\":[{\"@type\":\"SearchAction\",\"target\":{\"@type\":\"EntryPoint\",\"urlTemplate\":\"https:\/\/catedravargasllosa.org\/inicio\/?s={search_term_string}\"},\"query-input\":{\"@type\":\"PropertyValueSpecification\",\"valueRequired\":true,\"valueName\":\"search_term_string\"}}],\"inLanguage\":\"es\"},{\"@type\":\"Organization\",\"@id\":\"https:\/\/catedravargasllosa.org\/inicio\/#organization\",\"name\":\"C\u00e1tedra Vargas Llosa\",\"url\":\"https:\/\/catedravargasllosa.org\/inicio\/\",\"logo\":{\"@type\":\"ImageObject\",\"inLanguage\":\"es\",\"@id\":\"https:\/\/catedravargasllosa.org\/inicio\/#\/schema\/logo\/image\/\",\"url\":\"https:\/\/catedravargasllosa.org\/inicio\/wp-content\/uploads\/2024\/05\/cropped-logo-vargas-llosa-1.png\",\"contentUrl\":\"https:\/\/catedravargasllosa.org\/inicio\/wp-content\/uploads\/2024\/05\/cropped-logo-vargas-llosa-1.png\",\"width\":350,\"height\":100,\"caption\":\"C\u00e1tedra Vargas Llosa\"},\"image\":{\"@id\":\"https:\/\/catedravargasllosa.org\/inicio\/#\/schema\/logo\/image\/\"}}]}<\/script>\n<!-- \/ Yoast SEO plugin. -->","yoast_head_json":{"title":"Premio de Relato Hist\u00f3rico \u00abEmilia Pardo Baz\u00e1n\u00bb - C\u00e1tedra Vargas Llosa","robots":{"index":"index","follow":"follow","max-snippet":"max-snippet:-1","max-image-preview":"max-image-preview:large","max-video-preview":"max-video-preview:-1"},"canonical":"https:\/\/catedravargasllosa.org\/inicio\/index.php\/todos-los-premios\/premio-de-relato-historico\/","og_locale":"es_ES","og_type":"article","og_title":"Premio de Relato Hist\u00f3rico \u00abEmilia Pardo Baz\u00e1n\u00bb - C\u00e1tedra Vargas Llosa","og_description":"Premio de Relato Hist\u00f3rico \u00abEmilia Pardo Baz\u00e1n\u00bb Madera de cedro, de la escritora espa\u00f1ola Beatriz Olivenza, fue elegido por unanimidad como el relato ganador del III Premio de Relato Hist\u00f3rico \u00abEmilia Pardo Baz\u00e1n\u00bb, convocado por la Real Asociaci\u00f3n de Hidalgos de Espa\u00f1a y la C\u00e1tedra Vargas Llosa. El jurado destac\u00f3 que la obra \u201chumaniza una [&hellip;]","og_url":"https:\/\/catedravargasllosa.org\/inicio\/index.php\/todos-los-premios\/premio-de-relato-historico\/","og_site_name":"C\u00e1tedra Vargas Llosa","article_modified_time":"2025-11-03T11:31:20+00:00","og_image":[{"width":912,"height":654,"url":"https:\/\/catedravargasllosa.org\/inicio\/wp-content\/uploads\/2024\/07\/hero-novela-inedita.webp","type":"image\/webp"}],"twitter_card":"summary_large_image","twitter_misc":{"Tiempo de lectura":"13 minutos"},"schema":{"@context":"https:\/\/schema.org","@graph":[{"@type":"WebPage","@id":"https:\/\/catedravargasllosa.org\/inicio\/index.php\/todos-los-premios\/premio-de-relato-historico\/","url":"https:\/\/catedravargasllosa.org\/inicio\/index.php\/todos-los-premios\/premio-de-relato-historico\/","name":"Premio de Relato Hist\u00f3rico \u00abEmilia Pardo Baz\u00e1n\u00bb - C\u00e1tedra Vargas Llosa","isPartOf":{"@id":"https:\/\/catedravargasllosa.org\/inicio\/#website"},"primaryImageOfPage":{"@id":"https:\/\/catedravargasllosa.org\/inicio\/index.php\/todos-los-premios\/premio-de-relato-historico\/#primaryimage"},"image":{"@id":"https:\/\/catedravargasllosa.org\/inicio\/index.php\/todos-los-premios\/premio-de-relato-historico\/#primaryimage"},"thumbnailUrl":"https:\/\/catedravargasllosa.org\/inicio\/wp-content\/uploads\/2024\/07\/hero-novela-inedita.webp","datePublished":"2024-07-30T11:52:52+00:00","dateModified":"2025-11-03T11:31:20+00:00","breadcrumb":{"@id":"https:\/\/catedravargasllosa.org\/inicio\/index.php\/todos-los-premios\/premio-de-relato-historico\/#breadcrumb"},"inLanguage":"es","potentialAction":[{"@type":"ReadAction","target":["https:\/\/catedravargasllosa.org\/inicio\/index.php\/todos-los-premios\/premio-de-relato-historico\/"]}]},{"@type":"ImageObject","inLanguage":"es","@id":"https:\/\/catedravargasllosa.org\/inicio\/index.php\/todos-los-premios\/premio-de-relato-historico\/#primaryimage","url":"https:\/\/catedravargasllosa.org\/inicio\/wp-content\/uploads\/2024\/07\/hero-novela-inedita.webp","contentUrl":"https:\/\/catedravargasllosa.org\/inicio\/wp-content\/uploads\/2024\/07\/hero-novela-inedita.webp","width":912,"height":654,"caption":"hero-novela-inedita"},{"@type":"BreadcrumbList","@id":"https:\/\/catedravargasllosa.org\/inicio\/index.php\/todos-los-premios\/premio-de-relato-historico\/#breadcrumb","itemListElement":[{"@type":"ListItem","position":1,"name":"Portada","item":"https:\/\/catedravargasllosa.org\/inicio\/"},{"@type":"ListItem","position":2,"name":"Todos los premios","item":"https:\/\/catedravargasllosa.org\/inicio\/index.php\/todos-los-premios\/"},{"@type":"ListItem","position":3,"name":"Premio de Relato Hist\u00f3rico \u00abEmilia Pardo Baz\u00e1n\u00bb"}]},{"@type":"WebSite","@id":"https:\/\/catedravargasllosa.org\/inicio\/#website","url":"https:\/\/catedravargasllosa.org\/inicio\/","name":"C\u00e1tedra Vargas Llosa","description":"Nuestro prop&oacute;sito es fomentar el estudio de la literatura contempor&aacute;nea","publisher":{"@id":"https:\/\/catedravargasllosa.org\/inicio\/#organization"},"potentialAction":[{"@type":"SearchAction","target":{"@type":"EntryPoint","urlTemplate":"https:\/\/catedravargasllosa.org\/inicio\/?s={search_term_string}"},"query-input":{"@type":"PropertyValueSpecification","valueRequired":true,"valueName":"search_term_string"}}],"inLanguage":"es"},{"@type":"Organization","@id":"https:\/\/catedravargasllosa.org\/inicio\/#organization","name":"C\u00e1tedra Vargas Llosa","url":"https:\/\/catedravargasllosa.org\/inicio\/","logo":{"@type":"ImageObject","inLanguage":"es","@id":"https:\/\/catedravargasllosa.org\/inicio\/#\/schema\/logo\/image\/","url":"https:\/\/catedravargasllosa.org\/inicio\/wp-content\/uploads\/2024\/05\/cropped-logo-vargas-llosa-1.png","contentUrl":"https:\/\/catedravargasllosa.org\/inicio\/wp-content\/uploads\/2024\/05\/cropped-logo-vargas-llosa-1.png","width":350,"height":100,"caption":"C\u00e1tedra Vargas Llosa"},"image":{"@id":"https:\/\/catedravargasllosa.org\/inicio\/#\/schema\/logo\/image\/"}}]}},"_links":{"self":[{"href":"https:\/\/catedravargasllosa.org\/inicio\/index.php\/wp-json\/wp\/v2\/pages\/524","targetHints":{"allow":["GET"]}}],"collection":[{"href":"https:\/\/catedravargasllosa.org\/inicio\/index.php\/wp-json\/wp\/v2\/pages"}],"about":[{"href":"https:\/\/catedravargasllosa.org\/inicio\/index.php\/wp-json\/wp\/v2\/types\/page"}],"author":[{"embeddable":true,"href":"https:\/\/catedravargasllosa.org\/inicio\/index.php\/wp-json\/wp\/v2\/users\/1"}],"replies":[{"embeddable":true,"href":"https:\/\/catedravargasllosa.org\/inicio\/index.php\/wp-json\/wp\/v2\/comments?post=524"}],"version-history":[{"count":81,"href":"https:\/\/catedravargasllosa.org\/inicio\/index.php\/wp-json\/wp\/v2\/pages\/524\/revisions"}],"predecessor-version":[{"id":3700,"href":"https:\/\/catedravargasllosa.org\/inicio\/index.php\/wp-json\/wp\/v2\/pages\/524\/revisions\/3700"}],"up":[{"embeddable":true,"href":"https:\/\/catedravargasllosa.org\/inicio\/index.php\/wp-json\/wp\/v2\/pages\/419"}],"wp:attachment":[{"href":"https:\/\/catedravargasllosa.org\/inicio\/index.php\/wp-json\/wp\/v2\/media?parent=524"}],"curies":[{"name":"wp","href":"https:\/\/api.w.org\/{rel}","templated":true}]}}