{"id":354,"date":"2024-08-01T08:27:01","date_gmt":"2024-08-01T08:27:01","guid":{"rendered":"https:\/\/catedravargasllosa.org\/inicio\/?page_id=354"},"modified":"2024-08-01T08:27:01","modified_gmt":"2024-08-01T08:27:01","slug":"nosotros","status":"publish","type":"page","link":"https:\/\/catedravargasllosa.org\/inicio\/index.php\/nosotros\/","title":{"rendered":"Nosotros"},"content":{"rendered":"\t\t<div data-elementor-type=\"wp-page\" data-elementor-id=\"354\" class=\"elementor elementor-354\" data-elementor-post-type=\"page\">\n\t\t\t\t<div class=\"elementor-element elementor-element-a18c87a e-flex e-con-boxed e-con e-parent\" data-id=\"a18c87a\" data-element_type=\"container\">\n\t\t\t\t\t<div class=\"e-con-inner\">\n\t\t<div class=\"elementor-element elementor-element-2c6cac4 e-con-full e-flex e-con e-child\" data-id=\"2c6cac4\" data-element_type=\"container\">\n\t\t\t\t<div class=\"elementor-element elementor-element-66d6c3d animated-slow elementor-invisible elementor-widget elementor-widget-heading\" data-id=\"66d6c3d\" data-element_type=\"widget\" data-settings=\"{&quot;_animation&quot;:&quot;fadeIn&quot;,&quot;_animation_delay&quot;:200}\" data-widget_type=\"heading.default\">\n\t\t\t\t\t<h1 class=\"elementor-heading-title elementor-size-default\">MARIO VARGAS LLOSA<\/h1>\t\t\t\t<\/div>\n\t\t<div class=\"elementor-element elementor-element-dcf1432 e-flex e-con-boxed e-con e-child\" data-id=\"dcf1432\" data-element_type=\"container\">\n\t\t\t\t\t<div class=\"e-con-inner\">\n\t\t\t\t<div class=\"elementor-element elementor-element-3f90250 animated-slow elementor-invisible elementor-widget elementor-widget-heading\" data-id=\"3f90250\" data-element_type=\"widget\" data-settings=\"{&quot;_animation&quot;:&quot;fadeIn&quot;,&quot;_animation_delay&quot;:200}\" data-widget_type=\"heading.default\">\n\t\t\t\t\t<h2 class=\"elementor-heading-title elementor-size-default\">Conoce a Mario Vargas Llosa, su contexto y su obra<\/h2>\t\t\t\t<\/div>\n\t\t\t\t<div class=\"elementor-element elementor-element-f258546 animated-slow elementor-invisible elementor-widget elementor-widget-button\" data-id=\"f258546\" data-element_type=\"widget\" data-settings=\"{&quot;_animation&quot;:&quot;fadeIn&quot;,&quot;_animation_delay&quot;:200}\" data-widget_type=\"button.default\">\n\t\t\t\t\t\t\t\t\t\t<a class=\"elementor-button elementor-button-link elementor-size-sm\" href=\"#Biografia\">\n\t\t\t\t\t\t<span class=\"elementor-button-content-wrapper\">\n\t\t\t\t\t\t\t\t\t<span class=\"elementor-button-text\">DESCUBRE M\u00c1S<\/span>\n\t\t\t\t\t<\/span>\n\t\t\t\t\t<\/a>\n\t\t\t\t\t\t\t\t<\/div>\n\t\t\t\t\t<\/div>\n\t\t\t\t<\/div>\n\t\t\t\t<\/div>\n\t\t<div class=\"elementor-element elementor-element-3cd05e6 e-con-full e-flex e-con e-child\" data-id=\"3cd05e6\" data-element_type=\"container\">\n\t\t\t\t<div class=\"elementor-element elementor-element-f806a86 animated-slow elementor-invisible elementor-widget elementor-widget-image\" data-id=\"f806a86\" data-element_type=\"widget\" data-settings=\"{&quot;_animation&quot;:&quot;fadeIn&quot;,&quot;_animation_delay&quot;:200}\" data-widget_type=\"image.default\">\n\t\t\t\t\t\t\t\t\t\t\t\t\t\t\t<img fetchpriority=\"high\" decoding=\"async\" width=\"965\" height=\"587\" src=\"https:\/\/catedravargasllosa.org\/inicio\/wp-content\/uploads\/2024\/07\/Vargasllosa-hero.webp\" class=\"attachment-full size-full wp-image-356\" alt=\"Vargas Llosa\" srcset=\"https:\/\/catedravargasllosa.org\/inicio\/wp-content\/uploads\/2024\/07\/Vargasllosa-hero.webp 965w, https:\/\/catedravargasllosa.org\/inicio\/wp-content\/uploads\/2024\/07\/Vargasllosa-hero-300x182.webp 300w, https:\/\/catedravargasllosa.org\/inicio\/wp-content\/uploads\/2024\/07\/Vargasllosa-hero-768x467.webp 768w\" sizes=\"(max-width: 965px) 100vw, 965px\" \/>\t\t\t\t\t\t\t\t\t\t\t\t\t\t\t<\/div>\n\t\t\t\t<\/div>\n\t\t\t\t\t<\/div>\n\t\t\t\t<\/div>\n\t\t<div class=\"elementor-element elementor-element-8d2585b e-flex e-con-boxed e-con e-parent\" data-id=\"8d2585b\" data-element_type=\"container\" data-settings=\"{&quot;background_background&quot;:&quot;classic&quot;}\">\n\t\t\t\t\t<div class=\"e-con-inner\">\n\t\t<div class=\"elementor-element elementor-element-749aca2 e-con-full e-flex e-con e-child\" data-id=\"749aca2\" data-element_type=\"container\">\n\t\t<div class=\"elementor-element elementor-element-214cbae animated-slow e-flex e-con-boxed elementor-invisible e-con e-child\" data-id=\"214cbae\" data-element_type=\"container\" data-settings=\"{&quot;animation&quot;:&quot;fadeIn&quot;}\">\n\t\t\t\t\t<div class=\"e-con-inner\">\n\t\t\t\t<div class=\"elementor-element elementor-element-c36bd03 elementor-view-default elementor-widget elementor-widget-icon\" data-id=\"c36bd03\" data-element_type=\"widget\" data-widget_type=\"icon.default\">\n\t\t\t\t\t\t\t<div class=\"elementor-icon-wrapper\">\n\t\t\t<div class=\"elementor-icon\">\n\t\t\t<svg aria-hidden=\"true\" class=\"e-font-icon-svg e-far-circle\" viewBox=\"0 0 512 512\" xmlns=\"http:\/\/www.w3.org\/2000\/svg\"><path d=\"M256 8C119 8 8 119 8 256s111 248 248 248 248-111 248-248S393 8 256 8zm0 448c-110.5 0-200-89.5-200-200S145.5 56 256 56s200 89.5 200 200-89.5 200-200 200z\"><\/path><\/svg>\t\t\t<\/div>\n\t\t<\/div>\n\t\t\t\t\t\t<\/div>\n\t\t\t\t<div class=\"elementor-element elementor-element-91891ce elementor-widget elementor-widget-heading\" data-id=\"91891ce\" data-element_type=\"widget\" data-widget_type=\"heading.default\">\n\t\t\t\t\t<h2 class=\"elementor-heading-title elementor-size-default\">BIOGRAF\u00cdA<\/h2>\t\t\t\t<\/div>\n\t\t\t\t\t<\/div>\n\t\t\t\t<\/div>\n\t\t\t\t<div class=\"elementor-element elementor-element-493f4e3 animated-slow elementor-invisible elementor-widget elementor-widget-heading\" data-id=\"493f4e3\" data-element_type=\"widget\" data-settings=\"{&quot;_animation&quot;:&quot;fadeIn&quot;}\" data-widget_type=\"heading.default\">\n\t\t\t\t\t<h3 class=\"elementor-heading-title elementor-size-default\">SOBRE SU <span style=\"color:#628EAA;\">TRAYECTORIA<\/span><\/h3>\t\t\t\t<\/div>\n\t\t\t\t<\/div>\n\t\t<div class=\"elementor-element elementor-element-e31606d e-con-full e-flex e-con e-child\" data-id=\"e31606d\" data-element_type=\"container\">\n\t\t\t\t<div class=\"elementor-element elementor-element-b498912 elementor-widget elementor-widget-menu-anchor\" data-id=\"b498912\" data-element_type=\"widget\" data-widget_type=\"menu-anchor.default\">\n\t\t\t\t\t\t\t<div class=\"elementor-menu-anchor\" id=\"Biografia\"><\/div>\n\t\t\t\t\t\t<\/div>\n\t\t\t\t<div class=\"elementor-element elementor-element-436d447 animated-slow elementor-invisible elementor-widget elementor-widget-text-editor\" data-id=\"436d447\" data-element_type=\"widget\" data-settings=\"{&quot;_animation&quot;:&quot;fadeIn&quot;,&quot;_animation_delay&quot;:300}\" data-widget_type=\"text-editor.default\">\n\t\t\t\t\t\t\t\t\t<p>Mario Vargas Llosa Mario Vargas Llosa naci\u00f3 en 1936 en Arequipa, Per\u00fa. Durante los primeros a\u00f1os estuvo al cuidado de sus abuelos maternos y de su madre, pues sus padres se hab\u00edan separado pocos meses antes de su nacimiento. A\u00f1os m\u00e1s tarde el matrimonio retom\u00f3 su relaci\u00f3n y toda la familia se mud\u00f3 a Lima, donde fue enviado a un colegio militar, que result\u00f3 ser, con el tiempo, el escenario de sus primeros textos.\u2028<\/p><p>Antes de cumplir los quince a\u00f1os ya hab\u00eda publicado art\u00edculos en un peri\u00f3dico local y hab\u00eda estrenado su primera obra de teatro: La huida del Inca. Estudi\u00f3 Literatura en la Universidad Nacional de San Marcos de Lima y, aunque convencido de su vocaci\u00f3n literaria, curs\u00f3 tambi\u00e9n los estudios de Derecho.\u2028\u2028En 1957, con dos libros publicados (Los jefes y El abuelo), se mud\u00f3 a Madrid y tres a\u00f1os m\u00e1s tarde, a Par\u00eds. En 1963, La ciudad y los perros, se alz\u00f3 con el premio Biblioteca Breve y, poco despu\u00e9s, gan\u00f3 el premio de la Cr\u00edtica Espa\u00f1ola. La Casa Verde (premio R\u00f3mulo Gallegos, 1965) y Conversaci\u00f3n en La Catedral, publicada en 1969, lo situaron en primera l\u00ednea del boom de la literatura latinoamericana.<br \/><br \/>En la d\u00e9cada de los 70, Vargas Llosa se dedic\u00f3 tanto al ensayo como a la s\u00e1tira (Pantale\u00f3n y las visitadoras) y a la novela (La t\u00eda Julia y el escribidor). En los a\u00f1os ochenta indaga en el mesianismo y en el ideal revolucionario del continente con un par de novelas (La guerra del fin del mundo, 1981; e Historia de Mayta, 1984). Premio Cervantes en 1984, premio Pr\u00edncipe de Asturias de las Letras en 1986, la d\u00e9cada concluy\u00f3 con su candidatura como presidente del Per\u00fa en las elecciones de 1990, en las que fue derrotado por Alberto Fujimori.\u2028\u2028<\/p><p>En 1993 public\u00f3 sus memorias, El pez en el agua, y la novela Los cuadernos de don Rigoberto. En 2000 recre\u00f3 la figura del dictador latinoamericano en La Fiesta del Chivo. Homenajeado con diversos premios y honoris causa por las m\u00e1s prestigiosas universidades del mundo (Yale, 1994; Harvard, 1999; San Marcos de Lima, 2001; Oxford, 2003; La Sorbona, 2005), en 2010 recibi\u00f3 el premio Nobel. Desde 1994 es miembro de la Real Academia Espa\u00f1ola.<\/p><p>Su obra m\u00e1s reciente consta de varios ensayos (Sables y utop\u00edas, 2009; La civilizaci\u00f3n del espect\u00e1culo, 2012; La llamada de la tribu, 2018) y las novelas Travesuras de la ni\u00f1a mala (2006) y El sue\u00f1o del celta (2011), El h\u00e9roe discreto (2013), Cinco Esquinas (2016) y Tiempos recios (2019).<\/p>\t\t\t\t\t\t\t\t<\/div>\n\t\t\t\t<\/div>\n\t\t\t\t\t<\/div>\n\t\t\t\t<\/div>\n\t\t<div class=\"elementor-element elementor-element-7a01591 e-flex e-con-boxed e-con e-parent\" data-id=\"7a01591\" data-element_type=\"container\">\n\t\t\t\t\t<div class=\"e-con-inner\">\n\t\t<div class=\"elementor-element elementor-element-111b7cb animated-slow e-flex e-con-boxed elementor-invisible e-con e-child\" data-id=\"111b7cb\" data-element_type=\"container\" data-settings=\"{&quot;animation&quot;:&quot;fadeIn&quot;}\">\n\t\t\t\t\t<div class=\"e-con-inner\">\n\t\t\t\t<div class=\"elementor-element elementor-element-4fdb424 elementor-view-default elementor-widget elementor-widget-icon\" data-id=\"4fdb424\" data-element_type=\"widget\" data-widget_type=\"icon.default\">\n\t\t\t\t\t\t\t<div class=\"elementor-icon-wrapper\">\n\t\t\t<div class=\"elementor-icon\">\n\t\t\t<svg aria-hidden=\"true\" class=\"e-font-icon-svg e-far-circle\" viewBox=\"0 0 512 512\" xmlns=\"http:\/\/www.w3.org\/2000\/svg\"><path d=\"M256 8C119 8 8 119 8 256s111 248 248 248 248-111 248-248S393 8 256 8zm0 448c-110.5 0-200-89.5-200-200S145.5 56 256 56s200 89.5 200 200-89.5 200-200 200z\"><\/path><\/svg>\t\t\t<\/div>\n\t\t<\/div>\n\t\t\t\t\t\t<\/div>\n\t\t\t\t<div class=\"elementor-element elementor-element-076198b elementor-widget elementor-widget-heading\" data-id=\"076198b\" data-element_type=\"widget\" data-widget_type=\"heading.default\">\n\t\t\t\t\t<h2 class=\"elementor-heading-title elementor-size-default\">OBRA<\/h2>\t\t\t\t<\/div>\n\t\t\t\t\t<\/div>\n\t\t\t\t<\/div>\n\t\t\t\t<div class=\"elementor-element elementor-element-f690bf7 elementor-invisible elementor-widget elementor-widget-heading\" data-id=\"f690bf7\" data-element_type=\"widget\" data-settings=\"{&quot;_animation&quot;:&quot;fadeIn&quot;}\" data-widget_type=\"heading.default\">\n\t\t\t\t\t<h3 class=\"elementor-heading-title elementor-size-default\">DESCUBRE SUS \u00daLTIMAS <span style=\"color:#628EAA;\">OBRAS<\/span><\/h3>\t\t\t\t<\/div>\n\t\t<div class=\"elementor-element elementor-element-93a4e5a e-grid e-con-boxed e-con e-child\" data-id=\"93a4e5a\" data-element_type=\"container\">\n\t\t\t\t\t<div class=\"e-con-inner\">\n\t\t<div class=\"elementor-element elementor-element-4db8f2d e-flex e-con-boxed e-con e-child\" data-id=\"4db8f2d\" data-element_type=\"container\">\n\t\t\t\t\t<div class=\"e-con-inner\">\n\t\t\t\t<div class=\"elementor-element elementor-element-3f16c3c animated-slow elementor-invisible elementor-widget elementor-widget-image\" data-id=\"3f16c3c\" data-element_type=\"widget\" data-settings=\"{&quot;_animation&quot;:&quot;fadeIn&quot;}\" data-widget_type=\"image.default\">\n\t\t\t\t\t\t\t\t\t\t\t\t\t\t\t\t<a href=\"https:\/\/youtu.be\/IJi7P8ZF5Ho\" target=\"_blank\">\n\t\t\t\t\t\t\t<img decoding=\"async\" width=\"309\" height=\"468\" src=\"https:\/\/catedravargasllosa.org\/inicio\/wp-content\/uploads\/2024\/07\/Vargasllosa-obra-1.webp\" class=\"attachment-large size-large wp-image-360\" alt=\"Vargasllosa-obra-1\" srcset=\"https:\/\/catedravargasllosa.org\/inicio\/wp-content\/uploads\/2024\/07\/Vargasllosa-obra-1.webp 309w, https:\/\/catedravargasllosa.org\/inicio\/wp-content\/uploads\/2024\/07\/Vargasllosa-obra-1-198x300.webp 198w\" sizes=\"(max-width: 309px) 100vw, 309px\" \/>\t\t\t\t\t\t\t\t<\/a>\n\t\t\t\t\t\t\t\t\t\t\t\t\t\t\t<\/div>\n\t\t<div class=\"elementor-element elementor-element-657f7e2 animated-slow e-flex e-con-boxed elementor-invisible e-con e-child\" data-id=\"657f7e2\" data-element_type=\"container\" data-settings=\"{&quot;animation&quot;:&quot;fadeIn&quot;}\">\n\t\t\t\t\t<div class=\"e-con-inner\">\n\t\t\t\t<div class=\"elementor-element elementor-element-637c68d elementor-button-info elementor-align-center elementor-widget elementor-widget-button\" data-id=\"637c68d\" data-element_type=\"widget\" data-widget_type=\"button.default\">\n\t\t\t\t\t\t\t\t\t\t<a class=\"elementor-button elementor-size-sm\" role=\"button\">\n\t\t\t\t\t\t<span class=\"elementor-button-content-wrapper\">\n\t\t\t\t\t\t\t\t\t<span class=\"elementor-button-text\">2019<\/span>\n\t\t\t\t\t<\/span>\n\t\t\t\t\t<\/a>\n\t\t\t\t\t\t\t\t<\/div>\n\t\t\t\t<div class=\"elementor-element elementor-element-4a3ccc2 elementor-widget elementor-widget-heading\" data-id=\"4a3ccc2\" data-element_type=\"widget\" data-widget_type=\"heading.default\">\n\t\t\t\t\t<p class=\"elementor-heading-title elementor-size-default\">Tiempos recios<\/p>\t\t\t\t<\/div>\n\t\t\t\t<div class=\"elementor-element elementor-element-a075e13 elementor-invisible elementor-widget elementor-widget-text-editor\" data-id=\"a075e13\" data-element_type=\"widget\" data-settings=\"{&quot;_animation&quot;:&quot;fadeIn&quot;}\" data-widget_type=\"text-editor.default\">\n\t\t\t\t\t\t\t\t\t<p>Una\u00a0historia de conspiraciones internacionales e intereses encontrados, en los a\u00f1os de la Guerra Fr\u00eda, cuyos ecos resuenan hasta la actualidad.<\/p>\t\t\t\t\t\t\t\t<\/div>\n\t\t\t\t\t<\/div>\n\t\t\t\t<\/div>\n\t\t\t\t\t<\/div>\n\t\t\t\t<\/div>\n\t\t<div class=\"elementor-element elementor-element-f7ee070 e-flex e-con-boxed e-con e-child\" data-id=\"f7ee070\" data-element_type=\"container\">\n\t\t\t\t\t<div class=\"e-con-inner\">\n\t\t\t\t<div class=\"elementor-element elementor-element-4f9d47e animated-slow elementor-invisible elementor-widget elementor-widget-image\" data-id=\"4f9d47e\" data-element_type=\"widget\" data-settings=\"{&quot;_animation&quot;:&quot;fadeIn&quot;}\" data-widget_type=\"image.default\">\n\t\t\t\t\t\t\t\t\t\t\t\t\t\t\t\t<a href=\"https:\/\/youtu.be\/M7hWv5uOTGs\" target=\"_blank\">\n\t\t\t\t\t\t\t<img decoding=\"async\" width=\"309\" height=\"468\" src=\"https:\/\/catedravargasllosa.org\/inicio\/wp-content\/uploads\/2024\/07\/Vargasllosa-obra-2.webp\" class=\"attachment-large size-large wp-image-361\" alt=\"\" srcset=\"https:\/\/catedravargasllosa.org\/inicio\/wp-content\/uploads\/2024\/07\/Vargasllosa-obra-2.webp 309w, https:\/\/catedravargasllosa.org\/inicio\/wp-content\/uploads\/2024\/07\/Vargasllosa-obra-2-198x300.webp 198w\" sizes=\"(max-width: 309px) 100vw, 309px\" \/>\t\t\t\t\t\t\t\t<\/a>\n\t\t\t\t\t\t\t\t\t\t\t\t\t\t\t<\/div>\n\t\t<div class=\"elementor-element elementor-element-177f1ce animated-slow e-flex e-con-boxed elementor-invisible e-con e-child\" data-id=\"177f1ce\" data-element_type=\"container\" data-settings=\"{&quot;animation&quot;:&quot;fadeIn&quot;}\">\n\t\t\t\t\t<div class=\"e-con-inner\">\n\t\t\t\t<div class=\"elementor-element elementor-element-7aaef41 elementor-button-info elementor-align-center elementor-widget elementor-widget-button\" data-id=\"7aaef41\" data-element_type=\"widget\" data-widget_type=\"button.default\">\n\t\t\t\t\t\t\t\t\t\t<a class=\"elementor-button elementor-size-sm\" role=\"button\">\n\t\t\t\t\t\t<span class=\"elementor-button-content-wrapper\">\n\t\t\t\t\t\t\t\t\t<span class=\"elementor-button-text\">2018<\/span>\n\t\t\t\t\t<\/span>\n\t\t\t\t\t<\/a>\n\t\t\t\t\t\t\t\t<\/div>\n\t\t\t\t<div class=\"elementor-element elementor-element-31d3c2b elementor-widget elementor-widget-heading\" data-id=\"31d3c2b\" data-element_type=\"widget\" data-widget_type=\"heading.default\">\n\t\t\t\t\t<p class=\"elementor-heading-title elementor-size-default\">La llamada de la tribu<\/p>\t\t\t\t<\/div>\n\t\t\t\t<div class=\"elementor-element elementor-element-42f6801 elementor-invisible elementor-widget elementor-widget-text-editor\" data-id=\"42f6801\" data-element_type=\"widget\" data-settings=\"{&quot;_animation&quot;:&quot;fadeIn&quot;}\" data-widget_type=\"text-editor.default\">\n\t\t\t\t\t\t\t\t\t<p>La autobiograf\u00eda intelectual del Premio Nobel de Literatura Mario Vargas Llosa.<\/p>\t\t\t\t\t\t\t\t<\/div>\n\t\t\t\t\t<\/div>\n\t\t\t\t<\/div>\n\t\t\t\t\t<\/div>\n\t\t\t\t<\/div>\n\t\t<div class=\"elementor-element elementor-element-c5d4c54 e-flex e-con-boxed e-con e-child\" data-id=\"c5d4c54\" data-element_type=\"container\">\n\t\t\t\t\t<div class=\"e-con-inner\">\n\t\t\t\t<div class=\"elementor-element elementor-element-cf91081 animated-slow elementor-invisible elementor-widget elementor-widget-image\" data-id=\"cf91081\" data-element_type=\"widget\" data-settings=\"{&quot;_animation&quot;:&quot;fadeIn&quot;}\" data-widget_type=\"image.default\">\n\t\t\t\t\t\t\t\t\t\t\t\t\t\t\t\t<a href=\"https:\/\/www.youtube.com\/watch?v=UDM8xf5S66o\" target=\"_blank\">\n\t\t\t\t\t\t\t<img loading=\"lazy\" decoding=\"async\" width=\"312\" height=\"471\" src=\"https:\/\/catedravargasllosa.org\/inicio\/wp-content\/uploads\/2024\/07\/Vargasllosa-obra-3.webp\" class=\"attachment-large size-large wp-image-362\" alt=\"Vargasllosa-obra-3\" srcset=\"https:\/\/catedravargasllosa.org\/inicio\/wp-content\/uploads\/2024\/07\/Vargasllosa-obra-3.webp 312w, https:\/\/catedravargasllosa.org\/inicio\/wp-content\/uploads\/2024\/07\/Vargasllosa-obra-3-199x300.webp 199w\" sizes=\"(max-width: 312px) 100vw, 312px\" \/>\t\t\t\t\t\t\t\t<\/a>\n\t\t\t\t\t\t\t\t\t\t\t\t\t\t\t<\/div>\n\t\t<div class=\"elementor-element elementor-element-cd0c0cc animated-slow e-flex e-con-boxed elementor-invisible e-con e-child\" data-id=\"cd0c0cc\" data-element_type=\"container\" data-settings=\"{&quot;animation&quot;:&quot;fadeIn&quot;}\">\n\t\t\t\t\t<div class=\"e-con-inner\">\n\t\t\t\t<div class=\"elementor-element elementor-element-2f7b9da elementor-button-info elementor-align-center elementor-widget elementor-widget-button\" data-id=\"2f7b9da\" data-element_type=\"widget\" data-widget_type=\"button.default\">\n\t\t\t\t\t\t\t\t\t\t<a class=\"elementor-button elementor-size-sm\" role=\"button\">\n\t\t\t\t\t\t<span class=\"elementor-button-content-wrapper\">\n\t\t\t\t\t\t\t\t\t<span class=\"elementor-button-text\">2016<\/span>\n\t\t\t\t\t<\/span>\n\t\t\t\t\t<\/a>\n\t\t\t\t\t\t\t\t<\/div>\n\t\t\t\t<div class=\"elementor-element elementor-element-1f3b79f elementor-widget elementor-widget-heading\" data-id=\"1f3b79f\" data-element_type=\"widget\" data-widget_type=\"heading.default\">\n\t\t\t\t\t<p class=\"elementor-heading-title elementor-size-default\">Cinco Esquinas<\/p>\t\t\t\t<\/div>\n\t\t\t\t<div class=\"elementor-element elementor-element-1175884 elementor-invisible elementor-widget elementor-widget-text-editor\" data-id=\"1175884\" data-element_type=\"widget\" data-settings=\"{&quot;_animation&quot;:&quot;fadeIn&quot;}\" data-widget_type=\"text-editor.default\">\n\t\t\t\t\t\t\t\t\t<p>Un retrato del Per\u00fa de los a\u00f1os noventa, estremecido por la violencia de Sendero Luminoso,sacudido por la corrupci\u00f3n del gobierno de Fujimori y escandalizado por el periodismo sensacionalista.<\/p>\t\t\t\t\t\t\t\t<\/div>\n\t\t\t\t\t<\/div>\n\t\t\t\t<\/div>\n\t\t\t\t\t<\/div>\n\t\t\t\t<\/div>\n\t\t\t\t\t<\/div>\n\t\t\t\t<\/div>\n\t\t\t\t\t<\/div>\n\t\t\t\t<\/div>\n\t\t\t\t<\/div>\n\t\t","protected":false},"excerpt":{"rendered":"<p>MARIO VARGAS LLOSA Conoce a Mario Vargas Llosa, su contexto y su obra DESCUBRE M\u00c1S BIOGRAF\u00cdA SOBRE SU TRAYECTORIA Mario Vargas Llosa Mario Vargas Llosa naci\u00f3 en 1936 en Arequipa, Per\u00fa. Durante los primeros a\u00f1os estuvo al cuidado de sus abuelos maternos y de su madre, pues sus padres se hab\u00edan separado pocos meses antes [&hellip;]<\/p>\n","protected":false},"author":1,"featured_media":0,"parent":0,"menu_order":0,"comment_status":"closed","ping_status":"closed","template":"elementor_header_footer","meta":{"_acf_changed":false,"footnotes":""},"class_list":["post-354","page","type-page","status-publish","hentry"],"acf":[],"yoast_head":"<!-- This site is optimized with the Yoast SEO plugin v25.0 - https:\/\/yoast.com\/wordpress\/plugins\/seo\/ -->\n<title>Nosotros - C\u00e1tedra Vargas Llosa<\/title>\n<meta name=\"robots\" content=\"index, follow, max-snippet:-1, max-image-preview:large, max-video-preview:-1\" \/>\n<link rel=\"canonical\" href=\"https:\/\/catedravargasllosa.org\/inicio\/index.php\/nosotros\/\" \/>\n<meta property=\"og:locale\" content=\"es_ES\" \/>\n<meta property=\"og:type\" content=\"article\" \/>\n<meta property=\"og:title\" content=\"Nosotros - C\u00e1tedra Vargas Llosa\" \/>\n<meta property=\"og:description\" content=\"MARIO VARGAS LLOSA Conoce a Mario Vargas Llosa, su contexto y su obra DESCUBRE M\u00c1S BIOGRAF\u00cdA SOBRE SU TRAYECTORIA Mario Vargas Llosa Mario Vargas Llosa naci\u00f3 en 1936 en Arequipa, Per\u00fa. Durante los primeros a\u00f1os estuvo al cuidado de sus abuelos maternos y de su madre, pues sus padres se hab\u00edan separado pocos meses antes [&hellip;]\" \/>\n<meta property=\"og:url\" content=\"https:\/\/catedravargasllosa.org\/inicio\/index.php\/nosotros\/\" \/>\n<meta property=\"og:site_name\" content=\"C\u00e1tedra Vargas Llosa\" \/>\n<meta property=\"og:image\" content=\"https:\/\/catedravargasllosa.org\/inicio\/wp-content\/uploads\/2024\/07\/Vargasllosa-hero.webp\" \/>\n<meta name=\"twitter:card\" content=\"summary_large_image\" \/>\n<meta name=\"twitter:label1\" content=\"Tiempo de lectura\" \/>\n\t<meta name=\"twitter:data1\" content=\"4 minutos\" \/>\n<script type=\"application\/ld+json\" class=\"yoast-schema-graph\">{\"@context\":\"https:\/\/schema.org\",\"@graph\":[{\"@type\":\"WebPage\",\"@id\":\"https:\/\/catedravargasllosa.org\/inicio\/index.php\/nosotros\/\",\"url\":\"https:\/\/catedravargasllosa.org\/inicio\/index.php\/nosotros\/\",\"name\":\"Nosotros - C\u00e1tedra Vargas Llosa\",\"isPartOf\":{\"@id\":\"https:\/\/catedravargasllosa.org\/inicio\/#website\"},\"primaryImageOfPage\":{\"@id\":\"https:\/\/catedravargasllosa.org\/inicio\/index.php\/nosotros\/#primaryimage\"},\"image\":{\"@id\":\"https:\/\/catedravargasllosa.org\/inicio\/index.php\/nosotros\/#primaryimage\"},\"thumbnailUrl\":\"https:\/\/catedravargasllosa.org\/inicio\/wp-content\/uploads\/2024\/07\/Vargasllosa-hero.webp\",\"datePublished\":\"2024-08-01T08:27:01+00:00\",\"breadcrumb\":{\"@id\":\"https:\/\/catedravargasllosa.org\/inicio\/index.php\/nosotros\/#breadcrumb\"},\"inLanguage\":\"es\",\"potentialAction\":[{\"@type\":\"ReadAction\",\"target\":[\"https:\/\/catedravargasllosa.org\/inicio\/index.php\/nosotros\/\"]}]},{\"@type\":\"ImageObject\",\"inLanguage\":\"es\",\"@id\":\"https:\/\/catedravargasllosa.org\/inicio\/index.php\/nosotros\/#primaryimage\",\"url\":\"https:\/\/catedravargasllosa.org\/inicio\/wp-content\/uploads\/2024\/07\/Vargasllosa-hero.webp\",\"contentUrl\":\"https:\/\/catedravargasllosa.org\/inicio\/wp-content\/uploads\/2024\/07\/Vargasllosa-hero.webp\",\"width\":965,\"height\":587,\"caption\":\"Vargas Llosa\"},{\"@type\":\"BreadcrumbList\",\"@id\":\"https:\/\/catedravargasllosa.org\/inicio\/index.php\/nosotros\/#breadcrumb\",\"itemListElement\":[{\"@type\":\"ListItem\",\"position\":1,\"name\":\"Portada\",\"item\":\"https:\/\/catedravargasllosa.org\/inicio\/\"},{\"@type\":\"ListItem\",\"position\":2,\"name\":\"Nosotros\"}]},{\"@type\":\"WebSite\",\"@id\":\"https:\/\/catedravargasllosa.org\/inicio\/#website\",\"url\":\"https:\/\/catedravargasllosa.org\/inicio\/\",\"name\":\"C\u00e1tedra Vargas Llosa\",\"description\":\"Nuestro prop&oacute;sito es fomentar el estudio de la literatura contempor&aacute;nea\",\"publisher\":{\"@id\":\"https:\/\/catedravargasllosa.org\/inicio\/#organization\"},\"potentialAction\":[{\"@type\":\"SearchAction\",\"target\":{\"@type\":\"EntryPoint\",\"urlTemplate\":\"https:\/\/catedravargasllosa.org\/inicio\/?s={search_term_string}\"},\"query-input\":{\"@type\":\"PropertyValueSpecification\",\"valueRequired\":true,\"valueName\":\"search_term_string\"}}],\"inLanguage\":\"es\"},{\"@type\":\"Organization\",\"@id\":\"https:\/\/catedravargasllosa.org\/inicio\/#organization\",\"name\":\"C\u00e1tedra Vargas Llosa\",\"url\":\"https:\/\/catedravargasllosa.org\/inicio\/\",\"logo\":{\"@type\":\"ImageObject\",\"inLanguage\":\"es\",\"@id\":\"https:\/\/catedravargasllosa.org\/inicio\/#\/schema\/logo\/image\/\",\"url\":\"https:\/\/catedravargasllosa.org\/inicio\/wp-content\/uploads\/2024\/05\/cropped-logo-vargas-llosa-1.png\",\"contentUrl\":\"https:\/\/catedravargasllosa.org\/inicio\/wp-content\/uploads\/2024\/05\/cropped-logo-vargas-llosa-1.png\",\"width\":350,\"height\":100,\"caption\":\"C\u00e1tedra Vargas Llosa\"},\"image\":{\"@id\":\"https:\/\/catedravargasllosa.org\/inicio\/#\/schema\/logo\/image\/\"}}]}<\/script>\n<!-- \/ Yoast SEO plugin. -->","yoast_head_json":{"title":"Nosotros - C\u00e1tedra Vargas Llosa","robots":{"index":"index","follow":"follow","max-snippet":"max-snippet:-1","max-image-preview":"max-image-preview:large","max-video-preview":"max-video-preview:-1"},"canonical":"https:\/\/catedravargasllosa.org\/inicio\/index.php\/nosotros\/","og_locale":"es_ES","og_type":"article","og_title":"Nosotros - C\u00e1tedra Vargas Llosa","og_description":"MARIO VARGAS LLOSA Conoce a Mario Vargas Llosa, su contexto y su obra DESCUBRE M\u00c1S BIOGRAF\u00cdA SOBRE SU TRAYECTORIA Mario Vargas Llosa Mario Vargas Llosa naci\u00f3 en 1936 en Arequipa, Per\u00fa. Durante los primeros a\u00f1os estuvo al cuidado de sus abuelos maternos y de su madre, pues sus padres se hab\u00edan separado pocos meses antes [&hellip;]","og_url":"https:\/\/catedravargasllosa.org\/inicio\/index.php\/nosotros\/","og_site_name":"C\u00e1tedra Vargas Llosa","og_image":[{"url":"https:\/\/catedravargasllosa.org\/inicio\/wp-content\/uploads\/2024\/07\/Vargasllosa-hero.webp","type":"","width":"","height":""}],"twitter_card":"summary_large_image","twitter_misc":{"Tiempo de lectura":"4 minutos"},"schema":{"@context":"https:\/\/schema.org","@graph":[{"@type":"WebPage","@id":"https:\/\/catedravargasllosa.org\/inicio\/index.php\/nosotros\/","url":"https:\/\/catedravargasllosa.org\/inicio\/index.php\/nosotros\/","name":"Nosotros - C\u00e1tedra Vargas Llosa","isPartOf":{"@id":"https:\/\/catedravargasllosa.org\/inicio\/#website"},"primaryImageOfPage":{"@id":"https:\/\/catedravargasllosa.org\/inicio\/index.php\/nosotros\/#primaryimage"},"image":{"@id":"https:\/\/catedravargasllosa.org\/inicio\/index.php\/nosotros\/#primaryimage"},"thumbnailUrl":"https:\/\/catedravargasllosa.org\/inicio\/wp-content\/uploads\/2024\/07\/Vargasllosa-hero.webp","datePublished":"2024-08-01T08:27:01+00:00","breadcrumb":{"@id":"https:\/\/catedravargasllosa.org\/inicio\/index.php\/nosotros\/#breadcrumb"},"inLanguage":"es","potentialAction":[{"@type":"ReadAction","target":["https:\/\/catedravargasllosa.org\/inicio\/index.php\/nosotros\/"]}]},{"@type":"ImageObject","inLanguage":"es","@id":"https:\/\/catedravargasllosa.org\/inicio\/index.php\/nosotros\/#primaryimage","url":"https:\/\/catedravargasllosa.org\/inicio\/wp-content\/uploads\/2024\/07\/Vargasllosa-hero.webp","contentUrl":"https:\/\/catedravargasllosa.org\/inicio\/wp-content\/uploads\/2024\/07\/Vargasllosa-hero.webp","width":965,"height":587,"caption":"Vargas Llosa"},{"@type":"BreadcrumbList","@id":"https:\/\/catedravargasllosa.org\/inicio\/index.php\/nosotros\/#breadcrumb","itemListElement":[{"@type":"ListItem","position":1,"name":"Portada","item":"https:\/\/catedravargasllosa.org\/inicio\/"},{"@type":"ListItem","position":2,"name":"Nosotros"}]},{"@type":"WebSite","@id":"https:\/\/catedravargasllosa.org\/inicio\/#website","url":"https:\/\/catedravargasllosa.org\/inicio\/","name":"C\u00e1tedra Vargas Llosa","description":"Nuestro prop&oacute;sito es fomentar el estudio de la literatura contempor&aacute;nea","publisher":{"@id":"https:\/\/catedravargasllosa.org\/inicio\/#organization"},"potentialAction":[{"@type":"SearchAction","target":{"@type":"EntryPoint","urlTemplate":"https:\/\/catedravargasllosa.org\/inicio\/?s={search_term_string}"},"query-input":{"@type":"PropertyValueSpecification","valueRequired":true,"valueName":"search_term_string"}}],"inLanguage":"es"},{"@type":"Organization","@id":"https:\/\/catedravargasllosa.org\/inicio\/#organization","name":"C\u00e1tedra Vargas Llosa","url":"https:\/\/catedravargasllosa.org\/inicio\/","logo":{"@type":"ImageObject","inLanguage":"es","@id":"https:\/\/catedravargasllosa.org\/inicio\/#\/schema\/logo\/image\/","url":"https:\/\/catedravargasllosa.org\/inicio\/wp-content\/uploads\/2024\/05\/cropped-logo-vargas-llosa-1.png","contentUrl":"https:\/\/catedravargasllosa.org\/inicio\/wp-content\/uploads\/2024\/05\/cropped-logo-vargas-llosa-1.png","width":350,"height":100,"caption":"C\u00e1tedra Vargas Llosa"},"image":{"@id":"https:\/\/catedravargasllosa.org\/inicio\/#\/schema\/logo\/image\/"}}]}},"_links":{"self":[{"href":"https:\/\/catedravargasllosa.org\/inicio\/index.php\/wp-json\/wp\/v2\/pages\/354","targetHints":{"allow":["GET"]}}],"collection":[{"href":"https:\/\/catedravargasllosa.org\/inicio\/index.php\/wp-json\/wp\/v2\/pages"}],"about":[{"href":"https:\/\/catedravargasllosa.org\/inicio\/index.php\/wp-json\/wp\/v2\/types\/page"}],"author":[{"embeddable":true,"href":"https:\/\/catedravargasllosa.org\/inicio\/index.php\/wp-json\/wp\/v2\/users\/1"}],"replies":[{"embeddable":true,"href":"https:\/\/catedravargasllosa.org\/inicio\/index.php\/wp-json\/wp\/v2\/comments?post=354"}],"version-history":[{"count":40,"href":"https:\/\/catedravargasllosa.org\/inicio\/index.php\/wp-json\/wp\/v2\/pages\/354\/revisions"}],"predecessor-version":[{"id":964,"href":"https:\/\/catedravargasllosa.org\/inicio\/index.php\/wp-json\/wp\/v2\/pages\/354\/revisions\/964"}],"wp:attachment":[{"href":"https:\/\/catedravargasllosa.org\/inicio\/index.php\/wp-json\/wp\/v2\/media?parent=354"}],"curies":[{"name":"wp","href":"https:\/\/api.w.org\/{rel}","templated":true}]}}