{"id":1162,"date":"2024-08-05T14:05:14","date_gmt":"2024-08-05T14:05:14","guid":{"rendered":"https:\/\/catedravargasllosa.org\/inicio\/?page_id=1162"},"modified":"2024-09-04T20:32:58","modified_gmt":"2024-09-04T20:32:58","slug":"actividades-con-las-universidades","status":"publish","type":"page","link":"https:\/\/catedravargasllosa.org\/inicio\/index.php\/actividades-con-las-universidades\/","title":{"rendered":"Actividades con las universidades"},"content":{"rendered":"\t\t<div data-elementor-type=\"wp-page\" data-elementor-id=\"1162\" class=\"elementor elementor-1162\" data-elementor-post-type=\"page\">\n\t\t\t\t<div class=\"elementor-element elementor-element-2f50ace e-flex e-con-boxed e-con e-parent\" data-id=\"2f50ace\" data-element_type=\"container\">\n\t\t\t\t\t<div class=\"e-con-inner\">\n\t\t<div class=\"elementor-element elementor-element-0a9d794 e-con-full e-flex e-con e-child\" data-id=\"0a9d794\" data-element_type=\"container\">\n\t\t<div class=\"elementor-element elementor-element-5d6110f e-flex e-con-boxed e-con e-child\" data-id=\"5d6110f\" data-element_type=\"container\">\n\t\t\t\t\t<div class=\"e-con-inner\">\n\t\t<div class=\"elementor-element elementor-element-5e1ed21 e-flex e-con-boxed elementor-invisible e-con e-child\" data-id=\"5e1ed21\" data-element_type=\"container\" data-settings=\"{&quot;animation&quot;:&quot;fadeIn&quot;}\">\n\t\t\t\t\t<div class=\"e-con-inner\">\n\t\t\t\t<div class=\"elementor-element elementor-element-27780c4 elementor-view-default elementor-widget elementor-widget-icon\" data-id=\"27780c4\" data-element_type=\"widget\" data-widget_type=\"icon.default\">\n\t\t\t\t\t\t\t<div class=\"elementor-icon-wrapper\">\n\t\t\t<div class=\"elementor-icon\">\n\t\t\t<svg aria-hidden=\"true\" class=\"e-font-icon-svg e-far-circle\" viewBox=\"0 0 512 512\" xmlns=\"http:\/\/www.w3.org\/2000\/svg\"><path d=\"M256 8C119 8 8 119 8 256s111 248 248 248 248-111 248-248S393 8 256 8zm0 448c-110.5 0-200-89.5-200-200S145.5 56 256 56s200 89.5 200 200-89.5 200-200 200z\"><\/path><\/svg>\t\t\t<\/div>\n\t\t<\/div>\n\t\t\t\t\t\t<\/div>\n\t\t\t\t<div class=\"elementor-element elementor-element-42b2047 elementor-widget elementor-widget-heading\" data-id=\"42b2047\" data-element_type=\"widget\" data-widget_type=\"heading.default\">\n\t\t\t\t\t<h2 class=\"elementor-heading-title elementor-size-default\">ACTIVIDADES<\/h2>\t\t\t\t<\/div>\n\t\t\t\t\t<\/div>\n\t\t\t\t<\/div>\n\t\t\t\t\t<\/div>\n\t\t\t\t<\/div>\n\t\t\t\t<div class=\"elementor-element elementor-element-cf51215 animated-slow elementor-invisible elementor-widget elementor-widget-heading\" data-id=\"cf51215\" data-element_type=\"widget\" data-settings=\"{&quot;_animation&quot;:&quot;fadeIn&quot;}\" data-widget_type=\"heading.default\">\n\t\t\t\t\t<h1 class=\"elementor-heading-title elementor-size-default\">TODAS LAS ACTIVIDADES CON <span style=\"color:#628EAA;\">UNIVERSIDADES<\/span><\/h1>\t\t\t\t<\/div>\n\t\t\t\t<\/div>\n\t\t<div class=\"elementor-element elementor-element-f37382f e-con-full e-flex e-con e-child\" data-id=\"f37382f\" data-element_type=\"container\">\n\t\t\t\t<div class=\"elementor-element elementor-element-22fd963 animated-slow elementor-invisible elementor-widget elementor-widget-heading\" data-id=\"22fd963\" data-element_type=\"widget\" data-settings=\"{&quot;_animation&quot;:&quot;fadeIn&quot;,&quot;_animation_delay&quot;:200}\" data-widget_type=\"heading.default\">\n\t\t\t\t\t<h2 class=\"elementor-heading-title elementor-size-default\">Descubre todas las actividades que realiza la c\u00e1tedra en colaboraci\u00f3n con universidades hispanohablantes.<\/h2>\t\t\t\t<\/div>\n\t\t\t\t<\/div>\n\t\t\t\t\t<\/div>\n\t\t\t\t<\/div>\n\t\t<div class=\"elementor-element elementor-element-bfff4eb e-flex e-con-boxed e-con e-parent\" data-id=\"bfff4eb\" data-element_type=\"container\" data-settings=\"{&quot;background_background&quot;:&quot;classic&quot;}\">\n\t\t\t\t\t<div class=\"e-con-inner\">\n\t\t\t\t<div class=\"elementor-element elementor-element-d231967 animated-slow elementor-grid-3 elementor-grid-tablet-2 elementor-grid-mobile-1 elementor-invisible elementor-widget elementor-widget-loop-grid\" data-id=\"d231967\" data-element_type=\"widget\" data-settings=\"{&quot;template_id&quot;:&quot;686&quot;,&quot;_animation&quot;:&quot;fadeIn&quot;,&quot;_skin&quot;:&quot;post&quot;,&quot;columns&quot;:&quot;3&quot;,&quot;columns_tablet&quot;:&quot;2&quot;,&quot;columns_mobile&quot;:&quot;1&quot;,&quot;edit_handle_selector&quot;:&quot;[data-elementor-type=\\&quot;loop-item\\&quot;]&quot;,&quot;row_gap&quot;:{&quot;unit&quot;:&quot;px&quot;,&quot;size&quot;:&quot;&quot;,&quot;sizes&quot;:[]},&quot;row_gap_tablet&quot;:{&quot;unit&quot;:&quot;px&quot;,&quot;size&quot;:&quot;&quot;,&quot;sizes&quot;:[]},&quot;row_gap_mobile&quot;:{&quot;unit&quot;:&quot;px&quot;,&quot;size&quot;:&quot;&quot;,&quot;sizes&quot;:[]}}\" data-widget_type=\"loop-grid.post\">\n\t\t\t\t\t\t\t<div class=\"elementor-loop-container elementor-grid\">\n\t\t<style id=\"loop-686\">.elementor-686 .elementor-element.elementor-element-872fe81{--display:flex;--flex-direction:column;--container-widget-width:100%;--container-widget-height:initial;--container-widget-flex-grow:0;--container-widget-align-self:initial;--flex-wrap-mobile:wrap;--padding-top:0px;--padding-bottom:0px;--padding-left:0px;--padding-right:0px;}.elementor-686 .elementor-element.elementor-element-872fe81.e-con{--flex-grow:0;--flex-shrink:0;}.elementor-widget-post-info .elementor-icon-list-item:not(:last-child):after{border-color:var( --e-global-color-text );}.elementor-widget-post-info .elementor-icon-list-icon i{color:var( --e-global-color-primary );}.elementor-widget-post-info .elementor-icon-list-icon svg{fill:var( --e-global-color-primary );}.elementor-widget-post-info .elementor-icon-list-text, .elementor-widget-post-info .elementor-icon-list-text a{color:var( --e-global-color-secondary );}.elementor-widget-post-info .elementor-icon-list-item{font-family:var( --e-global-typography-text-font-family ), Sans-serif;font-weight:var( --e-global-typography-text-font-weight );}.elementor-686 .elementor-element.elementor-element-8a2132f .elementor-icon-list-items:not(.elementor-inline-items) .elementor-icon-list-item:not(:last-child){padding-bottom:calc(0px\/2);}.elementor-686 .elementor-element.elementor-element-8a2132f .elementor-icon-list-items:not(.elementor-inline-items) .elementor-icon-list-item:not(:first-child){margin-top:calc(0px\/2);}.elementor-686 .elementor-element.elementor-element-8a2132f .elementor-icon-list-items.elementor-inline-items .elementor-icon-list-item{margin-right:calc(0px\/2);margin-left:calc(0px\/2);}.elementor-686 .elementor-element.elementor-element-8a2132f .elementor-icon-list-items.elementor-inline-items{margin-right:calc(-0px\/2);margin-left:calc(-0px\/2);}body.rtl .elementor-686 .elementor-element.elementor-element-8a2132f .elementor-icon-list-items.elementor-inline-items .elementor-icon-list-item:after{left:calc(-0px\/2);}body:not(.rtl) .elementor-686 .elementor-element.elementor-element-8a2132f .elementor-icon-list-items.elementor-inline-items .elementor-icon-list-item:after{right:calc(-0px\/2);}.elementor-686 .elementor-element.elementor-element-8a2132f .elementor-icon-list-icon{width:14px;}.elementor-686 .elementor-element.elementor-element-8a2132f .elementor-icon-list-icon i{font-size:14px;}.elementor-686 .elementor-element.elementor-element-8a2132f .elementor-icon-list-icon svg{--e-icon-list-icon-size:14px;}body:not(.rtl) .elementor-686 .elementor-element.elementor-element-8a2132f .elementor-icon-list-text{padding-left:0px;}body.rtl .elementor-686 .elementor-element.elementor-element-8a2132f .elementor-icon-list-text{padding-right:0px;}.elementor-686 .elementor-element.elementor-element-8a2132f .elementor-icon-list-text, .elementor-686 .elementor-element.elementor-element-8a2132f .elementor-icon-list-text a{color:var( --e-global-color-86b612e );}.elementor-686 .elementor-element.elementor-element-8a2132f .elementor-icon-list-item{font-family:\"Nunito Sans\", Sans-serif;font-size:15px;font-weight:600;text-transform:uppercase;}.elementor-widget-theme-post-content{color:var( --e-global-color-text );font-family:var( --e-global-typography-text-font-family ), Sans-serif;font-weight:var( --e-global-typography-text-font-weight );}.elementor-686 .elementor-element.elementor-element-01c4638{width:var( --container-widget-width, 100% );max-width:100%;--container-widget-width:100%;--container-widget-flex-grow:0;}.elementor-widget-theme-post-title .elementor-heading-title{font-family:var( --e-global-typography-primary-font-family ), Sans-serif;font-weight:var( --e-global-typography-primary-font-weight );color:var( --e-global-color-primary );}.elementor-686 .elementor-element.elementor-element-0f8e241 .elementor-heading-title{font-family:\"Nunito Sans\", Sans-serif;font-size:20px;font-weight:600;color:#000000;}@media(min-width:768px){.elementor-686 .elementor-element.elementor-element-872fe81{--width:100%;}}<\/style>\t\t<div data-elementor-type=\"loop-item\" data-elementor-id=\"686\" class=\"elementor elementor-686 e-loop-item e-loop-item-4537 post-4537 post type-post status-publish format-standard has-post-thumbnail hentry category-actividades-universidades tag-ultimaentrada\" data-elementor-post-type=\"elementor_library\" data-custom-edit-handle=\"1\">\n\t\t\t<div class=\"elementor-element elementor-element-872fe81 e-con-full e-flex e-con e-parent\" data-id=\"872fe81\" data-element_type=\"container\">\n\t\t\t\t<div class=\"elementor-element elementor-element-8a2132f elementor-widget elementor-widget-post-info\" data-id=\"8a2132f\" data-element_type=\"widget\" data-widget_type=\"post-info.default\">\n\t\t\t\t\t\t\t<ul class=\"elementor-inline-items elementor-icon-list-items elementor-post-info\">\n\t\t\t\t\t\t\t\t<li class=\"elementor-icon-list-item elementor-repeater-item-d1107a2 elementor-inline-item\" itemprop=\"datePublished\">\n\t\t\t\t\t\t\t\t\t\t\t\t\t<span class=\"elementor-icon-list-text elementor-post-info__item elementor-post-info__item--type-date\">\n\t\t\t\t\t\t\t\t\t\t<time>abril 28, 2026<\/time>\t\t\t\t\t<\/span>\n\t\t\t\t\t\t\t\t<\/li>\n\t\t\t\t<\/ul>\n\t\t\t\t\t\t<\/div>\n\t\t\t\t<div class=\"elementor-element elementor-element-01c4638 elementor-widget__width-initial elementor-widget elementor-widget-theme-post-content\" data-id=\"01c4638\" data-element_type=\"widget\" data-widget_type=\"theme-post-content.default\">\n\t\t\t\t\t\t\t<div data-elementor-type=\"wp-post\" data-elementor-id=\"4537\" class=\"elementor elementor-4537\" data-elementor-post-type=\"post\">\n\t\t\t\t<div class=\"elementor-element elementor-element-dbbfa68 e-flex e-con-boxed e-con e-parent\" data-id=\"dbbfa68\" data-element_type=\"container\">\n\t\t\t\t\t<div class=\"e-con-inner\">\n\t\t\t\t<div class=\"elementor-element elementor-element-5a6ebd9 elementor-widget elementor-widget-text-editor\" data-id=\"5a6ebd9\" data-element_type=\"widget\" data-widget_type=\"text-editor.default\">\n\t\t\t\t\t\t\t\t\t<p data-end=\"228\" data-start=\"0\">Se convoca a estudiantes de ense\u00f1anza media de todo Chile y a alumnos de la UDD a participar en la cuarta edici\u00f3n del concurso literario\u00a0<em data-end=\"176\" data-start=\"137\">Plumas Pioneras, Narrativas de Futuro<\/em>, organizado por Faro UDD y la C\u00e1tedra Vargas Llosa.<\/p><p data-end=\"448\" data-start=\"230\">El certamen, centrado en el cuento breve, tendr\u00e1 como tem\u00e1tica este a\u00f1o el terror. Las postulaciones estar\u00e1n abiertas hasta el 28 de agosto de 2026 y se valorar\u00e1n la creatividad, la calidad narrativa y la originalidad.<\/p><p data-end=\"544\" data-is-last-node=\"\" data-is-only-node=\"\" data-start=\"450\">Una iniciativa que busca fomentar la escritura y promover nuevas voces en el \u00e1mbito literario.<br \/><br \/>Haga clic <a href=\"https:\/\/faro.udd.cl\/concurso-plumas-pioneras-narrativas-de-futuro\/\" target=\"_blank\" rel=\"noopener\">aqu\u00ed<\/a> para m\u00e1s informaci\u00f3n.\u00a0<\/p>\t\t\t\t\t\t\t\t<\/div>\n\t\t\t\t\t<\/div>\n\t\t\t\t<\/div>\n\t\t<div class=\"elementor-element elementor-element-c018f11 e-flex e-con-boxed e-con e-parent\" data-id=\"c018f11\" data-element_type=\"container\">\n\t\t\t\t\t<div class=\"e-con-inner\">\n\t\t\t\t<div class=\"elementor-element elementor-element-1802eba elementor-widget elementor-widget-image\" data-id=\"1802eba\" data-element_type=\"widget\" data-widget_type=\"image.default\">\n\t\t\t\t\t\t\t\t\t\t\t\t\t\t\t<img fetchpriority=\"high\" fetchpriority=\"high\" decoding=\"async\" width=\"1433\" height=\"2048\" src=\"https:\/\/catedravargasllosa.org\/inicio\/wp-content\/uploads\/2026\/04\/plumaspioneras2026-1433x2048-1.jpeg\" class=\"attachment-full size-full wp-image-4538\" alt=\"\" srcset=\"https:\/\/catedravargasllosa.org\/inicio\/wp-content\/uploads\/2026\/04\/plumaspioneras2026-1433x2048-1.jpeg 1433w, https:\/\/catedravargasllosa.org\/inicio\/wp-content\/uploads\/2026\/04\/plumaspioneras2026-1433x2048-1-210x300.jpeg 210w, https:\/\/catedravargasllosa.org\/inicio\/wp-content\/uploads\/2026\/04\/plumaspioneras2026-1433x2048-1-717x1024.jpeg 717w, https:\/\/catedravargasllosa.org\/inicio\/wp-content\/uploads\/2026\/04\/plumaspioneras2026-1433x2048-1-768x1098.jpeg 768w, https:\/\/catedravargasllosa.org\/inicio\/wp-content\/uploads\/2026\/04\/plumaspioneras2026-1433x2048-1-1075x1536.jpeg 1075w\" sizes=\"(max-width: 1433px) 100vw, 1433px\" \/>\t\t\t\t\t\t\t\t\t\t\t\t\t\t\t<\/div>\n\t\t\t\t\t<\/div>\n\t\t\t\t<\/div>\n\t\t\t\t<\/div>\n\t\t\t\t\t\t<\/div>\n\t\t\t\t<div class=\"elementor-element elementor-element-0f8e241 elementor-widget elementor-widget-theme-post-title elementor-page-title elementor-widget-heading\" data-id=\"0f8e241\" data-element_type=\"widget\" data-widget_type=\"theme-post-title.default\">\n\t\t\t\t\t<h1 class=\"elementor-heading-title elementor-size-default\">IV edici\u00f3n del concurso literario\u00a0Plumas Pioneras, Narrativas de Futuro (Faro UDD) &#8211; Hasta el 28 de agosto de 2026<\/h1>\t\t\t\t<\/div>\n\t\t\t\t<\/div>\n\t\t\t\t<\/div>\n\t\t\t\t<div data-elementor-type=\"loop-item\" data-elementor-id=\"686\" class=\"elementor elementor-686 e-loop-item e-loop-item-4531 post-4531 post type-post status-publish format-standard has-post-thumbnail hentry category-actividades-universidades tag-ultimaentrada\" data-elementor-post-type=\"elementor_library\" data-custom-edit-handle=\"1\">\n\t\t\t<div class=\"elementor-element elementor-element-872fe81 e-con-full e-flex e-con e-parent\" data-id=\"872fe81\" data-element_type=\"container\">\n\t\t\t\t<div class=\"elementor-element elementor-element-8a2132f elementor-widget elementor-widget-post-info\" data-id=\"8a2132f\" data-element_type=\"widget\" data-widget_type=\"post-info.default\">\n\t\t\t\t\t\t\t<ul class=\"elementor-inline-items elementor-icon-list-items elementor-post-info\">\n\t\t\t\t\t\t\t\t<li class=\"elementor-icon-list-item elementor-repeater-item-d1107a2 elementor-inline-item\" itemprop=\"datePublished\">\n\t\t\t\t\t\t\t\t\t\t\t\t\t<span class=\"elementor-icon-list-text elementor-post-info__item elementor-post-info__item--type-date\">\n\t\t\t\t\t\t\t\t\t\t<time>abril 28, 2026<\/time>\t\t\t\t\t<\/span>\n\t\t\t\t\t\t\t\t<\/li>\n\t\t\t\t<\/ul>\n\t\t\t\t\t\t<\/div>\n\t\t\t\t<div class=\"elementor-element elementor-element-01c4638 elementor-widget__width-initial elementor-widget elementor-widget-theme-post-content\" data-id=\"01c4638\" data-element_type=\"widget\" data-widget_type=\"theme-post-content.default\">\n\t\t\t\t\t\t\t<div data-elementor-type=\"wp-post\" data-elementor-id=\"4531\" class=\"elementor elementor-4531\" data-elementor-post-type=\"post\">\n\t\t\t\t<div class=\"elementor-element elementor-element-254bce9 e-flex e-con-boxed e-con e-parent\" data-id=\"254bce9\" data-element_type=\"container\">\n\t\t\t\t\t<div class=\"e-con-inner\">\n\t\t\t\t<div class=\"elementor-element elementor-element-c906c35 elementor-widget elementor-widget-text-editor\" data-id=\"c906c35\" data-element_type=\"widget\" data-widget_type=\"text-editor.default\">\n\t\t\t\t\t\t\t\t\t<p data-end=\"264\" data-start=\"0\">La UNIR, en colaboraci\u00f3n con la C\u00e1tedra Vargas Llosa, celebra la tercera sesi\u00f3n de su club de lectura, una iniciativa que propone la lectura de hasta tres obras por curso acad\u00e9mico, con un primer encuentro de an\u00e1lisis y un segundo dedicado al di\u00e1logo con los autores.<\/p><p data-end=\"510\" data-is-last-node=\"\" data-is-only-node=\"\" data-start=\"266\">En esta ocasi\u00f3n, se leer\u00e1\u00a0<em data-end=\"311\" data-start=\"292\">Todas las lluvias<\/em>, de\u00a0Rosario L\u00f3pez. La primera sesi\u00f3n, conducida por\u00a0Ra\u00fal Tola, tendr\u00e1 lugar el 14 de mayo, y el 28 de mayo se celebrar\u00e1 el coloquio con la autora.<br \/><br \/>Actividad exclusiva para los alumnos de la UNIR.<\/p>\t\t\t\t\t\t\t\t<\/div>\n\t\t\t\t\t<\/div>\n\t\t\t\t<\/div>\n\t\t<div class=\"elementor-element elementor-element-67bafea e-flex e-con-boxed e-con e-parent\" data-id=\"67bafea\" data-element_type=\"container\">\n\t\t\t\t\t<div class=\"e-con-inner\">\n\t\t\t\t<div class=\"elementor-element elementor-element-9bf8722 elementor-widget elementor-widget-image\" data-id=\"9bf8722\" data-element_type=\"widget\" data-widget_type=\"image.default\">\n\t\t\t\t\t\t\t\t\t\t\t\t\t\t\t<img decoding=\"async\" width=\"1840\" height=\"1034\" src=\"https:\/\/catedravargasllosa.org\/inicio\/wp-content\/uploads\/2026\/04\/HG53kE0bIAE0cbE.jpeg\" class=\"attachment-full size-full wp-image-4532\" alt=\"\" srcset=\"https:\/\/catedravargasllosa.org\/inicio\/wp-content\/uploads\/2026\/04\/HG53kE0bIAE0cbE.jpeg 1840w, https:\/\/catedravargasllosa.org\/inicio\/wp-content\/uploads\/2026\/04\/HG53kE0bIAE0cbE-300x169.jpeg 300w, https:\/\/catedravargasllosa.org\/inicio\/wp-content\/uploads\/2026\/04\/HG53kE0bIAE0cbE-1024x575.jpeg 1024w, https:\/\/catedravargasllosa.org\/inicio\/wp-content\/uploads\/2026\/04\/HG53kE0bIAE0cbE-768x432.jpeg 768w, https:\/\/catedravargasllosa.org\/inicio\/wp-content\/uploads\/2026\/04\/HG53kE0bIAE0cbE-1536x863.jpeg 1536w\" sizes=\"(max-width: 1840px) 100vw, 1840px\" \/>\t\t\t\t\t\t\t\t\t\t\t\t\t\t\t<\/div>\n\t\t\t\t\t<\/div>\n\t\t\t\t<\/div>\n\t\t\t\t<\/div>\n\t\t\t\t\t\t<\/div>\n\t\t\t\t<div class=\"elementor-element elementor-element-0f8e241 elementor-widget elementor-widget-theme-post-title elementor-page-title elementor-widget-heading\" data-id=\"0f8e241\" data-element_type=\"widget\" data-widget_type=\"theme-post-title.default\">\n\t\t\t\t\t<h1 class=\"elementor-heading-title elementor-size-default\">Club de lectura: \u00abTodas las lluvias\u00bb, de Rosario L\u00f3pez (UNIR) &#8211; 14 y 28 de mayo de 2026<\/h1>\t\t\t\t<\/div>\n\t\t\t\t<\/div>\n\t\t\t\t<\/div>\n\t\t\t\t<div data-elementor-type=\"loop-item\" data-elementor-id=\"686\" class=\"elementor elementor-686 e-loop-item e-loop-item-4457 post-4457 post type-post status-publish format-standard has-post-thumbnail hentry category-actividades-universidades\" data-elementor-post-type=\"elementor_library\" data-custom-edit-handle=\"1\">\n\t\t\t<div class=\"elementor-element elementor-element-872fe81 e-con-full e-flex e-con e-parent\" data-id=\"872fe81\" data-element_type=\"container\">\n\t\t\t\t<div class=\"elementor-element elementor-element-8a2132f elementor-widget elementor-widget-post-info\" data-id=\"8a2132f\" data-element_type=\"widget\" data-widget_type=\"post-info.default\">\n\t\t\t\t\t\t\t<ul class=\"elementor-inline-items elementor-icon-list-items elementor-post-info\">\n\t\t\t\t\t\t\t\t<li class=\"elementor-icon-list-item elementor-repeater-item-d1107a2 elementor-inline-item\" itemprop=\"datePublished\">\n\t\t\t\t\t\t\t\t\t\t\t\t\t<span class=\"elementor-icon-list-text elementor-post-info__item elementor-post-info__item--type-date\">\n\t\t\t\t\t\t\t\t\t\t<time>abril 23, 2026<\/time>\t\t\t\t\t<\/span>\n\t\t\t\t\t\t\t\t<\/li>\n\t\t\t\t<\/ul>\n\t\t\t\t\t\t<\/div>\n\t\t\t\t<div class=\"elementor-element elementor-element-01c4638 elementor-widget__width-initial elementor-widget elementor-widget-theme-post-content\" data-id=\"01c4638\" data-element_type=\"widget\" data-widget_type=\"theme-post-content.default\">\n\t\t\t\t\t\t\t<div data-elementor-type=\"wp-post\" data-elementor-id=\"4457\" class=\"elementor elementor-4457\" data-elementor-post-type=\"post\">\n\t\t\t\t<div class=\"elementor-element elementor-element-17c6d33 e-flex e-con-boxed e-con e-parent\" data-id=\"17c6d33\" data-element_type=\"container\">\n\t\t\t\t\t<div class=\"e-con-inner\">\n\t\t\t\t<div class=\"elementor-element elementor-element-ab40881 elementor-widget elementor-widget-image\" data-id=\"ab40881\" data-element_type=\"widget\" data-widget_type=\"image.default\">\n\t\t\t\t\t\t\t\t\t\t\t\t\t\t\t<img decoding=\"async\" width=\"1024\" height=\"1280\" src=\"https:\/\/catedravargasllosa.org\/inicio\/wp-content\/uploads\/2026\/04\/WhatsApp-Image-2026-04-16-at-12.54.40-PM.jpeg\" class=\"attachment-full size-full wp-image-4458\" alt=\"\" srcset=\"https:\/\/catedravargasllosa.org\/inicio\/wp-content\/uploads\/2026\/04\/WhatsApp-Image-2026-04-16-at-12.54.40-PM.jpeg 1024w, https:\/\/catedravargasllosa.org\/inicio\/wp-content\/uploads\/2026\/04\/WhatsApp-Image-2026-04-16-at-12.54.40-PM-240x300.jpeg 240w, https:\/\/catedravargasllosa.org\/inicio\/wp-content\/uploads\/2026\/04\/WhatsApp-Image-2026-04-16-at-12.54.40-PM-819x1024.jpeg 819w, https:\/\/catedravargasllosa.org\/inicio\/wp-content\/uploads\/2026\/04\/WhatsApp-Image-2026-04-16-at-12.54.40-PM-768x960.jpeg 768w\" sizes=\"(max-width: 1024px) 100vw, 1024px\" \/>\t\t\t\t\t\t\t\t\t\t\t\t\t\t\t<\/div>\n\t\t\t\t\t<\/div>\n\t\t\t\t<\/div>\n\t\t\t\t<\/div>\n\t\t\t\t\t\t<\/div>\n\t\t\t\t<div class=\"elementor-element elementor-element-0f8e241 elementor-widget elementor-widget-theme-post-title elementor-page-title elementor-widget-heading\" data-id=\"0f8e241\" data-element_type=\"widget\" data-widget_type=\"theme-post-title.default\">\n\t\t\t\t\t<h1 class=\"elementor-heading-title elementor-size-default\">Presentaci\u00f3n y conversatorio \u00abMe llevan a otra parte\u00bb, novela hist\u00f3rica de Rossana Sala (UNMSM) &#8211; 23 de abril de 2026<\/h1>\t\t\t\t<\/div>\n\t\t\t\t<\/div>\n\t\t\t\t<\/div>\n\t\t\t\t<div data-elementor-type=\"loop-item\" data-elementor-id=\"686\" class=\"elementor elementor-686 e-loop-item e-loop-item-4491 post-4491 post type-post status-publish format-standard has-post-thumbnail hentry category-actividades-universidades category-noticias-blog\" data-elementor-post-type=\"elementor_library\" data-custom-edit-handle=\"1\">\n\t\t\t<div class=\"elementor-element elementor-element-872fe81 e-con-full e-flex e-con e-parent\" data-id=\"872fe81\" data-element_type=\"container\">\n\t\t\t\t<div class=\"elementor-element elementor-element-8a2132f elementor-widget elementor-widget-post-info\" data-id=\"8a2132f\" data-element_type=\"widget\" data-widget_type=\"post-info.default\">\n\t\t\t\t\t\t\t<ul class=\"elementor-inline-items elementor-icon-list-items elementor-post-info\">\n\t\t\t\t\t\t\t\t<li class=\"elementor-icon-list-item elementor-repeater-item-d1107a2 elementor-inline-item\" itemprop=\"datePublished\">\n\t\t\t\t\t\t\t\t\t\t\t\t\t<span class=\"elementor-icon-list-text elementor-post-info__item elementor-post-info__item--type-date\">\n\t\t\t\t\t\t\t\t\t\t<time>abril 22, 2026<\/time>\t\t\t\t\t<\/span>\n\t\t\t\t\t\t\t\t<\/li>\n\t\t\t\t<\/ul>\n\t\t\t\t\t\t<\/div>\n\t\t\t\t<div class=\"elementor-element elementor-element-01c4638 elementor-widget__width-initial elementor-widget elementor-widget-theme-post-content\" data-id=\"01c4638\" data-element_type=\"widget\" data-widget_type=\"theme-post-content.default\">\n\t\t\t\t\t\t\t<div data-elementor-type=\"wp-post\" data-elementor-id=\"4491\" class=\"elementor elementor-4491\" data-elementor-post-type=\"post\">\n\t\t\t\t<div class=\"elementor-element elementor-element-3b25ef8 e-flex e-con-boxed e-con e-parent\" data-id=\"3b25ef8\" data-element_type=\"container\">\n\t\t\t\t\t<div class=\"e-con-inner\">\n\t\t\t\t<div class=\"elementor-element elementor-element-12e00c1 elementor-widget elementor-widget-text-editor\" data-id=\"12e00c1\" data-element_type=\"widget\" data-widget_type=\"text-editor.default\">\n\t\t\t\t\t\t\t\t\t<p data-path-to-node=\"4\">El Ateneo de Madrid acogi\u00f3 un acto en memoria de <b data-path-to-node=\"4\" data-index-in-node=\"60\">Mario Vargas Llosa<\/b>, coincidiendo con el primer aniversario de su fallecimiento. El encuentro, organizado por la <a href=\"https:\/\/catedravargasllosa.org\/inicio\/\" target=\"_blank\" rel=\"noopener\">C\u00e1tedra Vargas Llosa<\/a>, cont\u00f3 con la participaci\u00f3n de la <strong>Universidad Internacional de La Rioja<\/strong> (UNIR), en el marco de la colaboraci\u00f3n que ambas entidades mantienen para difundir la cultura y la creaci\u00f3n literaria en la sociedad.<\/p><p>UNIR estuvo presente en el homenaje a trav\u00e9s de <strong>Dory Merino<\/strong>, adjunta para Acci\u00f3n Cultural a la <a href=\"https:\/\/www.unir.net\/universidad-online\/vicerrectorados\/accion-cultural\/\">Vicerrectora de Profesorado y Acci\u00f3n Cultural<\/a>, y <strong>Alfredo T\u00edmermans<\/strong>, director de Pol\u00edticas P\u00fablicas.<\/p><p>Sigue leyendo <a href=\"https:\/\/www.unir.net\/actualidad\/cultura\/unir-y-la-catedra-vargas-llosa-reivindican-el-legado-del-nobel-peruano-en-el-primer-aniversario-de-su-fallecimiento\/?utm_medium=rrss&amp;utm_source=tw&amp;utm_campaign=np-organico_rrss_tw_unireu_eu_es_es_post_blog_int_blog_unir\">aqu\u00ed<\/a>.\u00a0<\/p>\t\t\t\t\t\t\t\t<\/div>\n\t\t\t\t\t<\/div>\n\t\t\t\t<\/div>\n\t\t<div class=\"elementor-element elementor-element-7d196fa e-flex e-con-boxed e-con e-parent\" data-id=\"7d196fa\" data-element_type=\"container\">\n\t\t\t\t\t<div class=\"e-con-inner\">\n\t\t\t\t<div class=\"elementor-element elementor-element-f04ca22 elementor-widget elementor-widget-image\" data-id=\"f04ca22\" data-element_type=\"widget\" data-widget_type=\"image.default\">\n\t\t\t\t\t\t\t\t\t\t\t\t\t\t\t<img loading=\"lazy\" loading=\"lazy\" decoding=\"async\" width=\"1600\" height=\"1066\" src=\"https:\/\/catedravargasllosa.org\/inicio\/wp-content\/uploads\/2026\/04\/HFz3qonWAAAVW_t.jpeg\" class=\"attachment-full size-full wp-image-4492\" alt=\"\" srcset=\"https:\/\/catedravargasllosa.org\/inicio\/wp-content\/uploads\/2026\/04\/HFz3qonWAAAVW_t.jpeg 1600w, https:\/\/catedravargasllosa.org\/inicio\/wp-content\/uploads\/2026\/04\/HFz3qonWAAAVW_t-300x200.jpeg 300w, https:\/\/catedravargasllosa.org\/inicio\/wp-content\/uploads\/2026\/04\/HFz3qonWAAAVW_t-1024x682.jpeg 1024w, https:\/\/catedravargasllosa.org\/inicio\/wp-content\/uploads\/2026\/04\/HFz3qonWAAAVW_t-768x512.jpeg 768w, https:\/\/catedravargasllosa.org\/inicio\/wp-content\/uploads\/2026\/04\/HFz3qonWAAAVW_t-1536x1023.jpeg 1536w\" sizes=\"auto, (max-width: 1600px) 100vw, 1600px\" \/>\t\t\t\t\t\t\t\t\t\t\t\t\t\t\t<\/div>\n\t\t\t\t\t<\/div>\n\t\t\t\t<\/div>\n\t\t\t\t<\/div>\n\t\t\t\t\t\t<\/div>\n\t\t\t\t<div class=\"elementor-element elementor-element-0f8e241 elementor-widget elementor-widget-theme-post-title elementor-page-title elementor-widget-heading\" data-id=\"0f8e241\" data-element_type=\"widget\" data-widget_type=\"theme-post-title.default\">\n\t\t\t\t\t<h1 class=\"elementor-heading-title elementor-size-default\">Nota de prensa: UNIR y la C\u00e1tedra Vargas Llosa reivindican el legado del Nobel peruano en el primer aniversario de su fallecimiento &#8211; 22 de abril de 2026<\/h1>\t\t\t\t<\/div>\n\t\t\t\t<\/div>\n\t\t\t\t<\/div>\n\t\t\t\t<div data-elementor-type=\"loop-item\" data-elementor-id=\"686\" class=\"elementor elementor-686 e-loop-item e-loop-item-4478 post-4478 post type-post status-publish format-standard has-post-thumbnail hentry category-actividades-universidades\" data-elementor-post-type=\"elementor_library\" data-custom-edit-handle=\"1\">\n\t\t\t<div class=\"elementor-element elementor-element-872fe81 e-con-full e-flex e-con e-parent\" data-id=\"872fe81\" data-element_type=\"container\">\n\t\t\t\t<div class=\"elementor-element elementor-element-8a2132f elementor-widget elementor-widget-post-info\" data-id=\"8a2132f\" data-element_type=\"widget\" data-widget_type=\"post-info.default\">\n\t\t\t\t\t\t\t<ul class=\"elementor-inline-items elementor-icon-list-items elementor-post-info\">\n\t\t\t\t\t\t\t\t<li class=\"elementor-icon-list-item elementor-repeater-item-d1107a2 elementor-inline-item\" itemprop=\"datePublished\">\n\t\t\t\t\t\t\t\t\t\t\t\t\t<span class=\"elementor-icon-list-text elementor-post-info__item elementor-post-info__item--type-date\">\n\t\t\t\t\t\t\t\t\t\t<time>abril 17, 2026<\/time>\t\t\t\t\t<\/span>\n\t\t\t\t\t\t\t\t<\/li>\n\t\t\t\t<\/ul>\n\t\t\t\t\t\t<\/div>\n\t\t\t\t<div class=\"elementor-element elementor-element-01c4638 elementor-widget__width-initial elementor-widget elementor-widget-theme-post-content\" data-id=\"01c4638\" data-element_type=\"widget\" data-widget_type=\"theme-post-content.default\">\n\t\t\t\t\t\t\t<div data-elementor-type=\"wp-post\" data-elementor-id=\"4478\" class=\"elementor elementor-4478\" data-elementor-post-type=\"post\">\n\t\t\t\t<div class=\"elementor-element elementor-element-63feae6 e-flex e-con-boxed e-con e-parent\" data-id=\"63feae6\" data-element_type=\"container\">\n\t\t\t\t\t<div class=\"e-con-inner\">\n\t\t\t\t<div class=\"elementor-element elementor-element-4c873a2 elementor-widget elementor-widget-text-editor\" data-id=\"4c873a2\" data-element_type=\"widget\" data-widget_type=\"text-editor.default\">\n\t\t\t\t\t\t\t\t\t<p>La Universidad Nacional Mayor de San Marcos, en colaboraci\u00f3n con la C\u00e1tedra Vargas Llosa, \u00a0estren\u00f3 \u201cVargas Llosa en escena\u201d, una propuesta que une literatura, investigaci\u00f3n y creaci\u00f3n desde las aulas de la Facultad de Letras y Ciencias Humanas.<\/p><p>Presentada en el Teatro Auditorio Mario Vargas Llosa de la Biblioteca Nacional del Per\u00fa, la obra transforma el universo del Nobel peruano en una experiencia esc\u00e9nica, donde la palabra cobra vida a trav\u00e9s de la interpretaci\u00f3n.<\/p><p>Lee la nota completa <a href=\"https:\/\/www.unmsm.edu.pe\/noticias-y-eventos\/noticias\/noticia-detalle\/san-marcos-llevo-a-escena-el-universo-de-vargas-llosa-en-un-estreno-que-unio-literatura-investigacion-y-creacion\">aqu\u00ed<\/a>.\u00a0<\/p>\t\t\t\t\t\t\t\t<\/div>\n\t\t\t\t\t<\/div>\n\t\t\t\t<\/div>\n\t\t<div class=\"elementor-element elementor-element-265b4e6 e-flex e-con-boxed e-con e-parent\" data-id=\"265b4e6\" data-element_type=\"container\">\n\t\t\t\t\t<div class=\"e-con-inner\">\n\t\t\t\t<div class=\"elementor-element elementor-element-f660b2e elementor-widget elementor-widget-gallery\" data-id=\"f660b2e\" data-element_type=\"widget\" data-settings=\"{&quot;columns&quot;:2,&quot;lazyload&quot;:&quot;yes&quot;,&quot;gallery_layout&quot;:&quot;grid&quot;,&quot;columns_tablet&quot;:2,&quot;columns_mobile&quot;:1,&quot;gap&quot;:{&quot;unit&quot;:&quot;px&quot;,&quot;size&quot;:10,&quot;sizes&quot;:[]},&quot;gap_tablet&quot;:{&quot;unit&quot;:&quot;px&quot;,&quot;size&quot;:10,&quot;sizes&quot;:[]},&quot;gap_mobile&quot;:{&quot;unit&quot;:&quot;px&quot;,&quot;size&quot;:10,&quot;sizes&quot;:[]},&quot;link_to&quot;:&quot;file&quot;,&quot;aspect_ratio&quot;:&quot;3:2&quot;,&quot;overlay_background&quot;:&quot;yes&quot;,&quot;content_hover_animation&quot;:&quot;fade-in&quot;}\" data-widget_type=\"gallery.default\">\n\t\t\t\t\t\t\t<div class=\"elementor-gallery__container\">\n\t\t\t\t\t\t\t<a class=\"e-gallery-item elementor-gallery-item elementor-animated-content\" href=\"https:\/\/catedravargasllosa.org\/inicio\/wp-content\/uploads\/2026\/04\/HGmf7IfX0AAYBGO-scaled.jpeg\" data-elementor-open-lightbox=\"yes\" data-elementor-lightbox-slideshow=\"f660b2e\" data-elementor-lightbox-title=\"HGmf7IfX0AAYBGO\" data-e-action-hash=\"#elementor-action%3Aaction%3Dlightbox%26settings%3DeyJpZCI6NDQ4MiwidXJsIjoiaHR0cHM6XC9cL2NhdGVkcmF2YXJnYXNsbG9zYS5vcmdcL2luaWNpb1wvd3AtY29udGVudFwvdXBsb2Fkc1wvMjAyNlwvMDRcL0hHbWY3SWZYMEFBWUJHTy1zY2FsZWQuanBlZyIsInNsaWRlc2hvdyI6ImY2NjBiMmUifQ%3D%3D\">\n\t\t\t\t\t<div class=\"e-gallery-image elementor-gallery-item__image\" data-thumbnail=\"https:\/\/catedravargasllosa.org\/inicio\/wp-content\/uploads\/2026\/04\/HGmf7IfX0AAYBGO-scaled.jpeg\" data-width=\"2560\" data-height=\"1707\" aria-label=\"\" role=\"img\" ><\/div>\n\t\t\t\t\t\t\t\t\t\t\t<div class=\"elementor-gallery-item__overlay\"><\/div>\n\t\t\t\t\t\t\t\t\t\t\t\t\t\t<\/a>\n\t\t\t\t\t\t\t<a class=\"e-gallery-item elementor-gallery-item elementor-animated-content\" href=\"https:\/\/catedravargasllosa.org\/inicio\/wp-content\/uploads\/2026\/04\/HGmf7IiWsAABPlA-scaled.jpeg\" data-elementor-open-lightbox=\"yes\" data-elementor-lightbox-slideshow=\"f660b2e\" data-elementor-lightbox-title=\"HGmf7IiWsAABPlA\" data-e-action-hash=\"#elementor-action%3Aaction%3Dlightbox%26settings%3DeyJpZCI6NDQ4MywidXJsIjoiaHR0cHM6XC9cL2NhdGVkcmF2YXJnYXNsbG9zYS5vcmdcL2luaWNpb1wvd3AtY29udGVudFwvdXBsb2Fkc1wvMjAyNlwvMDRcL0hHbWY3SWlXc0FBQlBsQS1zY2FsZWQuanBlZyIsInNsaWRlc2hvdyI6ImY2NjBiMmUifQ%3D%3D\">\n\t\t\t\t\t<div class=\"e-gallery-image elementor-gallery-item__image\" data-thumbnail=\"https:\/\/catedravargasllosa.org\/inicio\/wp-content\/uploads\/2026\/04\/HGmf7IiWsAABPlA-scaled.jpeg\" data-width=\"2560\" data-height=\"1707\" aria-label=\"\" role=\"img\" ><\/div>\n\t\t\t\t\t\t\t\t\t\t\t<div class=\"elementor-gallery-item__overlay\"><\/div>\n\t\t\t\t\t\t\t\t\t\t\t\t\t\t<\/a>\n\t\t\t\t\t\t\t<a class=\"e-gallery-item elementor-gallery-item elementor-animated-content\" href=\"https:\/\/catedravargasllosa.org\/inicio\/wp-content\/uploads\/2026\/04\/HGmf7IlWMAE3HHT-scaled.jpeg\" data-elementor-open-lightbox=\"yes\" data-elementor-lightbox-slideshow=\"f660b2e\" data-elementor-lightbox-title=\"HGmf7IlWMAE3HHT\" data-e-action-hash=\"#elementor-action%3Aaction%3Dlightbox%26settings%3DeyJpZCI6NDQ4NCwidXJsIjoiaHR0cHM6XC9cL2NhdGVkcmF2YXJnYXNsbG9zYS5vcmdcL2luaWNpb1wvd3AtY29udGVudFwvdXBsb2Fkc1wvMjAyNlwvMDRcL0hHbWY3SWxXTUFFM0hIVC1zY2FsZWQuanBlZyIsInNsaWRlc2hvdyI6ImY2NjBiMmUifQ%3D%3D\">\n\t\t\t\t\t<div class=\"e-gallery-image elementor-gallery-item__image\" data-thumbnail=\"https:\/\/catedravargasllosa.org\/inicio\/wp-content\/uploads\/2026\/04\/HGmf7IlWMAE3HHT-scaled.jpeg\" data-width=\"2560\" data-height=\"1707\" aria-label=\"\" role=\"img\" ><\/div>\n\t\t\t\t\t\t\t\t\t\t\t<div class=\"elementor-gallery-item__overlay\"><\/div>\n\t\t\t\t\t\t\t\t\t\t\t\t\t\t<\/a>\n\t\t\t\t\t\t\t<a class=\"e-gallery-item elementor-gallery-item elementor-animated-content\" href=\"https:\/\/catedravargasllosa.org\/inicio\/wp-content\/uploads\/2026\/04\/HGOIEjWX0AA9uoN-1.jpeg\" data-elementor-open-lightbox=\"yes\" data-elementor-lightbox-slideshow=\"f660b2e\" data-elementor-lightbox-title=\"HGOIEjWX0AA9uoN\" data-e-action-hash=\"#elementor-action%3Aaction%3Dlightbox%26settings%3DeyJpZCI6NDQ4NSwidXJsIjoiaHR0cHM6XC9cL2NhdGVkcmF2YXJnYXNsbG9zYS5vcmdcL2luaWNpb1wvd3AtY29udGVudFwvdXBsb2Fkc1wvMjAyNlwvMDRcL0hHT0lFaldYMEFBOXVvTi0xLmpwZWciLCJzbGlkZXNob3ciOiJmNjYwYjJlIn0%3D\">\n\t\t\t\t\t<div class=\"e-gallery-image elementor-gallery-item__image\" data-thumbnail=\"https:\/\/catedravargasllosa.org\/inicio\/wp-content\/uploads\/2026\/04\/HGOIEjWX0AA9uoN-1.jpeg\" data-width=\"2080\" data-height=\"1387\" aria-label=\"\" role=\"img\" ><\/div>\n\t\t\t\t\t\t\t\t\t\t\t<div class=\"elementor-gallery-item__overlay\"><\/div>\n\t\t\t\t\t\t\t\t\t\t\t\t\t\t<\/a>\n\t\t\t\t\t\t\t<a class=\"e-gallery-item elementor-gallery-item elementor-animated-content\" href=\"https:\/\/catedravargasllosa.org\/inicio\/wp-content\/uploads\/2026\/04\/HGOIElNW4AA-5Ea.jpeg\" data-elementor-open-lightbox=\"yes\" data-elementor-lightbox-slideshow=\"f660b2e\" data-elementor-lightbox-title=\"HGOIElNW4AA-5Ea\" data-e-action-hash=\"#elementor-action%3Aaction%3Dlightbox%26settings%3DeyJpZCI6NDQ4NiwidXJsIjoiaHR0cHM6XC9cL2NhdGVkcmF2YXJnYXNsbG9zYS5vcmdcL2luaWNpb1wvd3AtY29udGVudFwvdXBsb2Fkc1wvMjAyNlwvMDRcL0hHT0lFbE5XNEFBLTVFYS5qcGVnIiwic2xpZGVzaG93IjoiZjY2MGIyZSJ9\">\n\t\t\t\t\t<div class=\"e-gallery-image elementor-gallery-item__image\" data-thumbnail=\"https:\/\/catedravargasllosa.org\/inicio\/wp-content\/uploads\/2026\/04\/HGOIElNW4AA-5Ea.jpeg\" data-width=\"2080\" data-height=\"1387\" aria-label=\"\" role=\"img\" ><\/div>\n\t\t\t\t\t\t\t\t\t\t\t<div class=\"elementor-gallery-item__overlay\"><\/div>\n\t\t\t\t\t\t\t\t\t\t\t\t\t\t<\/a>\n\t\t\t\t\t\t\t<a class=\"e-gallery-item elementor-gallery-item elementor-animated-content\" href=\"https:\/\/catedravargasllosa.org\/inicio\/wp-content\/uploads\/2026\/04\/HGOIEmxbgAA0cN9.jpeg\" data-elementor-open-lightbox=\"yes\" data-elementor-lightbox-slideshow=\"f660b2e\" data-elementor-lightbox-title=\"HGOIEmxbgAA0cN9\" data-e-action-hash=\"#elementor-action%3Aaction%3Dlightbox%26settings%3DeyJpZCI6NDQ4NywidXJsIjoiaHR0cHM6XC9cL2NhdGVkcmF2YXJnYXNsbG9zYS5vcmdcL2luaWNpb1wvd3AtY29udGVudFwvdXBsb2Fkc1wvMjAyNlwvMDRcL0hHT0lFbXhiZ0FBMGNOOS5qcGVnIiwic2xpZGVzaG93IjoiZjY2MGIyZSJ9\">\n\t\t\t\t\t<div class=\"e-gallery-image elementor-gallery-item__image\" data-thumbnail=\"https:\/\/catedravargasllosa.org\/inicio\/wp-content\/uploads\/2026\/04\/HGOIEmxbgAA0cN9.jpeg\" data-width=\"2080\" data-height=\"1387\" aria-label=\"\" role=\"img\" ><\/div>\n\t\t\t\t\t\t\t\t\t\t\t<div class=\"elementor-gallery-item__overlay\"><\/div>\n\t\t\t\t\t\t\t\t\t\t\t\t\t\t<\/a>\n\t\t\t\t\t<\/div>\n\t\t\t\t\t<\/div>\n\t\t\t\t\t<\/div>\n\t\t\t\t<\/div>\n\t\t\t\t<\/div>\n\t\t\t\t\t\t<\/div>\n\t\t\t\t<div class=\"elementor-element elementor-element-0f8e241 elementor-widget elementor-widget-theme-post-title elementor-page-title elementor-widget-heading\" data-id=\"0f8e241\" data-element_type=\"widget\" data-widget_type=\"theme-post-title.default\">\n\t\t\t\t\t<h1 class=\"elementor-heading-title elementor-size-default\">Presentaci\u00f3n de \u00abVargas Llosa en escena\u00bb (UNMSM) &#8211; 17 de abril de 2026<\/h1>\t\t\t\t<\/div>\n\t\t\t\t<\/div>\n\t\t\t\t<\/div>\n\t\t\t\t<div data-elementor-type=\"loop-item\" data-elementor-id=\"686\" class=\"elementor elementor-686 e-loop-item e-loop-item-4318 post-4318 post type-post status-publish format-standard has-post-thumbnail hentry category-actividades-universidades\" data-elementor-post-type=\"elementor_library\" data-custom-edit-handle=\"1\">\n\t\t\t<div class=\"elementor-element elementor-element-872fe81 e-con-full e-flex e-con e-parent\" data-id=\"872fe81\" data-element_type=\"container\">\n\t\t\t\t<div class=\"elementor-element elementor-element-8a2132f elementor-widget elementor-widget-post-info\" data-id=\"8a2132f\" data-element_type=\"widget\" data-widget_type=\"post-info.default\">\n\t\t\t\t\t\t\t<ul class=\"elementor-inline-items elementor-icon-list-items elementor-post-info\">\n\t\t\t\t\t\t\t\t<li class=\"elementor-icon-list-item elementor-repeater-item-d1107a2 elementor-inline-item\" itemprop=\"datePublished\">\n\t\t\t\t\t\t\t\t\t\t\t\t\t<span class=\"elementor-icon-list-text elementor-post-info__item elementor-post-info__item--type-date\">\n\t\t\t\t\t\t\t\t\t\t<time>marzo 24, 2026<\/time>\t\t\t\t\t<\/span>\n\t\t\t\t\t\t\t\t<\/li>\n\t\t\t\t<\/ul>\n\t\t\t\t\t\t<\/div>\n\t\t\t\t<div class=\"elementor-element elementor-element-01c4638 elementor-widget__width-initial elementor-widget elementor-widget-theme-post-content\" data-id=\"01c4638\" data-element_type=\"widget\" data-widget_type=\"theme-post-content.default\">\n\t\t\t\t\t\t\t<div data-elementor-type=\"wp-post\" data-elementor-id=\"4318\" class=\"elementor elementor-4318\" data-elementor-post-type=\"post\">\n\t\t\t\t<div class=\"elementor-element elementor-element-81ae392 e-flex e-con-boxed e-con e-parent\" data-id=\"81ae392\" data-element_type=\"container\">\n\t\t\t\t\t<div class=\"e-con-inner\">\n\t\t\t\t<div class=\"elementor-element elementor-element-0c44269 elementor-widget elementor-widget-text-editor\" data-id=\"0c44269\" data-element_type=\"widget\" data-widget_type=\"text-editor.default\">\n\t\t\t\t\t\t\t\t\t<p>Este espacio ser\u00e1 una oportunidad para reflexionar junto a la reconocida fil\u00f3sofa Victoria Camps sobre la importancia de la duda en el debate contempor\u00e1neo.\u00a0<\/p><p>Modalidad: Online<\/p>\t\t\t\t\t\t\t\t<\/div>\n\t\t\t\t\t<\/div>\n\t\t\t\t<\/div>\n\t\t<div class=\"elementor-element elementor-element-31c3735 e-flex e-con-boxed e-con e-parent\" data-id=\"31c3735\" data-element_type=\"container\">\n\t\t\t\t\t<div class=\"e-con-inner\">\n\t\t\t\t<div class=\"elementor-element elementor-element-f1dea38 elementor-widget elementor-widget-image\" data-id=\"f1dea38\" data-element_type=\"widget\" data-widget_type=\"image.default\">\n\t\t\t\t\t\t\t\t\t\t\t\t\t\t\t<img loading=\"lazy\" loading=\"lazy\" decoding=\"async\" width=\"1080\" height=\"1080\" src=\"https:\/\/catedravargasllosa.org\/inicio\/wp-content\/uploads\/2026\/03\/WhatsApp-Image-2026-03-04-at-6.53.37-PM.jpeg\" class=\"attachment-full size-full wp-image-4319\" alt=\"\" srcset=\"https:\/\/catedravargasllosa.org\/inicio\/wp-content\/uploads\/2026\/03\/WhatsApp-Image-2026-03-04-at-6.53.37-PM.jpeg 1080w, https:\/\/catedravargasllosa.org\/inicio\/wp-content\/uploads\/2026\/03\/WhatsApp-Image-2026-03-04-at-6.53.37-PM-300x300.jpeg 300w, https:\/\/catedravargasllosa.org\/inicio\/wp-content\/uploads\/2026\/03\/WhatsApp-Image-2026-03-04-at-6.53.37-PM-1024x1024.jpeg 1024w, https:\/\/catedravargasllosa.org\/inicio\/wp-content\/uploads\/2026\/03\/WhatsApp-Image-2026-03-04-at-6.53.37-PM-150x150.jpeg 150w, https:\/\/catedravargasllosa.org\/inicio\/wp-content\/uploads\/2026\/03\/WhatsApp-Image-2026-03-04-at-6.53.37-PM-768x768.jpeg 768w\" sizes=\"auto, (max-width: 1080px) 100vw, 1080px\" \/>\t\t\t\t\t\t\t\t\t\t\t\t\t\t\t<\/div>\n\t\t\t\t\t<\/div>\n\t\t\t\t<\/div>\n\t\t\t\t<\/div>\n\t\t\t\t\t\t<\/div>\n\t\t\t\t<div class=\"elementor-element elementor-element-0f8e241 elementor-widget elementor-widget-theme-post-title elementor-page-title elementor-widget-heading\" data-id=\"0f8e241\" data-element_type=\"widget\" data-widget_type=\"theme-post-title.default\">\n\t\t\t\t\t<h1 class=\"elementor-heading-title elementor-size-default\">Conversatorio con Victoria Camps, Universidad de las Am\u00e9ricas (UDLA) &#8211; 24 de marzo de 2026<\/h1>\t\t\t\t<\/div>\n\t\t\t\t<\/div>\n\t\t\t\t<\/div>\n\t\t\t\t<\/div>\n\t\t\n\t\t\t\t\t\t<\/div>\n\t\t\t\t\t<\/div>\n\t\t\t\t<\/div>\n\t\t\t\t<\/div>\n\t\t","protected":false},"excerpt":{"rendered":"<p>ACTIVIDADES TODAS LAS ACTIVIDADES CON UNIVERSIDADES Descubre todas las actividades que realiza la c\u00e1tedra en colaboraci\u00f3n con universidades hispanohablantes.<\/p>\n","protected":false},"author":1,"featured_media":0,"parent":0,"menu_order":0,"comment_status":"closed","ping_status":"closed","template":"elementor_header_footer","meta":{"_acf_changed":false,"footnotes":""},"class_list":["post-1162","page","type-page","status-publish","hentry"],"acf":[],"yoast_head":"<!-- This site is optimized with the Yoast SEO plugin v25.0 - https:\/\/yoast.com\/wordpress\/plugins\/seo\/ -->\n<title>Actividades con las universidades - C\u00e1tedra Vargas Llosa<\/title>\n<meta name=\"robots\" content=\"index, follow, max-snippet:-1, max-image-preview:large, max-video-preview:-1\" \/>\n<link rel=\"canonical\" href=\"https:\/\/catedravargasllosa.org\/inicio\/index.php\/actividades-con-las-universidades\/\" \/>\n<meta property=\"og:locale\" content=\"es_ES\" \/>\n<meta property=\"og:type\" content=\"article\" \/>\n<meta property=\"og:title\" content=\"Actividades con las universidades - C\u00e1tedra Vargas Llosa\" \/>\n<meta property=\"og:description\" content=\"ACTIVIDADES TODAS LAS ACTIVIDADES CON UNIVERSIDADES Descubre todas las actividades que realiza la c\u00e1tedra en colaboraci\u00f3n con universidades hispanohablantes.\" \/>\n<meta property=\"og:url\" content=\"https:\/\/catedravargasllosa.org\/inicio\/index.php\/actividades-con-las-universidades\/\" \/>\n<meta property=\"og:site_name\" content=\"C\u00e1tedra Vargas Llosa\" \/>\n<meta property=\"article:modified_time\" content=\"2024-09-04T20:32:58+00:00\" \/>\n<meta name=\"twitter:card\" content=\"summary_large_image\" \/>\n<meta name=\"twitter:label1\" content=\"Tiempo de lectura\" \/>\n\t<meta name=\"twitter:data1\" content=\"1 minuto\" \/>\n<script type=\"application\/ld+json\" class=\"yoast-schema-graph\">{\"@context\":\"https:\/\/schema.org\",\"@graph\":[{\"@type\":\"WebPage\",\"@id\":\"https:\/\/catedravargasllosa.org\/inicio\/index.php\/actividades-con-las-universidades\/\",\"url\":\"https:\/\/catedravargasllosa.org\/inicio\/index.php\/actividades-con-las-universidades\/\",\"name\":\"Actividades con las universidades - C\u00e1tedra Vargas Llosa\",\"isPartOf\":{\"@id\":\"https:\/\/catedravargasllosa.org\/inicio\/#website\"},\"datePublished\":\"2024-08-05T14:05:14+00:00\",\"dateModified\":\"2024-09-04T20:32:58+00:00\",\"breadcrumb\":{\"@id\":\"https:\/\/catedravargasllosa.org\/inicio\/index.php\/actividades-con-las-universidades\/#breadcrumb\"},\"inLanguage\":\"es\",\"potentialAction\":[{\"@type\":\"ReadAction\",\"target\":[\"https:\/\/catedravargasllosa.org\/inicio\/index.php\/actividades-con-las-universidades\/\"]}]},{\"@type\":\"BreadcrumbList\",\"@id\":\"https:\/\/catedravargasllosa.org\/inicio\/index.php\/actividades-con-las-universidades\/#breadcrumb\",\"itemListElement\":[{\"@type\":\"ListItem\",\"position\":1,\"name\":\"Portada\",\"item\":\"https:\/\/catedravargasllosa.org\/inicio\/\"},{\"@type\":\"ListItem\",\"position\":2,\"name\":\"Actividades con las universidades\"}]},{\"@type\":\"WebSite\",\"@id\":\"https:\/\/catedravargasllosa.org\/inicio\/#website\",\"url\":\"https:\/\/catedravargasllosa.org\/inicio\/\",\"name\":\"C\u00e1tedra Vargas Llosa\",\"description\":\"Nuestro prop&oacute;sito es fomentar el estudio de la literatura contempor&aacute;nea\",\"publisher\":{\"@id\":\"https:\/\/catedravargasllosa.org\/inicio\/#organization\"},\"potentialAction\":[{\"@type\":\"SearchAction\",\"target\":{\"@type\":\"EntryPoint\",\"urlTemplate\":\"https:\/\/catedravargasllosa.org\/inicio\/?s={search_term_string}\"},\"query-input\":{\"@type\":\"PropertyValueSpecification\",\"valueRequired\":true,\"valueName\":\"search_term_string\"}}],\"inLanguage\":\"es\"},{\"@type\":\"Organization\",\"@id\":\"https:\/\/catedravargasllosa.org\/inicio\/#organization\",\"name\":\"C\u00e1tedra Vargas Llosa\",\"url\":\"https:\/\/catedravargasllosa.org\/inicio\/\",\"logo\":{\"@type\":\"ImageObject\",\"inLanguage\":\"es\",\"@id\":\"https:\/\/catedravargasllosa.org\/inicio\/#\/schema\/logo\/image\/\",\"url\":\"https:\/\/catedravargasllosa.org\/inicio\/wp-content\/uploads\/2024\/05\/cropped-logo-vargas-llosa-1.png\",\"contentUrl\":\"https:\/\/catedravargasllosa.org\/inicio\/wp-content\/uploads\/2024\/05\/cropped-logo-vargas-llosa-1.png\",\"width\":350,\"height\":100,\"caption\":\"C\u00e1tedra Vargas Llosa\"},\"image\":{\"@id\":\"https:\/\/catedravargasllosa.org\/inicio\/#\/schema\/logo\/image\/\"}}]}<\/script>\n<!-- \/ Yoast SEO plugin. -->","yoast_head_json":{"title":"Actividades con las universidades - C\u00e1tedra Vargas Llosa","robots":{"index":"index","follow":"follow","max-snippet":"max-snippet:-1","max-image-preview":"max-image-preview:large","max-video-preview":"max-video-preview:-1"},"canonical":"https:\/\/catedravargasllosa.org\/inicio\/index.php\/actividades-con-las-universidades\/","og_locale":"es_ES","og_type":"article","og_title":"Actividades con las universidades - C\u00e1tedra Vargas Llosa","og_description":"ACTIVIDADES TODAS LAS ACTIVIDADES CON UNIVERSIDADES Descubre todas las actividades que realiza la c\u00e1tedra en colaboraci\u00f3n con universidades hispanohablantes.","og_url":"https:\/\/catedravargasllosa.org\/inicio\/index.php\/actividades-con-las-universidades\/","og_site_name":"C\u00e1tedra Vargas Llosa","article_modified_time":"2024-09-04T20:32:58+00:00","twitter_card":"summary_large_image","twitter_misc":{"Tiempo de lectura":"1 minuto"},"schema":{"@context":"https:\/\/schema.org","@graph":[{"@type":"WebPage","@id":"https:\/\/catedravargasllosa.org\/inicio\/index.php\/actividades-con-las-universidades\/","url":"https:\/\/catedravargasllosa.org\/inicio\/index.php\/actividades-con-las-universidades\/","name":"Actividades con las universidades - C\u00e1tedra Vargas Llosa","isPartOf":{"@id":"https:\/\/catedravargasllosa.org\/inicio\/#website"},"datePublished":"2024-08-05T14:05:14+00:00","dateModified":"2024-09-04T20:32:58+00:00","breadcrumb":{"@id":"https:\/\/catedravargasllosa.org\/inicio\/index.php\/actividades-con-las-universidades\/#breadcrumb"},"inLanguage":"es","potentialAction":[{"@type":"ReadAction","target":["https:\/\/catedravargasllosa.org\/inicio\/index.php\/actividades-con-las-universidades\/"]}]},{"@type":"BreadcrumbList","@id":"https:\/\/catedravargasllosa.org\/inicio\/index.php\/actividades-con-las-universidades\/#breadcrumb","itemListElement":[{"@type":"ListItem","position":1,"name":"Portada","item":"https:\/\/catedravargasllosa.org\/inicio\/"},{"@type":"ListItem","position":2,"name":"Actividades con las universidades"}]},{"@type":"WebSite","@id":"https:\/\/catedravargasllosa.org\/inicio\/#website","url":"https:\/\/catedravargasllosa.org\/inicio\/","name":"C\u00e1tedra Vargas Llosa","description":"Nuestro prop&oacute;sito es fomentar el estudio de la literatura contempor&aacute;nea","publisher":{"@id":"https:\/\/catedravargasllosa.org\/inicio\/#organization"},"potentialAction":[{"@type":"SearchAction","target":{"@type":"EntryPoint","urlTemplate":"https:\/\/catedravargasllosa.org\/inicio\/?s={search_term_string}"},"query-input":{"@type":"PropertyValueSpecification","valueRequired":true,"valueName":"search_term_string"}}],"inLanguage":"es"},{"@type":"Organization","@id":"https:\/\/catedravargasllosa.org\/inicio\/#organization","name":"C\u00e1tedra Vargas Llosa","url":"https:\/\/catedravargasllosa.org\/inicio\/","logo":{"@type":"ImageObject","inLanguage":"es","@id":"https:\/\/catedravargasllosa.org\/inicio\/#\/schema\/logo\/image\/","url":"https:\/\/catedravargasllosa.org\/inicio\/wp-content\/uploads\/2024\/05\/cropped-logo-vargas-llosa-1.png","contentUrl":"https:\/\/catedravargasllosa.org\/inicio\/wp-content\/uploads\/2024\/05\/cropped-logo-vargas-llosa-1.png","width":350,"height":100,"caption":"C\u00e1tedra Vargas Llosa"},"image":{"@id":"https:\/\/catedravargasllosa.org\/inicio\/#\/schema\/logo\/image\/"}}]}},"_links":{"self":[{"href":"https:\/\/catedravargasllosa.org\/inicio\/index.php\/wp-json\/wp\/v2\/pages\/1162","targetHints":{"allow":["GET"]}}],"collection":[{"href":"https:\/\/catedravargasllosa.org\/inicio\/index.php\/wp-json\/wp\/v2\/pages"}],"about":[{"href":"https:\/\/catedravargasllosa.org\/inicio\/index.php\/wp-json\/wp\/v2\/types\/page"}],"author":[{"embeddable":true,"href":"https:\/\/catedravargasllosa.org\/inicio\/index.php\/wp-json\/wp\/v2\/users\/1"}],"replies":[{"embeddable":true,"href":"https:\/\/catedravargasllosa.org\/inicio\/index.php\/wp-json\/wp\/v2\/comments?post=1162"}],"version-history":[{"count":10,"href":"https:\/\/catedravargasllosa.org\/inicio\/index.php\/wp-json\/wp\/v2\/pages\/1162\/revisions"}],"predecessor-version":[{"id":1327,"href":"https:\/\/catedravargasllosa.org\/inicio\/index.php\/wp-json\/wp\/v2\/pages\/1162\/revisions\/1327"}],"wp:attachment":[{"href":"https:\/\/catedravargasllosa.org\/inicio\/index.php\/wp-json\/wp\/v2\/media?parent=1162"}],"curies":[{"name":"wp","href":"https:\/\/api.w.org\/{rel}","templated":true}]}}