{"id":103,"date":"2024-05-24T09:00:13","date_gmt":"2024-05-24T09:00:13","guid":{"rendered":"http:\/\/catedravargasllosa.org\/inicio\/?page_id=103"},"modified":"2026-04-30T18:42:45","modified_gmt":"2026-04-30T18:42:45","slug":"premio-periodismo-joven","status":"publish","type":"page","link":"https:\/\/catedravargasllosa.org\/inicio\/index.php\/premio-periodismo-joven\/","title":{"rendered":"Premio de Periodismo Joven"},"content":{"rendered":"\t\t<div data-elementor-type=\"wp-page\" data-elementor-id=\"103\" class=\"elementor elementor-103\" data-elementor-post-type=\"page\">\n\t\t\t\t<div class=\"elementor-element elementor-element-61d2ae0 e-flex e-con-boxed e-con e-parent\" data-id=\"61d2ae0\" data-element_type=\"container\">\n\t\t\t\t\t<div class=\"e-con-inner\">\n\t\t<div class=\"elementor-element elementor-element-8b3a8d5 e-con-full e-flex e-con e-child\" data-id=\"8b3a8d5\" data-element_type=\"container\">\n\t\t\t\t<div class=\"elementor-element elementor-element-0c38e50 animated-slow elementor-invisible elementor-widget elementor-widget-heading\" data-id=\"0c38e50\" data-element_type=\"widget\" data-settings=\"{&quot;_animation&quot;:&quot;fadeIn&quot;}\" data-widget_type=\"heading.default\">\n\t\t\t\t\t<h1 class=\"elementor-heading-title elementor-size-default\">Premio de <span style=\"color:#628EAA;\">Periodismo Joven<\/span> vi edici\u00f3n<\/h1>\t\t\t\t<\/div>\n\t\t\t\t<\/div>\n\t\t<div class=\"elementor-element elementor-element-6187551 e-con-full e-flex e-con e-child\" data-id=\"6187551\" data-element_type=\"container\">\n\t\t\t\t<div class=\"elementor-element elementor-element-42a153c animated-slow elementor-invisible elementor-widget elementor-widget-image\" data-id=\"42a153c\" data-element_type=\"widget\" data-settings=\"{&quot;_animation&quot;:&quot;fadeIn&quot;}\" data-widget_type=\"image.default\">\n\t\t\t\t\t\t\t\t\t\t\t\t\t\t\t<img fetchpriority=\"high\" decoding=\"async\" width=\"800\" height=\"200\" src=\"https:\/\/catedravargasllosa.org\/inicio\/wp-content\/uploads\/2026\/04\/Banner-Web-1024x256.png\" class=\"attachment-large size-large wp-image-4581\" alt=\"\" srcset=\"https:\/\/catedravargasllosa.org\/inicio\/wp-content\/uploads\/2026\/04\/Banner-Web-1024x256.png 1024w, https:\/\/catedravargasllosa.org\/inicio\/wp-content\/uploads\/2026\/04\/Banner-Web-300x75.png 300w, https:\/\/catedravargasllosa.org\/inicio\/wp-content\/uploads\/2026\/04\/Banner-Web-768x192.png 768w, https:\/\/catedravargasllosa.org\/inicio\/wp-content\/uploads\/2026\/04\/Banner-Web-1536x384.png 1536w, https:\/\/catedravargasllosa.org\/inicio\/wp-content\/uploads\/2026\/04\/Banner-Web.png 1584w\" sizes=\"(max-width: 800px) 100vw, 800px\" \/>\t\t\t\t\t\t\t\t\t\t\t\t\t\t\t<\/div>\n\t\t\t\t<\/div>\n\t\t\t\t\t<\/div>\n\t\t\t\t<\/div>\n\t\t<div class=\"elementor-element elementor-element-816d015 e-flex e-con-boxed e-con e-parent\" data-id=\"816d015\" data-element_type=\"container\">\n\t\t\t\t\t<div class=\"e-con-inner\">\n\t\t<div class=\"elementor-element elementor-element-13734b4 e-con-full e-flex e-con e-child\" data-id=\"13734b4\" data-element_type=\"container\">\n\t\t\t\t<div class=\"elementor-element elementor-element-c2c1ae7 animated-slow elementor-invisible elementor-widget elementor-widget-text-editor\" data-id=\"c2c1ae7\" data-element_type=\"widget\" data-settings=\"{&quot;_animation&quot;:&quot;fadeIn&quot;}\" data-widget_type=\"text-editor.default\">\n\t\t\t\t\t\t\t\t\t<p data-start=\"0\" data-end=\"766\">Caminos de la Libertad y la <span class=\"hover:entity-accent entity-underline inline cursor-pointer align-baseline\"><span class=\"whitespace-normal\">C\u00e1tedra Vargas Llosa<\/span><\/span> convocan el <strong>VI Premio de Periodismo Joven \u00abCarlos Alberto Montaner\u00bb<\/strong>, destinado a reconocer la excelencia, el rigor y la defensa del liberalismo en el ejercicio period\u00edstico. El galard\u00f3n, que homenajea al periodista <span class=\"hover:entity-accent entity-underline inline cursor-pointer align-baseline\"><span class=\"whitespace-normal\">Carlos Alberto Montaner<\/span><\/span>, est\u00e1 dirigido a periodistas menores de 35 a\u00f1os de cualquier nacionalidad. Podr\u00e1n presentarse trabajos originales en espa\u00f1ol publicados entre el 25 de octubre de 2025 y el 25 de octubre de 2026 en prensa escrita, radio, televisi\u00f3n o medios digitales, en las categor\u00edas de cr\u00f3nica, opini\u00f3n-ensayo e investigaci\u00f3n period\u00edstica. Las obras deber\u00e1n enviarse a trav\u00e9s de la plataforma habilitada en la web de la C\u00e1tedra, <strong>antes del 25 de octubre de 2026<\/strong>.<\/p><p data-start=\"768\" data-end=\"1212\" data-is-last-node=\"\" data-is-only-node=\"\">El jurado estar\u00e1 presidido por <span class=\"hover:entity-accent entity-underline inline cursor-pointer align-baseline\"><span class=\"whitespace-normal\">Gina Montaner<\/span><\/span> y contar\u00e1 con <span class=\"hover:entity-accent entity-underline inline cursor-pointer align-baseline\"><span class=\"whitespace-normal\">Gabriela Calder\u00f3n de Burgos<\/span><\/span>, <span class=\"hover:entity-accent entity-underline inline cursor-pointer align-baseline\"><span class=\"whitespace-normal\">David Gallagher<\/span><\/span> y <span class=\"hover:entity-accent entity-underline inline cursor-pointer align-baseline\"><span class=\"whitespace-normal\">Pablo Hiriart<\/span><\/span>, junto con Bertha Pantoja Arias y <span class=\"hover:entity-accent entity-underline inline cursor-pointer align-baseline\"><span class=\"whitespace-normal\">Ra\u00fal Tola<\/span><\/span>, con voz pero sin voto. <strong>El premio est\u00e1 dotado con 10.000 d\u00f3lares y se fallar\u00e1 en noviembre en Ciudad de M\u00e9xico<\/strong>. La participaci\u00f3n implica la aceptaci\u00f3n \u00edntegra de las bases.<\/p>\t\t\t\t\t\t\t\t<\/div>\n\t\t\t\t<\/div>\n\t\t<div class=\"elementor-element elementor-element-c90074b e-con-full e-flex e-con e-child\" data-id=\"c90074b\" data-element_type=\"container\">\n\t\t\t\t<div class=\"elementor-element elementor-element-98a67f9 animated-slow elementor-invisible elementor-widget elementor-widget-image\" data-id=\"98a67f9\" data-element_type=\"widget\" data-settings=\"{&quot;_animation&quot;:&quot;fadeIn&quot;}\" data-widget_type=\"image.default\">\n\t\t\t\t\t\t\t\t\t\t\t\t\t\t\t<img decoding=\"async\" width=\"1216\" height=\"872\" src=\"https:\/\/catedravargasllosa.org\/inicio\/wp-content\/uploads\/2024\/05\/img_premio-periodismo.webp\" class=\"attachment-full size-full wp-image-106\" alt=\"premio periodismo 2024\" srcset=\"https:\/\/catedravargasllosa.org\/inicio\/wp-content\/uploads\/2024\/05\/img_premio-periodismo.webp 1216w, https:\/\/catedravargasllosa.org\/inicio\/wp-content\/uploads\/2024\/05\/img_premio-periodismo-300x215.webp 300w, https:\/\/catedravargasllosa.org\/inicio\/wp-content\/uploads\/2024\/05\/img_premio-periodismo-1024x734.webp 1024w, https:\/\/catedravargasllosa.org\/inicio\/wp-content\/uploads\/2024\/05\/img_premio-periodismo-768x551.webp 768w\" sizes=\"(max-width: 1216px) 100vw, 1216px\" \/>\t\t\t\t\t\t\t\t\t\t\t\t\t\t\t<\/div>\n\t\t\t\t<\/div>\n\t\t\t\t\t<\/div>\n\t\t\t\t<\/div>\n\t\t<div class=\"elementor-element elementor-element-9e6fe96 e-flex e-con-boxed e-con e-parent\" data-id=\"9e6fe96\" data-element_type=\"container\" data-settings=\"{&quot;background_background&quot;:&quot;classic&quot;}\">\n\t\t\t\t\t<div class=\"e-con-inner\">\n\t\t\t\t<div class=\"elementor-element elementor-element-1a8e7d1 elementor-invisible elementor-widget elementor-widget-heading\" data-id=\"1a8e7d1\" data-element_type=\"widget\" data-settings=\"{&quot;_animation&quot;:&quot;fadeIn&quot;}\" data-widget_type=\"heading.default\">\n\t\t\t\t\t<h3 class=\"elementor-heading-title elementor-size-default\"> <span style=\"color:#628EAA;\">Bases e informaci\u00f3n<\/span> sobre el premio<\/h3>\t\t\t\t<\/div>\n\t\t<div class=\"elementor-element elementor-element-aaa207c e-grid e-con-boxed e-con e-child\" data-id=\"aaa207c\" data-element_type=\"container\">\n\t\t\t\t\t<div class=\"e-con-inner\">\n\t\t<div class=\"elementor-element elementor-element-956605a e-flex e-con-boxed e-con e-child\" data-id=\"956605a\" data-element_type=\"container\">\n\t\t\t\t\t<div class=\"e-con-inner\">\n\t\t\t\t<div class=\"elementor-element elementor-element-161d1f1 elementor-widget elementor-widget-n-accordion\" data-id=\"161d1f1\" data-element_type=\"widget\" data-settings=\"{&quot;default_state&quot;:&quot;all_collapsed&quot;,&quot;n_accordion_animation_duration&quot;:{&quot;unit&quot;:&quot;ms&quot;,&quot;size&quot;:100,&quot;sizes&quot;:[]},&quot;max_items_expended&quot;:&quot;one&quot;}\" data-widget_type=\"nested-accordion.default\">\n\t\t\t\t\t\t\t<div class=\"e-n-accordion\" aria-label=\"Accordion. Open links with Enter or Space, close with Escape, and navigate with Arrow Keys\">\n\t\t\t\t\t\t<details id=\"e-n-accordion-item-2310\" class=\"e-n-accordion-item\" >\n\t\t\t\t<summary class=\"e-n-accordion-item-title\" data-accordion-index=\"1\" tabindex=\"0\" aria-expanded=\"false\" aria-controls=\"e-n-accordion-item-2310\" >\n\t\t\t\t\t<span class='e-n-accordion-item-title-header'><div class=\"e-n-accordion-item-title-text\"> BASES DEL PREMIO <\/div><\/span>\n\t\t\t\t\t\t\t<span class='e-n-accordion-item-title-icon'>\n\t\t\t<span class='e-opened' ><svg aria-hidden=\"true\" class=\"e-font-icon-svg e-fas-minus\" viewBox=\"0 0 448 512\" xmlns=\"http:\/\/www.w3.org\/2000\/svg\"><path d=\"M416 208H32c-17.67 0-32 14.33-32 32v32c0 17.67 14.33 32 32 32h384c17.67 0 32-14.33 32-32v-32c0-17.67-14.33-32-32-32z\"><\/path><\/svg><\/span>\n\t\t\t<span class='e-closed'><svg aria-hidden=\"true\" class=\"e-font-icon-svg e-fas-plus\" viewBox=\"0 0 448 512\" xmlns=\"http:\/\/www.w3.org\/2000\/svg\"><path d=\"M416 208H272V64c0-17.67-14.33-32-32-32h-32c-17.67 0-32 14.33-32 32v144H32c-17.67 0-32 14.33-32 32v32c0 17.67 14.33 32 32 32h144v144c0 17.67 14.33 32 32 32h32c17.67 0 32-14.33 32-32V304h144c17.67 0 32-14.33 32-32v-32c0-17.67-14.33-32-32-32z\"><\/path><\/svg><\/span>\n\t\t<\/span>\n\n\t\t\t\t\t\t<\/summary>\n\t\t\t\t<div role=\"region\" aria-labelledby=\"e-n-accordion-item-2310\" class=\"elementor-element elementor-element-b13dad3 e-con-full e-flex e-con e-child\" data-id=\"b13dad3\" data-element_type=\"container\">\n\t\t\t\t<div class=\"elementor-element elementor-element-e5979b5 elementor-invisible elementor-widget elementor-widget-text-editor\" data-id=\"e5979b5\" data-element_type=\"widget\" data-settings=\"{&quot;_animation&quot;:&quot;fadeIn&quot;}\" data-widget_type=\"text-editor.default\">\n\t\t\t\t\t\t\t\t\t<p><b>VI PREMIO DE PERIODISMO JOVEN<\/b><\/p><p><b>\u00abCARLOS ALBERTO MONTANER\u00bb<\/b><\/p><p>\u00a0<\/p><p><span style=\"font-weight: 400;\">1.<\/span><\/p><p><span style=\"font-weight: 400;\">Caminos de la Libertad y La C\u00e1tedra Vargas Llosa convocan el VI Premio de Periodismo Joven \u00abCarlos Alberto Montaner\u00bb a la excelencia, el rigor informativo, la consistencia \u00e9tica y la defensa del liberalismo en el ejercicio del periodismo. El premio recibe el nombre del periodista y pensador Carlos Alberto Montaner, quien fue dos veces presidente del jurado del mismo, adem\u00e1s de una de las figuras m\u00e1s influyentes de la defensa de la libertad en habla hispana.<\/span><\/p><p>\u00a0<\/p><p><span style=\"font-weight: 400;\">2.<\/span><\/p><p><span style=\"font-weight: 400;\">El VI Premio de Periodismo \u00abCarlos Alberto Montaner\u00bb ser\u00e1 destinado al reconocimiento y la promoci\u00f3n de los nuevos valores del periodismo. Podr\u00e1n participar periodistas menores de 35 a\u00f1os de cualquier origen, con el n\u00famero de obras que estimen conveniente.<\/span><\/p><p>\u00a0<\/p><p><span style=\"font-weight: 400;\">3.<\/span><\/p><p><span style=\"font-weight: 400;\">El jurado del VI Premio de Periodismo \u00abCarlos Alberto Montaner\u00bb ser\u00e1 presidido por Gina Montaner, reconocida periodista afincada en Madrid. Estar\u00e1 compuesto por la ensayista y columnista Gabriela Calder\u00f3n de Burgos, el ensayista David Gallagher y el escritor y periodista Pablo Hiriart. Tambi\u00e9n intervendr\u00e1n, con voz pero sin voto, Bertha Pantoja Arias, Directora Ejecutiva de Caminos de la Libertad, y Ra\u00fal Tola, Director de la C\u00e1tedra Vargas Llosa.<\/span><\/p><p>\u00a0<\/p><p><span style=\"font-weight: 400;\">4.<\/span><\/p><p><span style=\"font-weight: 400;\">El VI Premio de Periodismo \u00abCarlos Alberto Montaner\u00bb se destinar\u00e1 a los trabajos en espa\u00f1ol original publicados en prensa escrita, radial, televisiva y digital durante el a\u00f1o previo al cierre de la convocatoria, es decir, desde el 25 de octubre de 2025 al 25 de octubre de 2026. No ser\u00e1n admitidas las traducciones de trabajos originales en otro idioma.<\/span><\/p><p>\u00a0<\/p><p><span style=\"font-weight: 400;\">5.<\/span><\/p><p><span style=\"font-weight: 400;\">Ser\u00e1n admitidas las siguientes categor\u00edas:<\/span><\/p><p>\u00a0<\/p><ol><li><span style=\"font-weight: 400;\">Cr\u00f3nica<\/span><span style=\"font-weight: 400;\">: Reportajes que, empleando una prosa persuasiva junto con los recursos formales de la literatura, relaten de manera prolija y detallada hechos de la realidad.<\/span><\/li><li><span style=\"font-weight: 400;\">Opini\u00f3n &#8211; ensayo<\/span><span style=\"font-weight: 400;\">: Piezas period\u00edsticas que, mediante una estructura argumentativa, sustentan la opini\u00f3n de su autor acerca de un tema.<\/span><\/li><li><span style=\"font-weight: 400;\">Investigaci\u00f3n period\u00edstica<\/span><span style=\"font-weight: 400;\">: Reportajes de profundidad que ponen al descubierto hechos noticiosos que se encuentran ocultos a la opini\u00f3n p\u00fablica.<\/span><\/li><\/ol><p>\u00a0<\/p><p><span style=\"font-weight: 400;\">6.<\/span><\/p><p><span style=\"font-weight: 400;\">Las obras deben enviarse en formato PDF (en caso de periodismo escrito) o en enlace de YouTube a trav\u00e9s de la plataforma inform\u00e1tica de gesti\u00f3n que estar\u00e1 accesible desde la p\u00e1gina:<\/span><span style=\"font-weight: 400;\">\u00a0<\/span><\/p><p>\u00a0<\/p><p><span style=\"font-weight: 400;\">https:\/\/catedravargasllosa.org\/inicio\/index.php\/premio-periodismo-joven\/<\/span><\/p><p>\u00a0<\/p><p><span style=\"font-weight: 400;\">Los participantes deber\u00e1n registrarse en la misma para poder hacer el env\u00edo del art\u00edculo.\u00a0\u00a0<\/span><\/p><p>\u00a0<\/p><p><span style=\"font-weight: 400;\">7.<\/span><\/p><p><span style=\"font-weight: 400;\">El plazo de recepci\u00f3n de los trabajos concluye el 25 de octubre de 2026.<\/span><\/p><p>\u00a0<\/p><p><span style=\"font-weight: 400;\">8.<\/span><\/p><p><span style=\"font-weight: 400;\">El VI Premio de Periodismo \u00abCarlos Alberto Montaner\u00bb est\u00e1 dotado con US$ 10.000 d\u00f3lares americanos, a los que se aplicar\u00e1 la correspondiente retenci\u00f3n de impuestos. Su ganador ser\u00e1 anunciado<\/span> <span style=\"font-weight: 400;\">en el mes de noviembre en la Ciudad de M\u00e9xico, en el marco del Foro de Pensamiento organizado en la Universidad de la Libertad.<\/span><\/p><p>\u00a0<\/p><p><span style=\"font-weight: 400;\">9.<\/span><\/p><p><span style=\"font-weight: 400;\">El ganador se compromete a participar de la ceremonia de premiaci\u00f3n de manera presencial o virtual, as\u00ed como a intervenir en las conferencias, di\u00e1logos y entrevistas en torno a su obra premiada. Asimismo, autoriza la publicaci\u00f3n del trabajo ganador en los medios f\u00edsicos y digitales que se estimen para su amplia difusi\u00f3n.<\/span><\/p><p>\u00a0<\/p><p><span style=\"font-weight: 400;\">10.<\/span><\/p><p><span style=\"font-weight: 400;\">El Comit\u00e9 Organizador de este Concurso y su Jurado no mantendr\u00e1n\u00a0comunicaci\u00f3n alguna con los participantes respecto a las obras en concurso.<\/span><\/p><p>\u00a0<\/p><p><span style=\"font-weight: 400;\">11.<\/span><\/p><p><span style=\"font-weight: 400;\">No podr\u00e1n participar en este Concurso personas pertenecientes a las directivas de Caminos de la Libertad, de la C\u00e1tedra Vargas Llosa ni familiares directos de las mismas, como tampoco los miembros del jurado y sus familiares.\u00a0\u00a0<\/span><\/p><p>\u00a0<\/p><p><span style=\"font-weight: 400;\">12.<\/span><\/p><p><span style=\"font-weight: 400;\">De conformidad con lo establecido en la Ley Org\u00e1nica 15\/1999, de 13 de diciembre, de Protecci\u00f3n de Datos de Car\u00e1cter Personal, los participantes quedan informados y manifiestan su consentimiento expreso e inequ\u00edvoco para la incorporaci\u00f3n a los ficheros, responsabilidad de Caminos de la Libertad y la Fundaci\u00f3n Internacional de la Libertad de los datos personales facilitados, as\u00ed como para, en el caso de ser premiados, su publicaci\u00f3n, incluida su imagen, en las p\u00e1ginas web de las instituciones convocantes y en todos los medios y formatos que esta estime oportuno para la difusi\u00f3n del Premio.\u00a0<\/span><\/p><p>\u00a0<\/p><p><span style=\"font-weight: 400;\">13.<\/span><\/p><p><span style=\"font-weight: 400;\">Para cualquier duda, discrepancia, reclamaci\u00f3n o cuesti\u00f3n que pueda suscitarse sobre la interpretaci\u00f3n y ejecuci\u00f3n de las presentes bases, las partes renuncian al fuero propio que pudiera corresponderles y se someten expresamente a la jurisdicci\u00f3n de los Juzgados y Tribunales de Madrid.<\/span><\/p><p>\u00a0<\/p><p><span style=\"font-weight: 400;\">14.<\/span><\/p><p><span style=\"font-weight: 400;\">La participaci\u00f3n en el concurso y la obtenci\u00f3n definitiva del premio implica la aceptaci\u00f3n de todas y cada una de las bases de esta convocatoria, entendiendo que el incumplimiento deja fuera de concurso a la obra presentada. <\/span><\/p>\t\t\t\t\t\t\t\t<\/div>\n\t\t\t\t<\/div>\n\t\t\t\t\t<\/details>\n\t\t\t\t\t\t<details id=\"e-n-accordion-item-2311\" class=\"e-n-accordion-item\" >\n\t\t\t\t<summary class=\"e-n-accordion-item-title\" data-accordion-index=\"2\" tabindex=\"-1\" aria-expanded=\"false\" aria-controls=\"e-n-accordion-item-2311\" >\n\t\t\t\t\t<span class='e-n-accordion-item-title-header'><div class=\"e-n-accordion-item-title-text\"> PREMIO <\/div><\/span>\n\t\t\t\t\t\t\t<span class='e-n-accordion-item-title-icon'>\n\t\t\t<span class='e-opened' ><svg aria-hidden=\"true\" class=\"e-font-icon-svg e-fas-minus\" viewBox=\"0 0 448 512\" xmlns=\"http:\/\/www.w3.org\/2000\/svg\"><path d=\"M416 208H32c-17.67 0-32 14.33-32 32v32c0 17.67 14.33 32 32 32h384c17.67 0 32-14.33 32-32v-32c0-17.67-14.33-32-32-32z\"><\/path><\/svg><\/span>\n\t\t\t<span class='e-closed'><svg aria-hidden=\"true\" class=\"e-font-icon-svg e-fas-plus\" viewBox=\"0 0 448 512\" xmlns=\"http:\/\/www.w3.org\/2000\/svg\"><path d=\"M416 208H272V64c0-17.67-14.33-32-32-32h-32c-17.67 0-32 14.33-32 32v144H32c-17.67 0-32 14.33-32 32v32c0 17.67 14.33 32 32 32h144v144c0 17.67 14.33 32 32 32h32c17.67 0 32-14.33 32-32V304h144c17.67 0 32-14.33 32-32v-32c0-17.67-14.33-32-32-32z\"><\/path><\/svg><\/span>\n\t\t<\/span>\n\n\t\t\t\t\t\t<\/summary>\n\t\t\t\t<div role=\"region\" aria-labelledby=\"e-n-accordion-item-2311\" class=\"elementor-element elementor-element-815fe84 e-con-full e-flex e-con e-child\" data-id=\"815fe84\" data-element_type=\"container\">\n\t\t\t\t<div class=\"elementor-element elementor-element-9078eba elementor-invisible elementor-widget elementor-widget-text-editor\" data-id=\"9078eba\" data-element_type=\"widget\" data-settings=\"{&quot;_animation&quot;:&quot;fadeIn&quot;}\" data-widget_type=\"text-editor.default\">\n\t\t\t\t\t\t\t\t\t<p>El VI Premio de Periodismo Joven \u00abCarlos Alberto Montaner\u00bb es un reconocimiento internacional que distingue trabajos period\u00edsticos de alta calidad comprometidos con la libertad, el rigor informativo y la solidez \u00e9tica. Concebido como una plataforma para impulsar nuevas voces, el premio consiste en la evaluaci\u00f3n de piezas publicadas en distintos formatos \u2014prensa escrita, radio, televisi\u00f3n y medios digitales\u2014 dentro de las categor\u00edas de cr\u00f3nica, opini\u00f3n-ensayo e investigaci\u00f3n period\u00edstica. Adem\u00e1s de su dotaci\u00f3n econ\u00f3mica, el galard\u00f3n ofrece visibilidad y proyecci\u00f3n a sus participantes, promoviendo el periodismo como una herramienta clave para el fortalecimiento de sociedades libres y democr\u00e1ticas.<\/p>\t\t\t\t\t\t\t\t<\/div>\n\t\t\t\t<\/div>\n\t\t\t\t\t<\/details>\n\t\t\t\t\t<\/div>\n\t\t\t\t\t\t<\/div>\n\t\t\t\t\t<\/div>\n\t\t\t\t<\/div>\n\t\t<div class=\"elementor-element elementor-element-d912555 e-flex e-con-boxed e-con e-child\" data-id=\"d912555\" data-element_type=\"container\">\n\t\t\t\t\t<div class=\"e-con-inner\">\n\t\t\t\t<div class=\"elementor-element elementor-element-537a375 elementor-widget elementor-widget-n-accordion\" data-id=\"537a375\" data-element_type=\"widget\" data-settings=\"{&quot;default_state&quot;:&quot;all_collapsed&quot;,&quot;n_accordion_animation_duration&quot;:{&quot;unit&quot;:&quot;ms&quot;,&quot;size&quot;:100,&quot;sizes&quot;:[]},&quot;max_items_expended&quot;:&quot;one&quot;}\" data-widget_type=\"nested-accordion.default\">\n\t\t\t\t\t\t\t<div class=\"e-n-accordion\" aria-label=\"Accordion. Open links with Enter or Space, close with Escape, and navigate with Arrow Keys\">\n\t\t\t\t\t\t<details id=\"e-n-accordion-item-8750\" class=\"e-n-accordion-item\" >\n\t\t\t\t<summary class=\"e-n-accordion-item-title\" data-accordion-index=\"1\" tabindex=\"0\" aria-expanded=\"false\" aria-controls=\"e-n-accordion-item-8750\" >\n\t\t\t\t\t<span class='e-n-accordion-item-title-header'><div class=\"e-n-accordion-item-title-text\"> INSCRIPCIONES ABIERTAS <\/div><\/span>\n\t\t\t\t\t\t\t<span class='e-n-accordion-item-title-icon'>\n\t\t\t<span class='e-opened' ><svg aria-hidden=\"true\" class=\"e-font-icon-svg e-fas-minus\" viewBox=\"0 0 448 512\" xmlns=\"http:\/\/www.w3.org\/2000\/svg\"><path d=\"M416 208H32c-17.67 0-32 14.33-32 32v32c0 17.67 14.33 32 32 32h384c17.67 0 32-14.33 32-32v-32c0-17.67-14.33-32-32-32z\"><\/path><\/svg><\/span>\n\t\t\t<span class='e-closed'><svg aria-hidden=\"true\" class=\"e-font-icon-svg e-fas-plus\" viewBox=\"0 0 448 512\" xmlns=\"http:\/\/www.w3.org\/2000\/svg\"><path d=\"M416 208H272V64c0-17.67-14.33-32-32-32h-32c-17.67 0-32 14.33-32 32v144H32c-17.67 0-32 14.33-32 32v32c0 17.67 14.33 32 32 32h144v144c0 17.67 14.33 32 32 32h32c17.67 0 32-14.33 32-32V304h144c17.67 0 32-14.33 32-32v-32c0-17.67-14.33-32-32-32z\"><\/path><\/svg><\/span>\n\t\t<\/span>\n\n\t\t\t\t\t\t<\/summary>\n\t\t\t\t<div role=\"region\" aria-labelledby=\"e-n-accordion-item-8750\" class=\"elementor-element elementor-element-5bc7b9a e-con-full e-flex e-con e-child\" data-id=\"5bc7b9a\" data-element_type=\"container\">\n\t\t\t\t<div class=\"elementor-element elementor-element-bba8296 elementor-invisible elementor-widget elementor-widget-text-editor\" data-id=\"bba8296\" data-element_type=\"widget\" data-settings=\"{&quot;_animation&quot;:&quot;fadeIn&quot;}\" data-widget_type=\"text-editor.default\">\n\t\t\t\t\t\t\t\t\t<p>Las obras deber\u00e1n enviarse a trav\u00e9s de la plataforma habilitada en la web de la C\u00e1tedra, antes del 25 de octubre de 2026.<\/p>\t\t\t\t\t\t\t\t<\/div>\n\t\t\t\t<\/div>\n\t\t\t\t\t<\/details>\n\t\t\t\t\t<\/div>\n\t\t\t\t\t\t<\/div>\n\t\t\t\t\t<\/div>\n\t\t\t\t<\/div>\n\t\t\t\t\t<\/div>\n\t\t\t\t<\/div>\n\t\t<div class=\"elementor-element elementor-element-b4c1fcd e-flex e-con-boxed elementor-invisible e-con e-child\" data-id=\"b4c1fcd\" data-element_type=\"container\" data-settings=\"{&quot;animation&quot;:&quot;fadeIn&quot;}\">\n\t\t\t\t\t<div class=\"e-con-inner\">\n\t\t\t\t<div class=\"elementor-element elementor-element-85dbb61 elementor-widget elementor-widget-button\" data-id=\"85dbb61\" data-element_type=\"widget\" data-widget_type=\"button.default\">\n\t\t\t\t\t\t\t\t\t\t<a class=\"elementor-button elementor-button-link elementor-size-sm\" href=\"https:\/\/catedravargasllosa.org\/inicio\/wp-content\/uploads\/2026\/04\/Bases-Premio-Periodismo-2026.docx.pdf\" download=\"Bases-Premio-Periodismo-Atlas-CVLL-2024.pdf\">\n\t\t\t\t\t\t<span class=\"elementor-button-content-wrapper\">\n\t\t\t\t\t\t\t\t\t<span class=\"elementor-button-text\">DESCARGA LAS BASES<\/span>\n\t\t\t\t\t<\/span>\n\t\t\t\t\t<\/a>\n\t\t\t\t\t\t\t\t<\/div>\n\t\t\t\t\t<\/div>\n\t\t\t\t<\/div>\n\t\t\t\t\t<\/div>\n\t\t\t\t<\/div>\n\t\t<div class=\"elementor-element elementor-element-07f9d97 e-flex e-con-boxed e-con e-parent\" data-id=\"07f9d97\" data-element_type=\"container\">\n\t\t\t\t\t<div class=\"e-con-inner\">\n\t\t<div class=\"elementor-element elementor-element-cd2f636 e-con-full e-flex elementor-invisible e-con e-child\" data-id=\"cd2f636\" data-element_type=\"container\" data-settings=\"{&quot;animation&quot;:&quot;fadeIn&quot;}\">\n\t\t\t\t<div class=\"elementor-element elementor-element-dec419e elementor-view-default elementor-widget elementor-widget-icon\" data-id=\"dec419e\" data-element_type=\"widget\" data-widget_type=\"icon.default\">\n\t\t\t\t\t\t\t<div class=\"elementor-icon-wrapper\">\n\t\t\t<div class=\"elementor-icon\">\n\t\t\t<svg aria-hidden=\"true\" class=\"e-font-icon-svg e-far-circle\" viewBox=\"0 0 512 512\" xmlns=\"http:\/\/www.w3.org\/2000\/svg\"><path d=\"M256 8C119 8 8 119 8 256s111 248 248 248 248-111 248-248S393 8 256 8zm0 448c-110.5 0-200-89.5-200-200S145.5 56 256 56s200 89.5 200 200-89.5 200-200 200z\"><\/path><\/svg>\t\t\t<\/div>\n\t\t<\/div>\n\t\t\t\t\t\t<\/div>\n\t\t\t\t<div class=\"elementor-element elementor-element-621cb45 elementor-widget elementor-widget-heading\" data-id=\"621cb45\" data-element_type=\"widget\" data-widget_type=\"heading.default\">\n\t\t\t\t\t<h2 class=\"elementor-heading-title elementor-size-default\">INSCR\u00cdBETE AQU\u00cd<\/h2>\t\t\t\t<\/div>\n\t\t\t\t<\/div>\n\t\t\t\t<div class=\"elementor-element elementor-element-6447061 elementor-button-align-stretch elementor-widget elementor-widget-form\" data-id=\"6447061\" data-element_type=\"widget\" data-settings=\"{&quot;step_next_label&quot;:&quot;Siguiente&quot;,&quot;step_previous_label&quot;:&quot;Anterior&quot;,&quot;button_width&quot;:&quot;100&quot;,&quot;step_type&quot;:&quot;number_text&quot;,&quot;step_icon_shape&quot;:&quot;circle&quot;}\" data-widget_type=\"form.default\">\n\t\t\t\t\t\t\t<form class=\"elementor-form\" method=\"post\" name=\"INSCR\u00cdBETE AQU\u00cd\">\n\t\t\t<input type=\"hidden\" name=\"post_id\" value=\"103\"\/>\n\t\t\t<input type=\"hidden\" name=\"form_id\" value=\"6447061\"\/>\n\t\t\t<input type=\"hidden\" name=\"referer_title\" value=\"C\u00e1tedra Vargas Llosa\" \/>\n\n\t\t\t\n\t\t\t<div class=\"elementor-form-fields-wrapper elementor-labels-above\">\n\t\t\t\t\t\t\t\t<div class=\"elementor-field-type-text elementor-field-group elementor-column elementor-field-group-name elementor-col-100\">\n\t\t\t\t\t\t\t\t\t\t\t\t<label for=\"form-field-name\" class=\"elementor-field-label\">\n\t\t\t\t\t\t\t\tNOMBRE\t\t\t\t\t\t\t<\/label>\n\t\t\t\t\t\t\t\t\t\t\t\t\t\t<input size=\"1\" type=\"text\" name=\"form_fields[name]\" id=\"form-field-name\" class=\"elementor-field elementor-size-sm  elementor-field-textual\" placeholder=\"Nombre\">\n\t\t\t\t\t\t\t\t\t\t\t<\/div>\n\t\t\t\t\t\t\t\t<div class=\"elementor-field-type-email elementor-field-group elementor-column elementor-field-group-email elementor-col-100 elementor-field-required\">\n\t\t\t\t\t\t\t\t\t\t\t\t<label for=\"form-field-email\" class=\"elementor-field-label\">\n\t\t\t\t\t\t\t\tCORREO ELECTR\u00d3NICO\t\t\t\t\t\t\t<\/label>\n\t\t\t\t\t\t\t\t\t\t\t\t\t\t<input size=\"1\" type=\"email\" name=\"form_fields[email]\" id=\"form-field-email\" class=\"elementor-field elementor-size-sm  elementor-field-textual\" placeholder=\"Correo electr\u00f3nico\" required=\"required\">\n\t\t\t\t\t\t\t\t\t\t\t<\/div>\n\t\t\t\t\t\t\t\t<div class=\"elementor-field-type-upload elementor-field-group elementor-column elementor-field-group-message elementor-col-100\">\n\t\t\t\t\t\t\t\t\t\t\t\t<label for=\"form-field-message\" class=\"elementor-field-label\">\n\t\t\t\t\t\t\t\tOBRA\t\t\t\t\t\t\t<\/label>\n\t\t\t\t\t\t\t\t<input type=\"file\" name=\"form_fields[message]\" id=\"form-field-message\" class=\"elementor-field elementor-size-sm  elementor-upload-field\">\n\n\t\t\t\t\t\t<\/div>\n\t\t\t\t\t\t\t\t<div class=\"elementor-field-type-upload elementor-field-group elementor-column elementor-field-group-field_51cb587 elementor-col-100\">\n\t\t\t\t\t\t\t\t\t\t\t\t<label for=\"form-field-field_51cb587\" class=\"elementor-field-label\">\n\t\t\t\t\t\t\t\tDATOS PERSONALES (nombre, DNI, tel\u00e9fono de contacto, correo electr\u00f3nico y direcci\u00f3n postal)\t\t\t\t\t\t\t<\/label>\n\t\t\t\t\t\t\t\t<input type=\"file\" name=\"form_fields[field_51cb587]\" id=\"form-field-field_51cb587\" class=\"elementor-field elementor-size-sm  elementor-upload-field\">\n\n\t\t\t\t\t\t<\/div>\n\t\t\t\t\t\t\t\t<div class=\"elementor-field-group elementor-column elementor-field-type-submit elementor-col-100 e-form__buttons\">\n\t\t\t\t\t<button class=\"elementor-button elementor-size-sm\" type=\"submit\">\n\t\t\t\t\t\t<span class=\"elementor-button-content-wrapper\">\n\t\t\t\t\t\t\t\t\t\t\t\t\t\t\t\t\t\t\t\t\t\t<span class=\"elementor-button-text\">Enviar<\/span>\n\t\t\t\t\t\t\t\t\t\t\t\t\t<\/span>\n\t\t\t\t\t<\/button>\n\t\t\t\t<\/div>\n\t\t\t<\/div>\n\t\t<\/form>\n\t\t\t\t\t\t<\/div>\n\t\t\t\t<div class=\"elementor-element elementor-element-2855305 elementor-widget elementor-widget-spacer\" data-id=\"2855305\" data-element_type=\"widget\" data-widget_type=\"spacer.default\">\n\t\t\t\t\t\t\t<div class=\"elementor-spacer\">\n\t\t\t<div class=\"elementor-spacer-inner\"><\/div>\n\t\t<\/div>\n\t\t\t\t\t\t<\/div>\n\t\t\t\t<div class=\"elementor-element elementor-element-82ded8e elementor-invisible elementor-widget elementor-widget-heading\" data-id=\"82ded8e\" data-element_type=\"widget\" data-settings=\"{&quot;_animation&quot;:&quot;fadeIn&quot;}\" data-widget_type=\"heading.default\">\n\t\t\t\t\t<h3 class=\"elementor-heading-title elementor-size-default\">CONOCE A LOS <br><span style=\"color:#628EAA;\">\u00daLTIMOS GANADORES<\/span><\/h3>\t\t\t\t<\/div>\n\t\t<div class=\"elementor-element elementor-element-ec0ab68 e-grid e-con-full elementor-invisible e-con e-child\" data-id=\"ec0ab68\" data-element_type=\"container\" data-settings=\"{&quot;animation&quot;:&quot;fadeIn&quot;}\">\n\t\t<div class=\"elementor-element elementor-element-7dcec5e e-flex e-con-boxed e-con e-child\" data-id=\"7dcec5e\" data-element_type=\"container\">\n\t\t\t\t\t<div class=\"e-con-inner\">\n\t\t<div class=\"elementor-element elementor-element-cb91518 e-flex e-con-boxed e-con e-child\" data-id=\"cb91518\" data-element_type=\"container\">\n\t\t\t\t\t<div class=\"e-con-inner\">\n\t\t\t\t<div class=\"elementor-element elementor-element-f8c4199 elementor-widget elementor-widget-image\" data-id=\"f8c4199\" data-element_type=\"widget\" data-widget_type=\"image.default\">\n\t\t\t\t\t\t\t\t\t\t\t\t\t\t\t<img decoding=\"async\" width=\"1432\" height=\"806\" src=\"https:\/\/catedravargasllosa.org\/inicio\/wp-content\/uploads\/2026\/04\/WhatsApp-Image-2025-11-27-at-3.28.31-PM-3.jpg\" class=\"attachment-full size-full wp-image-4560\" alt=\"\" srcset=\"https:\/\/catedravargasllosa.org\/inicio\/wp-content\/uploads\/2026\/04\/WhatsApp-Image-2025-11-27-at-3.28.31-PM-3.jpg 1432w, https:\/\/catedravargasllosa.org\/inicio\/wp-content\/uploads\/2026\/04\/WhatsApp-Image-2025-11-27-at-3.28.31-PM-3-300x169.jpg 300w, https:\/\/catedravargasllosa.org\/inicio\/wp-content\/uploads\/2026\/04\/WhatsApp-Image-2025-11-27-at-3.28.31-PM-3-1024x576.jpg 1024w, https:\/\/catedravargasllosa.org\/inicio\/wp-content\/uploads\/2026\/04\/WhatsApp-Image-2025-11-27-at-3.28.31-PM-3-768x432.jpg 768w\" sizes=\"(max-width: 1432px) 100vw, 1432px\" \/>\t\t\t\t\t\t\t\t\t\t\t\t\t\t\t<\/div>\n\t\t\t\t<div class=\"elementor-element elementor-element-5b3242b elementor-widget elementor-widget-heading\" data-id=\"5b3242b\" data-element_type=\"widget\" data-widget_type=\"heading.default\">\n\t\t\t\t\t<p class=\"elementor-heading-title elementor-size-default\">V Premio de Periodismo Joven \u00abCarlos Alberto Montaner\u00bb<\/p>\t\t\t\t<\/div>\n\t\t\t\t<div class=\"elementor-element elementor-element-8f0e7a5 elementor-widget elementor-widget-text-editor\" data-id=\"8f0e7a5\" data-element_type=\"widget\" data-widget_type=\"text-editor.default\">\n\t\t\t\t\t\t\t\t\t<p>El ganador del <strong>V Premio Periodismo Joven<\/strong> 2025 Carlos Alberto Montaner fue el periodista nicarag\u00fcense <strong>Wilfredo Miranda Aburto<\/strong>, por \u00abViaje a la frontera blindada de Donald Trump: \u201c\u00a1No vengan\u2026! o habr\u00e1 consecuencias\u201d\u00bb, un riguroso reportaje sobre las pol\u00edticas migratorias de Estados Unidos y sus consecuencias. El galard\u00f3n, dotado con 10.000 d\u00f3lares, reconoce la excelencia, el rigor y la defensa de la libertad en el ejercicio del periodismo. Haga clic <a href=\"https:\/\/www.divergentes.com\/viaje-a-la-frontera-blindada-de-trump-no-vengan-o-habra-consecuencias\/\">aqu\u00ed<\/a> para consultar el trabajo ganador.<\/p>\t\t\t\t\t\t\t\t<\/div>\n\t\t\t\t\t<\/div>\n\t\t\t\t<\/div>\n\t\t\t\t\t<\/div>\n\t\t\t\t<\/div>\n\t\t<div class=\"elementor-element elementor-element-3ac6c6b e-flex e-con-boxed e-con e-child\" data-id=\"3ac6c6b\" data-element_type=\"container\">\n\t\t\t\t\t<div class=\"e-con-inner\">\n\t\t<div class=\"elementor-element elementor-element-da49d3e e-con-full e-flex e-con e-child\" data-id=\"da49d3e\" data-element_type=\"container\">\n\t\t\t\t<div class=\"elementor-element elementor-element-dac20dd elementor-widget elementor-widget-image\" data-id=\"dac20dd\" data-element_type=\"widget\" data-widget_type=\"image.default\">\n\t\t\t\t\t\t\t\t\t\t\t\t\t\t\t<img loading=\"lazy\" decoding=\"async\" width=\"225\" height=\"127\" src=\"https:\/\/catedravargasllosa.org\/inicio\/wp-content\/uploads\/2026\/04\/images-2.jpg\" class=\"attachment-full size-full wp-image-4561\" alt=\"\" \/>\t\t\t\t\t\t\t\t\t\t\t\t\t\t\t<\/div>\n\t\t\t\t<div class=\"elementor-element elementor-element-0349cb5 elementor-widget elementor-widget-heading\" data-id=\"0349cb5\" data-element_type=\"widget\" data-widget_type=\"heading.default\">\n\t\t\t\t\t<p class=\"elementor-heading-title elementor-size-default\">IV Premio de Periodismo Joven \u00abCarlos Alberto Montaner\u00bb<\/p>\t\t\t\t<\/div>\n\t\t\t\t<div class=\"elementor-element elementor-element-15591fa elementor-widget elementor-widget-text-editor\" data-id=\"15591fa\" data-element_type=\"widget\" data-widget_type=\"text-editor.default\">\n\t\t\t\t\t\t\t\t\t<p>El ganador del <strong>IV Premio de Periodismo Joven<\/strong> fue el periodista <strong>\u00cd\u00f1igo Arredondo Vera<\/strong>, reconocido por su excelencia period\u00edstica, compromiso con la verdad y defensa de la libertad. El galard\u00f3n, dotado con 10.000 d\u00f3lares, incluy\u00f3 su participaci\u00f3n en la reuni\u00f3n anual del Foro Latinoamericano de Atlas Network en R\u00edo de Janeiro (febrero de 2025). La ceremonia de anuncio tuvo lugar el 7 de noviembre de 2024, en el Foro Internacional Am\u00e9rica-Europa organizado por la Fundaci\u00f3n Internacional para la Libertad en Rep\u00fablica Dominicana. Haga clic en el siguiente <a href=\"https:\/\/investigaciones.nmas.com.mx\/las-armas-de-ovidio\/\" target=\"_blank\" rel=\"noopener\">enlace <\/a>para consultar el trabajo ganador.<\/p>\t\t\t\t\t\t\t\t<\/div>\n\t\t\t\t<\/div>\n\t\t\t\t\t<\/div>\n\t\t\t\t<\/div>\n\t\t<div class=\"elementor-element elementor-element-87fe13c e-flex e-con-boxed e-con e-child\" data-id=\"87fe13c\" data-element_type=\"container\">\n\t\t\t\t\t<div class=\"e-con-inner\">\n\t\t<div class=\"elementor-element elementor-element-239c142 e-con-full e-flex e-con e-child\" data-id=\"239c142\" data-element_type=\"container\">\n\t\t\t\t<div class=\"elementor-element elementor-element-e1ce866 elementor-widget elementor-widget-image\" data-id=\"e1ce866\" data-element_type=\"widget\" data-widget_type=\"image.default\">\n\t\t\t\t\t\t\t\t\t\t\t\t\t\t\t<img loading=\"lazy\" decoding=\"async\" width=\"605\" height=\"324\" src=\"https:\/\/catedravargasllosa.org\/inicio\/wp-content\/uploads\/2024\/05\/ganador_1.webp\" class=\"attachment-full size-full wp-image-126\" alt=\"\" srcset=\"https:\/\/catedravargasllosa.org\/inicio\/wp-content\/uploads\/2024\/05\/ganador_1.webp 605w, https:\/\/catedravargasllosa.org\/inicio\/wp-content\/uploads\/2024\/05\/ganador_1-300x161.webp 300w\" sizes=\"(max-width: 605px) 100vw, 605px\" \/>\t\t\t\t\t\t\t\t\t\t\t\t\t\t\t<\/div>\n\t\t\t\t<div class=\"elementor-element elementor-element-ed0b617 elementor-widget elementor-widget-heading\" data-id=\"ed0b617\" data-element_type=\"widget\" data-widget_type=\"heading.default\">\n\t\t\t\t\t<p class=\"elementor-heading-title elementor-size-default\">III Premio de Periodismo Joven \u00abCarlos Alberto Montaner\u00bb<\/p>\t\t\t\t<\/div>\n\t\t\t\t<div class=\"elementor-element elementor-element-405c4ed elementor-widget elementor-widget-text-editor\" data-id=\"405c4ed\" data-element_type=\"widget\" data-widget_type=\"text-editor.default\">\n\t\t\t\t\t\t\t\t\t<p>El ganador del <strong>III Premio de Periodismo Joven<\/strong> fue el periodista mexicano <strong>Otoniel Mart\u00ednez<\/strong>, por \u00abDuele respirar\u00bb, un minucioso y valiente reportaje televisivo sobre la situaci\u00f3n que Nicaragua vive bajo el r\u00e9gimen de Daniel Ortega y Rosa Murillo. Visite el siguiente <a href=\"https:\/\/youtu.be\/OA6U0gYSefU?feature=shared\">enlace<\/a> para consultar el trabajo ganador.<\/p>\t\t\t\t\t\t\t\t<\/div>\n\t\t\t\t<\/div>\n\t\t\t\t\t<\/div>\n\t\t\t\t<\/div>\n\t\t<div class=\"elementor-element elementor-element-62272e6 e-con-full e-flex e-con e-child\" data-id=\"62272e6\" data-element_type=\"container\">\n\t\t<div class=\"elementor-element elementor-element-8a2e09d e-con-full e-flex e-con e-child\" data-id=\"8a2e09d\" data-element_type=\"container\">\n\t\t\t\t<div class=\"elementor-element elementor-element-071fff9 elementor-widget elementor-widget-image\" data-id=\"071fff9\" data-element_type=\"widget\" data-widget_type=\"image.default\">\n\t\t\t\t\t\t\t\t\t\t\t\t\t\t\t<img loading=\"lazy\" decoding=\"async\" width=\"605\" height=\"324\" src=\"https:\/\/catedravargasllosa.org\/inicio\/wp-content\/uploads\/2024\/05\/ganador_2.webp\" class=\"attachment-full size-full wp-image-127\" alt=\"\" srcset=\"https:\/\/catedravargasllosa.org\/inicio\/wp-content\/uploads\/2024\/05\/ganador_2.webp 605w, https:\/\/catedravargasllosa.org\/inicio\/wp-content\/uploads\/2024\/05\/ganador_2-300x161.webp 300w\" sizes=\"(max-width: 605px) 100vw, 605px\" \/>\t\t\t\t\t\t\t\t\t\t\t\t\t\t\t<\/div>\n\t\t\t\t<div class=\"elementor-element elementor-element-8db05d2 elementor-widget elementor-widget-heading\" data-id=\"8db05d2\" data-element_type=\"widget\" data-widget_type=\"heading.default\">\n\t\t\t\t\t<p class=\"elementor-heading-title elementor-size-default\">II Premio de Periodismo Joven \u00abCarlos Alberto Montaner\u00bb<\/p>\t\t\t\t<\/div>\n\t\t\t\t<div class=\"elementor-element elementor-element-9986154 elementor-widget elementor-widget-text-editor\" data-id=\"9986154\" data-element_type=\"widget\" data-widget_type=\"text-editor.default\">\n\t\t\t\t\t\t\t\t\t<p>El ganador del <strong>II Premio de Periodismo Joven<\/strong> fue el mexicano <strong>V\u00edctor N\u00fa\u00f1ez Jaime<\/strong>, por \u00abEl segundo exilio de Sergio Ram\u00edrez\u00bb, un editorial sobre la vida y el \u00absegundo exilio\u00bb del c\u00e9lebre novelista y pensador nicarag\u00fcense Sergio Ram\u00edrez, publicado en Milenio. Visite el siguiente <a href=\"https:\/\/www.milenio.com\/cultura\/laberinto\/el-segundo-exilio-de-sergio-ramirez\">enlace<\/a> para consultar el trabajo ganador.<\/p>\t\t\t\t\t\t\t\t<\/div>\n\t\t\t\t<\/div>\n\t\t\t\t<\/div>\n\t\t<div class=\"elementor-element elementor-element-f0e9039 e-con-full e-flex e-con e-child\" data-id=\"f0e9039\" data-element_type=\"container\">\n\t\t\t\t<div class=\"elementor-element elementor-element-b38ca82 elementor-widget elementor-widget-image\" data-id=\"b38ca82\" data-element_type=\"widget\" data-widget_type=\"image.default\">\n\t\t\t\t\t\t\t\t\t\t\t\t\t\t\t<img loading=\"lazy\" decoding=\"async\" width=\"605\" height=\"324\" src=\"https:\/\/catedravargasllosa.org\/inicio\/wp-content\/uploads\/2024\/05\/ganador_3.webp\" class=\"attachment-full size-full wp-image-128\" alt=\"\" srcset=\"https:\/\/catedravargasllosa.org\/inicio\/wp-content\/uploads\/2024\/05\/ganador_3.webp 605w, https:\/\/catedravargasllosa.org\/inicio\/wp-content\/uploads\/2024\/05\/ganador_3-300x161.webp 300w\" sizes=\"(max-width: 605px) 100vw, 605px\" \/>\t\t\t\t\t\t\t\t\t\t\t\t\t\t\t<\/div>\n\t\t\t\t<div class=\"elementor-element elementor-element-7ab3540 elementor-widget elementor-widget-heading\" data-id=\"7ab3540\" data-element_type=\"widget\" data-widget_type=\"heading.default\">\n\t\t\t\t\t<p class=\"elementor-heading-title elementor-size-default\">I Premio de Periodismo Joven \"Carlos Alberto Montaner\"<\/p>\t\t\t\t<\/div>\n\t\t\t\t<div class=\"elementor-element elementor-element-b4db66f elementor-widget elementor-widget-text-editor\" data-id=\"b4db66f\" data-element_type=\"widget\" data-widget_type=\"text-editor.default\">\n\t\t\t\t\t\t\t\t\t<p>El ganador del <strong>I Premio de Periodismo Joven<\/strong> fue <strong>Carla Gloria Colom\u00e9<\/strong> por \u00ab11 de julio en San Antonio de los Ba\u00f1os: lo que se ve\/lo que no se ve\u00bb. Visite el siguiente <a href=\"https:\/\/revistaelestornudo.com\/san-antonio-de-los-banos-protestas-11-julio-cuba\/\">enlace<\/a> para consultar el trabajo ganador.<\/p>\t\t\t\t\t\t\t\t<\/div>\n\t\t\t\t<\/div>\n\t\t\t\t<\/div>\n\t\t\t\t\t<\/div>\n\t\t\t\t<\/div>\n\t\t<div class=\"elementor-element elementor-element-ce31653 e-flex e-con-boxed e-con e-parent\" data-id=\"ce31653\" data-element_type=\"container\" data-settings=\"{&quot;background_background&quot;:&quot;classic&quot;}\">\n\t\t\t\t\t<div class=\"e-con-inner\">\n\t\t\t\t<div class=\"elementor-element elementor-element-08aa880 elementor-invisible elementor-widget elementor-widget-heading\" data-id=\"08aa880\" data-element_type=\"widget\" data-settings=\"{&quot;_animation&quot;:&quot;fadeIn&quot;}\" data-widget_type=\"heading.default\">\n\t\t\t\t\t<h3 class=\"elementor-heading-title elementor-size-default\">SUSCR\u00cdBETE A NUESTRA <span style=\"color:#628EAA;\">NEWSLETTER<\/span> <\/h3>\t\t\t\t<\/div>\n\t\t\t\t<div class=\"elementor-element elementor-element-161f05a elementor-invisible elementor-widget elementor-widget-text-editor\" data-id=\"161f05a\" data-element_type=\"widget\" data-settings=\"{&quot;_animation&quot;:&quot;fadeIn&quot;}\" data-widget_type=\"text-editor.default\">\n\t\t\t\t\t\t\t\t\t<p>S\u00e9 el primero en enterarte de todas las noticias, pr\u00f3ximas actividades y premios de la C\u00e1tedra Vargas Llosa<\/p>\t\t\t\t\t\t\t\t<\/div>\n\t\t\t\t<div class=\"elementor-element elementor-element-f03bb9d elementor-button-align-start elementor-invisible elementor-widget elementor-widget-form\" data-id=\"f03bb9d\" data-element_type=\"widget\" data-settings=\"{&quot;button_width&quot;:&quot;20&quot;,&quot;step_next_label&quot;:&quot;Siguiente&quot;,&quot;step_previous_label&quot;:&quot;Anterior&quot;,&quot;_animation&quot;:&quot;fadeIn&quot;,&quot;step_type&quot;:&quot;number_text&quot;,&quot;step_icon_shape&quot;:&quot;circle&quot;}\" data-widget_type=\"form.default\">\n\t\t\t\t\t\t\t<form class=\"elementor-form\" method=\"post\" name=\"NL-Form\">\n\t\t\t<input type=\"hidden\" name=\"post_id\" value=\"103\"\/>\n\t\t\t<input type=\"hidden\" name=\"form_id\" value=\"f03bb9d\"\/>\n\t\t\t<input type=\"hidden\" name=\"referer_title\" value=\"C\u00e1tedra Vargas Llosa\" \/>\n\n\t\t\t\n\t\t\t<div class=\"elementor-form-fields-wrapper elementor-labels-above\">\n\t\t\t\t\t\t\t\t<div class=\"elementor-field-type-email elementor-field-group elementor-column elementor-field-group-email elementor-col-80 elementor-field-required\">\n\t\t\t\t\t\t\t\t\t\t\t\t\t<input size=\"1\" type=\"email\" name=\"form_fields[email]\" id=\"form-field-email\" class=\"elementor-field elementor-size-sm  elementor-field-textual\" placeholder=\"TU EMAIL\" required=\"required\">\n\t\t\t\t\t\t\t\t\t\t\t<\/div>\n\t\t\t\t\t\t\t\t<div class=\"elementor-field-group elementor-column elementor-field-type-submit elementor-col-20 e-form__buttons\">\n\t\t\t\t\t<button class=\"elementor-button elementor-size-sm\" type=\"submit\">\n\t\t\t\t\t\t<span class=\"elementor-button-content-wrapper\">\n\t\t\t\t\t\t\t\t\t\t\t\t\t\t\t\t\t\t\t\t\t\t<span class=\"elementor-button-text\">SUSCRIBIRME<\/span>\n\t\t\t\t\t\t\t\t\t\t\t\t\t<\/span>\n\t\t\t\t\t<\/button>\n\t\t\t\t<\/div>\n\t\t\t<\/div>\n\t\t<\/form>\n\t\t\t\t\t\t<\/div>\n\t\t\t\t\t<\/div>\n\t\t\t\t<\/div>\n\t\t\t\t<\/div>\n\t\t","protected":false},"excerpt":{"rendered":"<p>Premio de Periodismo Joven vi edici\u00f3n Caminos de la Libertad y la C\u00e1tedra Vargas Llosa convocan el VI Premio de Periodismo Joven \u00abCarlos Alberto Montaner\u00bb, destinado a reconocer la excelencia, el rigor y la defensa del liberalismo en el ejercicio period\u00edstico. El galard\u00f3n, que homenajea al periodista Carlos Alberto Montaner, est\u00e1 dirigido a periodistas menores [&hellip;]<\/p>\n","protected":false},"author":1,"featured_media":106,"parent":0,"menu_order":0,"comment_status":"closed","ping_status":"closed","template":"elementor_header_footer","meta":{"_acf_changed":false,"footnotes":""},"class_list":["post-103","page","type-page","status-publish","has-post-thumbnail","hentry"],"acf":[],"yoast_head":"<!-- This site is optimized with the Yoast SEO plugin v25.0 - https:\/\/yoast.com\/wordpress\/plugins\/seo\/ -->\n<title>Premio de Periodismo Joven | C\u00e1tedra Vargas Llosa<\/title>\n<meta name=\"description\" content=\"Atlas Network y la C\u00e1tedra Vargas Llosa se complacen en lanzar la convocatoria del Premio Periodismo Joven 2024 Carlos Alberto Montaner.\" \/>\n<meta name=\"robots\" content=\"index, follow, max-snippet:-1, max-image-preview:large, max-video-preview:-1\" \/>\n<link rel=\"canonical\" href=\"https:\/\/catedravargasllosa.org\/inicio\/index.php\/premio-periodismo-joven\/\" \/>\n<meta property=\"og:locale\" content=\"es_ES\" \/>\n<meta property=\"og:type\" content=\"article\" \/>\n<meta property=\"og:title\" content=\"Premio de Periodismo Joven | C\u00e1tedra Vargas Llosa\" \/>\n<meta property=\"og:description\" content=\"Atlas Network y la C\u00e1tedra Vargas Llosa se complacen en lanzar la convocatoria del Premio Periodismo Joven 2024 Carlos Alberto Montaner.\" \/>\n<meta property=\"og:url\" content=\"https:\/\/catedravargasllosa.org\/inicio\/index.php\/premio-periodismo-joven\/\" \/>\n<meta property=\"og:site_name\" content=\"C\u00e1tedra Vargas Llosa\" \/>\n<meta property=\"article:modified_time\" content=\"2026-04-30T18:42:45+00:00\" \/>\n<meta property=\"og:image\" content=\"https:\/\/catedravargasllosa.org\/inicio\/wp-content\/uploads\/2024\/05\/img_premio-periodismo.webp\" \/>\n\t<meta property=\"og:image:width\" content=\"1216\" \/>\n\t<meta property=\"og:image:height\" content=\"872\" \/>\n\t<meta property=\"og:image:type\" content=\"image\/webp\" \/>\n<meta name=\"twitter:card\" content=\"summary_large_image\" \/>\n<meta name=\"twitter:label1\" content=\"Tiempo de lectura\" \/>\n\t<meta name=\"twitter:data1\" content=\"11 minutos\" \/>\n<script type=\"application\/ld+json\" class=\"yoast-schema-graph\">{\"@context\":\"https:\/\/schema.org\",\"@graph\":[{\"@type\":\"WebPage\",\"@id\":\"https:\/\/catedravargasllosa.org\/inicio\/index.php\/premio-periodismo-joven\/\",\"url\":\"https:\/\/catedravargasllosa.org\/inicio\/index.php\/premio-periodismo-joven\/\",\"name\":\"Premio de Periodismo Joven | C\u00e1tedra Vargas Llosa\",\"isPartOf\":{\"@id\":\"https:\/\/catedravargasllosa.org\/inicio\/#website\"},\"primaryImageOfPage\":{\"@id\":\"https:\/\/catedravargasllosa.org\/inicio\/index.php\/premio-periodismo-joven\/#primaryimage\"},\"image\":{\"@id\":\"https:\/\/catedravargasllosa.org\/inicio\/index.php\/premio-periodismo-joven\/#primaryimage\"},\"thumbnailUrl\":\"https:\/\/catedravargasllosa.org\/inicio\/wp-content\/uploads\/2024\/05\/img_premio-periodismo.webp\",\"datePublished\":\"2024-05-24T09:00:13+00:00\",\"dateModified\":\"2026-04-30T18:42:45+00:00\",\"description\":\"Atlas Network y la C\u00e1tedra Vargas Llosa se complacen en lanzar la convocatoria del Premio Periodismo Joven 2024 Carlos Alberto Montaner.\",\"breadcrumb\":{\"@id\":\"https:\/\/catedravargasllosa.org\/inicio\/index.php\/premio-periodismo-joven\/#breadcrumb\"},\"inLanguage\":\"es\",\"potentialAction\":[{\"@type\":\"ReadAction\",\"target\":[\"https:\/\/catedravargasllosa.org\/inicio\/index.php\/premio-periodismo-joven\/\"]}]},{\"@type\":\"ImageObject\",\"inLanguage\":\"es\",\"@id\":\"https:\/\/catedravargasllosa.org\/inicio\/index.php\/premio-periodismo-joven\/#primaryimage\",\"url\":\"https:\/\/catedravargasllosa.org\/inicio\/wp-content\/uploads\/2024\/05\/img_premio-periodismo.webp\",\"contentUrl\":\"https:\/\/catedravargasllosa.org\/inicio\/wp-content\/uploads\/2024\/05\/img_premio-periodismo.webp\",\"width\":1216,\"height\":872,\"caption\":\"premio periodismo 2024\"},{\"@type\":\"BreadcrumbList\",\"@id\":\"https:\/\/catedravargasllosa.org\/inicio\/index.php\/premio-periodismo-joven\/#breadcrumb\",\"itemListElement\":[{\"@type\":\"ListItem\",\"position\":1,\"name\":\"Portada\",\"item\":\"https:\/\/catedravargasllosa.org\/inicio\/\"},{\"@type\":\"ListItem\",\"position\":2,\"name\":\"Premio de Periodismo Joven\"}]},{\"@type\":\"WebSite\",\"@id\":\"https:\/\/catedravargasllosa.org\/inicio\/#website\",\"url\":\"https:\/\/catedravargasllosa.org\/inicio\/\",\"name\":\"C\u00e1tedra Vargas Llosa\",\"description\":\"Nuestro prop&oacute;sito es fomentar el estudio de la literatura contempor&aacute;nea\",\"publisher\":{\"@id\":\"https:\/\/catedravargasllosa.org\/inicio\/#organization\"},\"potentialAction\":[{\"@type\":\"SearchAction\",\"target\":{\"@type\":\"EntryPoint\",\"urlTemplate\":\"https:\/\/catedravargasllosa.org\/inicio\/?s={search_term_string}\"},\"query-input\":{\"@type\":\"PropertyValueSpecification\",\"valueRequired\":true,\"valueName\":\"search_term_string\"}}],\"inLanguage\":\"es\"},{\"@type\":\"Organization\",\"@id\":\"https:\/\/catedravargasllosa.org\/inicio\/#organization\",\"name\":\"C\u00e1tedra Vargas Llosa\",\"url\":\"https:\/\/catedravargasllosa.org\/inicio\/\",\"logo\":{\"@type\":\"ImageObject\",\"inLanguage\":\"es\",\"@id\":\"https:\/\/catedravargasllosa.org\/inicio\/#\/schema\/logo\/image\/\",\"url\":\"https:\/\/catedravargasllosa.org\/inicio\/wp-content\/uploads\/2024\/05\/cropped-logo-vargas-llosa-1.png\",\"contentUrl\":\"https:\/\/catedravargasllosa.org\/inicio\/wp-content\/uploads\/2024\/05\/cropped-logo-vargas-llosa-1.png\",\"width\":350,\"height\":100,\"caption\":\"C\u00e1tedra Vargas Llosa\"},\"image\":{\"@id\":\"https:\/\/catedravargasllosa.org\/inicio\/#\/schema\/logo\/image\/\"}}]}<\/script>\n<!-- \/ Yoast SEO plugin. -->","yoast_head_json":{"title":"Premio de Periodismo Joven | C\u00e1tedra Vargas Llosa","description":"Atlas Network y la C\u00e1tedra Vargas Llosa se complacen en lanzar la convocatoria del Premio Periodismo Joven 2024 Carlos Alberto Montaner.","robots":{"index":"index","follow":"follow","max-snippet":"max-snippet:-1","max-image-preview":"max-image-preview:large","max-video-preview":"max-video-preview:-1"},"canonical":"https:\/\/catedravargasllosa.org\/inicio\/index.php\/premio-periodismo-joven\/","og_locale":"es_ES","og_type":"article","og_title":"Premio de Periodismo Joven | C\u00e1tedra Vargas Llosa","og_description":"Atlas Network y la C\u00e1tedra Vargas Llosa se complacen en lanzar la convocatoria del Premio Periodismo Joven 2024 Carlos Alberto Montaner.","og_url":"https:\/\/catedravargasllosa.org\/inicio\/index.php\/premio-periodismo-joven\/","og_site_name":"C\u00e1tedra Vargas Llosa","article_modified_time":"2026-04-30T18:42:45+00:00","og_image":[{"width":1216,"height":872,"url":"https:\/\/catedravargasllosa.org\/inicio\/wp-content\/uploads\/2024\/05\/img_premio-periodismo.webp","type":"image\/webp"}],"twitter_card":"summary_large_image","twitter_misc":{"Tiempo de lectura":"11 minutos"},"schema":{"@context":"https:\/\/schema.org","@graph":[{"@type":"WebPage","@id":"https:\/\/catedravargasllosa.org\/inicio\/index.php\/premio-periodismo-joven\/","url":"https:\/\/catedravargasllosa.org\/inicio\/index.php\/premio-periodismo-joven\/","name":"Premio de Periodismo Joven | C\u00e1tedra Vargas Llosa","isPartOf":{"@id":"https:\/\/catedravargasllosa.org\/inicio\/#website"},"primaryImageOfPage":{"@id":"https:\/\/catedravargasllosa.org\/inicio\/index.php\/premio-periodismo-joven\/#primaryimage"},"image":{"@id":"https:\/\/catedravargasllosa.org\/inicio\/index.php\/premio-periodismo-joven\/#primaryimage"},"thumbnailUrl":"https:\/\/catedravargasllosa.org\/inicio\/wp-content\/uploads\/2024\/05\/img_premio-periodismo.webp","datePublished":"2024-05-24T09:00:13+00:00","dateModified":"2026-04-30T18:42:45+00:00","description":"Atlas Network y la C\u00e1tedra Vargas Llosa se complacen en lanzar la convocatoria del Premio Periodismo Joven 2024 Carlos Alberto Montaner.","breadcrumb":{"@id":"https:\/\/catedravargasllosa.org\/inicio\/index.php\/premio-periodismo-joven\/#breadcrumb"},"inLanguage":"es","potentialAction":[{"@type":"ReadAction","target":["https:\/\/catedravargasllosa.org\/inicio\/index.php\/premio-periodismo-joven\/"]}]},{"@type":"ImageObject","inLanguage":"es","@id":"https:\/\/catedravargasllosa.org\/inicio\/index.php\/premio-periodismo-joven\/#primaryimage","url":"https:\/\/catedravargasllosa.org\/inicio\/wp-content\/uploads\/2024\/05\/img_premio-periodismo.webp","contentUrl":"https:\/\/catedravargasllosa.org\/inicio\/wp-content\/uploads\/2024\/05\/img_premio-periodismo.webp","width":1216,"height":872,"caption":"premio periodismo 2024"},{"@type":"BreadcrumbList","@id":"https:\/\/catedravargasllosa.org\/inicio\/index.php\/premio-periodismo-joven\/#breadcrumb","itemListElement":[{"@type":"ListItem","position":1,"name":"Portada","item":"https:\/\/catedravargasllosa.org\/inicio\/"},{"@type":"ListItem","position":2,"name":"Premio de Periodismo Joven"}]},{"@type":"WebSite","@id":"https:\/\/catedravargasllosa.org\/inicio\/#website","url":"https:\/\/catedravargasllosa.org\/inicio\/","name":"C\u00e1tedra Vargas Llosa","description":"Nuestro prop&oacute;sito es fomentar el estudio de la literatura contempor&aacute;nea","publisher":{"@id":"https:\/\/catedravargasllosa.org\/inicio\/#organization"},"potentialAction":[{"@type":"SearchAction","target":{"@type":"EntryPoint","urlTemplate":"https:\/\/catedravargasllosa.org\/inicio\/?s={search_term_string}"},"query-input":{"@type":"PropertyValueSpecification","valueRequired":true,"valueName":"search_term_string"}}],"inLanguage":"es"},{"@type":"Organization","@id":"https:\/\/catedravargasllosa.org\/inicio\/#organization","name":"C\u00e1tedra Vargas Llosa","url":"https:\/\/catedravargasllosa.org\/inicio\/","logo":{"@type":"ImageObject","inLanguage":"es","@id":"https:\/\/catedravargasllosa.org\/inicio\/#\/schema\/logo\/image\/","url":"https:\/\/catedravargasllosa.org\/inicio\/wp-content\/uploads\/2024\/05\/cropped-logo-vargas-llosa-1.png","contentUrl":"https:\/\/catedravargasllosa.org\/inicio\/wp-content\/uploads\/2024\/05\/cropped-logo-vargas-llosa-1.png","width":350,"height":100,"caption":"C\u00e1tedra Vargas Llosa"},"image":{"@id":"https:\/\/catedravargasllosa.org\/inicio\/#\/schema\/logo\/image\/"}}]}},"_links":{"self":[{"href":"https:\/\/catedravargasllosa.org\/inicio\/index.php\/wp-json\/wp\/v2\/pages\/103","targetHints":{"allow":["GET"]}}],"collection":[{"href":"https:\/\/catedravargasllosa.org\/inicio\/index.php\/wp-json\/wp\/v2\/pages"}],"about":[{"href":"https:\/\/catedravargasllosa.org\/inicio\/index.php\/wp-json\/wp\/v2\/types\/page"}],"author":[{"embeddable":true,"href":"https:\/\/catedravargasllosa.org\/inicio\/index.php\/wp-json\/wp\/v2\/users\/1"}],"replies":[{"embeddable":true,"href":"https:\/\/catedravargasllosa.org\/inicio\/index.php\/wp-json\/wp\/v2\/comments?post=103"}],"version-history":[{"count":159,"href":"https:\/\/catedravargasllosa.org\/inicio\/index.php\/wp-json\/wp\/v2\/pages\/103\/revisions"}],"predecessor-version":[{"id":4584,"href":"https:\/\/catedravargasllosa.org\/inicio\/index.php\/wp-json\/wp\/v2\/pages\/103\/revisions\/4584"}],"wp:featuredmedia":[{"embeddable":true,"href":"https:\/\/catedravargasllosa.org\/inicio\/index.php\/wp-json\/wp\/v2\/media\/106"}],"wp:attachment":[{"href":"https:\/\/catedravargasllosa.org\/inicio\/index.php\/wp-json\/wp\/v2\/media?parent=103"}],"curies":[{"name":"wp","href":"https:\/\/api.w.org\/{rel}","templated":true}]}}