{"version":"1.0","provider_name":"C\u00e1tedra Vargas Llosa","provider_url":"https:\/\/catedravargasllosa.org\/inicio","author_name":"admin","author_url":"https:\/\/catedravargasllosa.org\/inicio\/index.php\/author\/admin\/","title":"Premio de Relato Hist\u00f3rico \u00abEmilia Pardo Baz\u00e1n\u00bb - C\u00e1tedra Vargas Llosa","type":"rich","width":600,"height":338,"html":"<blockquote class=\"wp-embedded-content\" data-secret=\"HhH0Fn8ETZ\"><a href=\"https:\/\/catedravargasllosa.org\/inicio\/index.php\/todos-los-premios\/premio-de-relato-historico\/\">Premio de Relato Hist\u00f3rico \u00abEmilia Pardo Baz\u00e1n\u00bb<\/a><\/blockquote><iframe sandbox=\"allow-scripts\" security=\"restricted\" src=\"https:\/\/catedravargasllosa.org\/inicio\/index.php\/todos-los-premios\/premio-de-relato-historico\/embed\/#?secret=HhH0Fn8ETZ\" width=\"600\" height=\"338\" title=\"\u00abPremio de Relato Hist\u00f3rico \u00abEmilia Pardo Baz\u00e1n\u00bb\u00bb \u2014 C\u00e1tedra Vargas Llosa\" data-secret=\"HhH0Fn8ETZ\" frameborder=\"0\" marginwidth=\"0\" marginheight=\"0\" scrolling=\"no\" class=\"wp-embedded-content\"><\/iframe><script>\n\/*! This file is auto-generated *\/\n!function(d,l){\"use strict\";l.querySelector&&d.addEventListener&&\"undefined\"!=typeof URL&&(d.wp=d.wp||{},d.wp.receiveEmbedMessage||(d.wp.receiveEmbedMessage=function(e){var t=e.data;if((t||t.secret||t.message||t.value)&&!\/[^a-zA-Z0-9]\/.test(t.secret)){for(var s,r,n,a=l.querySelectorAll('iframe[data-secret=\"'+t.secret+'\"]'),o=l.querySelectorAll('blockquote[data-secret=\"'+t.secret+'\"]'),c=new RegExp(\"^https?:$\",\"i\"),i=0;i<o.length;i++)o[i].style.display=\"none\";for(i=0;i<a.length;i++)s=a[i],e.source===s.contentWindow&&(s.removeAttribute(\"style\"),\"height\"===t.message?(1e3<(r=parseInt(t.value,10))?r=1e3:~~r<200&&(r=200),s.height=r):\"link\"===t.message&&(r=new URL(s.getAttribute(\"src\")),n=new URL(t.value),c.test(n.protocol))&&n.host===r.host&&l.activeElement===s&&(d.top.location.href=t.value))}},d.addEventListener(\"message\",d.wp.receiveEmbedMessage,!1),l.addEventListener(\"DOMContentLoaded\",function(){for(var e,t,s=l.querySelectorAll(\"iframe.wp-embedded-content\"),r=0;r<s.length;r++)(t=(e=s[r]).getAttribute(\"data-secret\"))||(t=Math.random().toString(36).substring(2,12),e.src+=\"#?secret=\"+t,e.setAttribute(\"data-secret\",t)),e.contentWindow.postMessage({message:\"ready\",secret:t},\"*\")},!1)))}(window,document);\n\/\/# sourceURL=https:\/\/catedravargasllosa.org\/inicio\/wp-includes\/js\/wp-embed.min.js\n<\/script>\n","description":"Premio de Relato Hist\u00f3rico \u00abEmilia Pardo Baz\u00e1n\u00bb Madera de cedro, de la escritora espa\u00f1ola Beatriz Olivenza, fue elegido por unanimidad como el relato ganador del III Premio de Relato Hist\u00f3rico \u00abEmilia Pardo Baz\u00e1n\u00bb, convocado por la Real Asociaci\u00f3n de Hidalgos de Espa\u00f1a y la C\u00e1tedra Vargas Llosa. El jurado destac\u00f3 que la obra \u201chumaniza una [&hellip;]","thumbnail_url":"https:\/\/catedravargasllosa.org\/inicio\/wp-content\/uploads\/2024\/07\/hero-novela-inedita.webp","thumbnail_width":912,"thumbnail_height":654}